{"id":836,"date":"2016-08-19T12:06:48","date_gmt":"2016-08-19T10:06:48","guid":{"rendered":"http:\/\/editions-sillage.fr\/?page_id=836"},"modified":"2021-09-15T13:31:12","modified_gmt":"2021-09-15T11:31:12","slug":"joseph-conrad","status":"publish","type":"page","link":"https:\/\/editions-sillage.fr\/?page_id=836","title":{"rendered":"Joseph Conrad"},"content":{"rendered":"<blockquote>\n<p style=\"text-align: justify;\">Joseph Conrad aux \u00e9ditions Sillage :<\/p>\n<ul>\n<li><a href=\"https:\/\/editions-sillage.fr\/?p=3426\">\u00c0 cause des dollars<\/a><\/li>\n<li style=\"text-align: justify;\"><a href=\"http:\/\/editions-sillage.fr\/?p=620\">Des souvenirs<\/a><\/li>\n<li><a href=\"https:\/\/editions-sillage.fr\/?p=3294\">Falk<\/a><\/li>\n<li style=\"text-align: justify;\"><a href=\"http:\/\/editions-sillage.fr\/?p=456\">Gaspar Ruiz<\/a><\/li>\n<li style=\"text-align: justify;\"><a href=\"http:\/\/editions-sillage.fr\/?p=541\">Le Duel<\/a><\/li>\n<li style=\"text-align: justify;\"><a href=\"http:\/\/editions-sillage.fr\/?p=616\">Le Miroir de la mer<\/a><\/li>\n<\/ul>\n<\/blockquote>\n<p style=\"text-align: justify;\"><img loading=\"lazy\" decoding=\"async\" class=\"alignright size-full wp-image-837\" src=\"http:\/\/editions-sillage.fr\/wp-content\/uploads\/2016\/08\/conrad.jpg\" alt=\"conrad\" width=\"154\" height=\"216\" srcset=\"https:\/\/editions-sillage.fr\/wp-content\/uploads\/2016\/08\/conrad.jpg 154w, https:\/\/editions-sillage.fr\/wp-content\/uploads\/2016\/08\/conrad-107x150.jpg 107w\" sizes=\"auto, (max-width: 154px) 100vw, 154px\" \/><\/p>\n<p style=\"text-align: justify;\">1857 : Naissance de Jozef Teodor Konrad Korzeniowski, fils d\u2019Apollo Korzeniowski et d\u2019Ewelina Bobrowska, dans une partie de la Pologne occup\u00e9e par la Russie.<\/p>\n<p style=\"text-align: justify;\">1861 : Son p\u00e8re est arr\u00eat\u00e9 en raison de ses activit\u00e9s politiques\u00a0; toute la famille est condamn\u00e9e \u00e0 l\u2019exil en 1862.<\/p>\n<p style=\"text-align: justify;\">1865 : Sa m\u00e8re meurt, atteinte de tuberculose. Le p\u00e8re s\u2019occupe de l\u2019\u00e9ducation de son jeune fils, lui apprend le fran\u00e7ais et lui fait d\u00e9couvrir, dans ses propres traductions, Hugo, Shakespeare, et Dickens.<\/p>\n<p style=\"text-align: justify;\">1869 : Mort de son p\u00e8re\u00a0; son oncle Tadeusz Bobrowski sera d\u00e9sormais son principal soutien.<\/p>\n<p style=\"text-align: justify;\">1872\u00a0: Jozef d\u00e9clare vouloir devenir marin.<\/p>\n<p style=\"text-align: justify;\">1874 : Il se rend \u00e0 Marseille, et effectue son premier voyage, en Martinique, dans un bateau affr\u00e9t\u00e9 par la soci\u00e9t\u00e9 Delestang.<\/p>\n<p style=\"text-align: justify;\">1876 : Nouveau d\u00e9part vers les Antilles. Le second du navire lui inspirera le personnage de\u00a0<i>Nostromo<\/i>.<\/p>\n<p style=\"text-align: justify;\">1877 : Conrad, qui m\u00e8ne une vie de boh\u00e8me \u00e0 Marseille, contracte de fortes dettes de jeu et tente de se suicider.<\/p>\n<p style=\"text-align: justify;\">1878 : Il s\u2019engage dans la marine marchande anglaise. Cabotage sur les c\u00f4tes. Premier voyage en Australie.<\/p>\n<p style=\"text-align: justify;\">1880 : Brevet de lieutenant. Second voyage en\u00a0<i>Australie<\/i>.<\/p>\n<p style=\"text-align: justify;\">1881 : Voyage \u00e0 bord du Palestine, qui inspirera plus tard la nouvelle\u00a0<i>Jeunesse<\/i>.<\/p>\n<p style=\"text-align: justify;\">1882-1885 : Voyages \u00e0 Bangkok, Singapour, Madras et Calcutta. Il obtient son brevet de second.<\/p>\n<p style=\"text-align: justify;\">1886 : Il acquiert la nationalit\u00e9 britannique, et passe l\u2019examen de capitaine au long cours. Il \u00e9crit\u00a0<i>L\u2019Officier noir<\/i>, sa premi\u00e8re tentative litt\u00e9raire.<\/p>\n<p style=\"text-align: justify;\">1887 : Voyage \u00e0 Java. Blessure \u00e0 Singapour, transpos\u00e9e dans\u00a0<i>Lord Jim<\/i>. \u00c0 Born\u00e9o, rencontre avec William Lingard et Charles Olmeyer, dont il fera le h\u00e9ros de trois de ses romans,\u00a0<i>La Folie Almayer<\/i>,\u00a0<i>Un paria des \u00eeles<\/i>\u00a0et\u00a0<i>La Rescousse<\/i>.<\/p>\n<p style=\"text-align: justify;\">1889 : Apr\u00e8s avoir d\u00e9missionn\u00e9 de son poste \u00e0 Londres, il entreprend la r\u00e9daction de\u00a0<i>La Folie Almayer<\/i>.<\/p>\n<p style=\"text-align: justify;\">1890 : Il s\u00e9journe \u00e0 Varsovie aupr\u00e8s de son oncle, puis s\u2019embarque pour le Congo. Il tient son journal de bord en anglais. L\u2019exp\u00e9rience de ce voyage tr\u00e8s \u00e9prouvant servira de mat\u00e9riau lors de la r\u00e9daction d\u2019<i>Au c\u0153ur des t\u00e9n\u00e8bres<\/i>.<\/p>\n<p style=\"text-align: justify;\">1892 : Voyage en Australie \u00e0 bord du Torrens\u00a0; rencontre Galsworthy durant le retour vers Londres.<\/p>\n<p style=\"text-align: justify;\">1893 : S\u00e9jour en Ukraine. En d\u00e9cembre, \u00e0 Rouen, Conrad met un terme \u00e0 sa carri\u00e8re maritime.<\/p>\n<p style=\"text-align: justify;\">1894 : Mort de son oncle Tadeusz. Le 4 octobre\u00a0<i>La Folie Almayer<\/i>\u00a0est accept\u00e9 par l\u2019\u00e9diteur T. Fischer Unwin.<\/p>\n<p style=\"text-align: justify;\">1896 : Publication d\u2019<i>Un paria des \u00eeles<\/i>. Il \u00e9pouse Jessie Emeline George, une dactylographe \u00e2g\u00e9e d\u2019une vingtaine d\u2019ann\u00e9es, rencontr\u00e9e \u00e0 Londres quelques mois auparavant.<\/p>\n<p style=\"text-align: justify;\">1897 : Rencontre avec Henry James, Stephen Crane et Robert Graham\u00a0; ce dernier deviendra un ami fid\u00e8le. Publication du\u00a0<i>N\u00e8gre du \u00ab Narcisse \u00bb<\/i>.<\/p>\n<p style=\"text-align: justify;\">1898 : Naissance de son fils Borys. Publication d\u2019un recueil de nouvelles intitul\u00e9\u00a0<i>Histoires inqui\u00e8tes<\/i>.<\/p>\n<p style=\"text-align: justify;\">1899-1903 : Il publie successivement\u00a0<i>Au c\u0153ur des t\u00e9n\u00e8bres<\/i>,\u00a0<i>Lord Jim<\/i>,\u00a0<i>Nostromo<\/i>,\u00a0<i>Typhon et autres histoires<\/i>.<\/p>\n<p style=\"text-align: justify;\">1906 : Naissance de son fils John. Publie\u00a0<i>L\u2019Agent secret<\/i>\u00a0et\u00a0<i>Le Miroir de la mer<\/i>.<\/p>\n<p style=\"text-align: justify;\">1910 : Ach\u00e8ve\u00a0<i>Sous les yeux de l\u2019Occident<\/i>.<\/p>\n<p style=\"text-align: justify;\">1911 : Rencontre Gide et Larbaud par l\u2019interm\u00e9diaire de la jeune po\u00e9tesse et m\u00e9c\u00e8ne Agnes Tobin.<\/p>\n<p style=\"text-align: justify;\">1912 :\u00a0<i>Des souvenirs<\/i>.\u00a0<i>Entre terre et mer<\/i>, recueil de nouvelles.<\/p>\n<p style=\"text-align: justify;\">1913 : Publication de\u00a0<i>Fortune<\/i>, dont le succ\u00e8s lui permet de conna\u00eetre enfin l\u2019aisance. Se lie d\u2019amiti\u00e9 avec Bertrand Russell.<\/p>\n<p style=\"text-align: justify;\">1914 : Voyage en Pologne. Il est \u00e0 Cracovie au moment o\u00f9 la guerre \u00e9clate, et a de grandes difficult\u00e9s \u00e0 rentrer \u00e0 Londres.<\/p>\n<p style=\"text-align: justify;\">1917 :\u00a0<i>La Ligne d\u2019ombre<\/i>, r\u00e9cit autobiographique.<\/p>\n<p style=\"text-align: justify;\">1918 : Rencontre G. Jean-Aubry, qui dirige avec Gide la traduction de ses \u0153uvres en fran\u00e7ais \u00e0 la N. R. F.<\/p>\n<p style=\"text-align: justify;\">1919 : Ach\u00e8ve\u00a0<i>La Rescousse<\/i>, roman commenc\u00e9 en 1896<\/p>\n<p style=\"text-align: justify;\">1923 : Publication du roman\u00a0<i>Le Fr\u00e8re de la C\u00f4te<\/i>. Voyage aux \u00c9tats-Unis, o\u00f9 il re\u00e7oit un accueil triomphal.<\/p>\n<p style=\"text-align: justify;\">1924 : Joseph Conrad meurt le 3 ao\u00fbt d\u2019une crise cardiaque.<\/p>\n<hr \/>\n<h4 style=\"text-align: center;\"><a id=\"biblio\"><\/a>Bibliographie<\/h4>\n<p>&nbsp;<\/p>\n<div class=\"auteurtitre\" style=\"text-align: justify;\">\n<p style=\"text-align: justify;\"><strong>\u0152uvres de Conrad<\/strong><\/p>\n<\/div>\n<div class=\"textecourantjustif\" style=\"text-align: justify;\">\n<div class=\"textecourantjustif\">\n<p>L\u2019\u00e9dition anglaise de r\u00e9f\u00e9rence a \u00e9t\u00e9 publi\u00e9e, en 24 volumes, dans la\u00a0<i>Collected Edition<\/i>\u00a0de J. M. Dent &amp; Sons (Londres, 1946-1955).<br \/>\n<i>\u0152uvres<\/i>, publi\u00e9es sous la direction de Sylv\u00e8re Monod, (5 volumes), Biblioth\u00e8que de La Pl\u00e9iade, Gallimard, Paris, 1982-1992.<br \/>\n<i>Nouvelles compl\u00e8tes<\/i>, \u00e9dition \u00e9tablie et pr\u00e9sent\u00e9e par Jacques Darras, collection Quarto, Gallimard, Paris, 1993.<br \/>\nVoir aussi les \u0153uvres litt\u00e9raires de Conrad publi\u00e9es aux \u00c9ditions Autrement, dans la traduction d\u2019Odette Lamolle.<\/p>\n<\/div>\n<\/div>\n<div class=\"auteurtitre\" style=\"text-align: justify;\">\n<p><strong>Correspondance<\/strong><\/p>\n<\/div>\n<div class=\"textecourantjustif\" style=\"text-align: justify;\">\n<p>Depuis 1983 sont parus les 7 premiers volumes de la correspondance compl\u00e8te de Conrad (<i>The Collected Letters of Joseph Conrad<\/i>,\u00a0 Cambridge University Press).<\/p>\n<\/div>\n<div class=\"auteurtitre\" style=\"text-align: justify;\">\n<p><strong>Biographies<\/strong><\/p>\n<\/div>\n<div class=\"textecourantjustif\" style=\"text-align: justify;\">\n<div class=\"textecourantjustif\">\n<p>Jessie Conrad,\u00a0<i>Joseph Conrad as I knew Him<\/i>, W. Heinemann,\u00a0 Londres 1926.<br \/>\nGeorges Jean-Aubry,\u00a0<i>Vie de Conrad<\/i>, Gallimard, Paris, 1947.<br \/>\nJocelyn Baines,\u00a0<i>Joseph Conrad : A Critical Biography<\/i>, McGraw-Hill, New York, 1960.<br \/>\nBorys Conrad,\u00a0<i>My Father Joseph Conrad<\/i>, Coward-McCann, New York, 1970.<br \/>\nZdilasw Najder,\u00a0<i>Joseph Conrad : A Chronicle<\/i>, Cambridge University Press, Cambridge, 1983.<br \/>\nFrederick Robert Karl,\u00a0<i>Joseph Conrad : trois vies<\/i>, Fayard, Paris, 1987.<\/p>\n<\/div>\n<\/div>\n<div class=\"auteurtitre\" style=\"text-align: justify;\">\n<p><strong>Essais litt\u00e9raires<\/strong><\/p>\n<\/div>\n<div class=\"textecourantjustif\" style=\"text-align: justify;\">\n<p>Henry James,\u00a0<i>Notes on Novelists, with some other notes<\/i>, J. M. Dent &amp; Sons, Londres, 1914.<br \/>\n<i>Hommage \u00e0 Joseph Conrad, num\u00e9ro sp\u00e9cial de la Nouvelle Revue Fran\u00e7aise<\/i>\u00a0(comportant notamment des articles d\u2019Andr\u00e9 Gide, Paul Val\u00e9ry, Georges Jean-Aubry, John Galsworthy, Edmond Jaloux), 1er d\u00e9cembre 1924 (r\u00e9\u00e9dit\u00e9 en 1991).<br \/>\nVirginia Woolf,\u00a0<i>The Common Reader<\/i>, Hogarth Press, Londres, 1925.<\/p>\n<\/div>\n<div class=\"auteurtitre\" style=\"text-align: justify;\">\n<p><strong>\u00c9tudes critiques<\/strong><\/p>\n<\/div>\n<div class=\"textecourantjustif\" style=\"text-align: justify;\">\n<p>F. R. Leavis,\u00a0<i>The Great Tradition<\/i>, Cambridge University Press, Cambridge, 1948.<br \/>\nAlbert J. Guerard,\u00a0<i>Conrad the Novelist<\/i>, Harvard University Press, Cambridge, Mass., 1958.<br \/>\nElo\u00efse Knapp Hay,\u00a0<i>The Political Novels of Joseph Conrad<\/i>, University of Chicago, Chicago, 1963.<br \/>\nEdward Said,\u00a0<i>Joseph Conrad and the Fiction of Autobiography<\/i>, Harvard University Press, Cambridge, Mass., 1966.<br \/>\nAvrom Fleishman,\u00a0<i>Conrad\u2019s Politics : Community and Anarchy in the Fiction of Joseph Conrad<\/i>, Johns Hopkins Press, Baltimore, 1968.<br \/>\nJacques Darras,\u00a0<i>Conrad and the West : Signs of Empire<\/i>, MacMillan, Londres, 1983.<br \/>\nJean-Jacques Mayoux,\u00a0<i>Vivant Pilier. Le Roman anglo-saxon et les symboles<\/i>, Maurice Nadeau, Paris, 1985.<br \/>\nYves Hervouet,\u00a0<i>The French Face of Joseph Conrad<\/i>, Cambridge University Press, Cambridge, 1990.<br \/>\nWalter C. Putnam III,\u00a0<i>L\u2019Aventure litt\u00e9raire de Joseph Conrad et d\u2019Andr\u00e9 Gide<\/i>, Anima Libri, Saratoga, Californie, 1990.<br \/>\nJacques Darras,\u00a0<i>Conrad ou Le Veilleur de l\u2019Europe<\/i>, Marval, Paris, 1993.<br \/>\nRussell West,\u00a0<i>Conrad and Gide, Translation, Transference and Intertextuality<\/i>, Rodopi, Amsterdam, 1996.<\/p>\n<\/div>\n<div class=\"auteurtitre\" style=\"text-align: justify;\">\n<p><strong>Revues<\/strong><\/p>\n<\/div>\n<div class=\"textecourantjustif\" style=\"text-align: justify;\">\n<div class=\"textecourantjustif\">\n<p><i>L\u2019\u00c9poque Conradienne<\/i>, publi\u00e9e depuis 1974 par la Soci\u00e9t\u00e9 Conradienne Fran\u00e7aise, (Universit\u00e9 de Limoges).<br \/>\n<i>The Conradian<\/i>, publi\u00e9e depuis 1975 par la Joseph Conrad Society (Royaume-Uni).<br \/>\n<i>Conradiana<\/i>, publi\u00e9e depuis 1968 par la Texas Tech University (Lubbock, \u00c9tats-Unis).<\/p>\n<\/div>\n<\/div>\n<p style=\"text-align: justify;\"><strong>Liens<\/strong><\/p>\n<p style=\"text-align: justify;\"><span class=\"Apple-style-span\"><a href=\"http:\/\/www.josephconradsociety.org\/\" target=\"_blank\" rel=\"noopener\">Le site de la Joseph Conrad Society.<\/a><\/span><\/p>\n<p style=\"text-align: justify;\"><a href=\"http:\/\/www.conradfirst.net\/conrad\/home\" target=\"_blank\" rel=\"noopener\">Conrad First\u00a0: fac-simil\u00e9s des premi\u00e8res parutions en feuilleton des \u0153uvres de Conrad.<\/a><\/p>\n<p>&nbsp;<\/p>\n","protected":false},"excerpt":{"rendered":"<p>Joseph Conrad aux \u00e9ditions Sillage : \u00c0 cause des dollars Des souvenirs Falk Gaspar Ruiz Le Duel Le Miroir de la mer 1857 : Naissance de Jozef Teodor Konrad Korzeniowski, fils d\u2019Apollo Korzeniowski et d\u2019Ewelina Bobrowska, dans une partie de la Pologne occup\u00e9e par la Russie. 1861 : Son p\u00e8re est arr\u00eat\u00e9 en raison de [&hellip;]<\/p>\n","protected":false},"author":1,"featured_media":0,"parent":0,"menu_order":0,"comment_status":"closed","ping_status":"closed","template":"","meta":{"footnotes":""},"class_list":["post-836","page","type-page","status-publish","hentry"],"_links":{"self":[{"href":"https:\/\/editions-sillage.fr\/index.php?rest_route=\/wp\/v2\/pages\/836","targetHints":{"allow":["GET"]}}],"collection":[{"href":"https:\/\/editions-sillage.fr\/index.php?rest_route=\/wp\/v2\/pages"}],"about":[{"href":"https:\/\/editions-sillage.fr\/index.php?rest_route=\/wp\/v2\/types\/page"}],"author":[{"embeddable":true,"href":"https:\/\/editions-sillage.fr\/index.php?rest_route=\/wp\/v2\/users\/1"}],"replies":[{"embeddable":true,"href":"https:\/\/editions-sillage.fr\/index.php?rest_route=%2Fwp%2Fv2%2Fcomments&post=836"}],"version-history":[{"count":8,"href":"https:\/\/editions-sillage.fr\/index.php?rest_route=\/wp\/v2\/pages\/836\/revisions"}],"predecessor-version":[{"id":3432,"href":"https:\/\/editions-sillage.fr\/index.php?rest_route=\/wp\/v2\/pages\/836\/revisions\/3432"}],"wp:attachment":[{"href":"https:\/\/editions-sillage.fr\/index.php?rest_route=%2Fwp%2Fv2%2Fmedia&parent=836"}],"curies":[{"name":"wp","href":"https:\/\/api.w.org\/{rel}","templated":true}]}}