{"id":813,"date":"2016-08-19T10:37:51","date_gmt":"2016-08-19T08:37:51","guid":{"rendered":"http:\/\/editions-sillage.fr\/?page_id=813"},"modified":"2017-07-20T18:13:03","modified_gmt":"2017-07-20T16:13:03","slug":"ricardo-guiraldes","status":"publish","type":"page","link":"https:\/\/editions-sillage.fr\/?page_id=813","title":{"rendered":"Ricardo G\u00fciraldes"},"content":{"rendered":"<blockquote>\n<p style=\"text-align: justify;\">Ricardo G\u00fciraldes aux \u00e9ditions Sillage :<\/p>\n<ul>\n<li style=\"text-align: justify;\"><a href=\"http:\/\/editions-sillage.fr\/?p=602\"><em>Don Segundo Sombra<\/em><\/a><\/li>\n<\/ul>\n<\/blockquote>\n<p style=\"text-align: justify;\"><img loading=\"lazy\" decoding=\"async\" class=\"alignright size-full wp-image-814\" src=\"http:\/\/editions-sillage.fr\/wp-content\/uploads\/2016\/08\/guiraldes-1.jpg\" alt=\"guiraldes\" width=\"154\" height=\"212\" srcset=\"https:\/\/editions-sillage.fr\/wp-content\/uploads\/2016\/08\/guiraldes-1.jpg 154w, https:\/\/editions-sillage.fr\/wp-content\/uploads\/2016\/08\/guiraldes-1-109x150.jpg 109w\" sizes=\"auto, (max-width: 154px) 100vw, 154px\" \/>1886\u00a0: Naissance de Ricardo G\u00fciraldes le 13 f\u00e9vrier. Il est le second fils d\u2019une famille de grands propri\u00e9taires terriens. Son p\u00e8re, Manuel G\u00fciraldes, est un homme de grande culture et un amateur d\u2019art, go\u00fbt qu\u2019il transmettra \u00e0 Ricardo, qui toute sa vie peindra et dessinera.<\/p>\n<p style=\"text-align: justify;\">1887-1890\u00a0: La famille G\u00fciraldes quitte l\u2019Argentine pour s\u2019installer \u00e0 Paris, o\u00f9 Ricardo pourra apprendre tr\u00e8s jeune, outre l\u2019espagnol, l\u2019allemand et le fran\u00e7ais. Son go\u00fbt pour le fran\u00e7ais marquera profond\u00e9ment son style et ses pr\u00e9f\u00e9rences litt\u00e9raires.<\/p>\n<p style=\"text-align: justify;\">1891-1902\u00a0: Il passe son enfance et sa jeunesse entre San Antonio de Areco, o\u00f9 se trouve l\u2019<i>estancia<\/i>\u00a0familiale, baptis\u00e9e La Porte\u00f1a, et Buenos Aires. C\u2019est \u00e0 San Antonio qu\u2019il entre en contact avec la vie campagnarde et l\u2019univers des gauchos qui alimenteront plus tard la gen\u00e8se et l\u2019\u00e9criture de <em>Raucho<\/em> et de <em>Don Segundo Sombra<\/em>. C\u2019est \u00e9galement \u00e0 San Antonio qu\u2019il rencontre Segundo Ramirez, personnage qui inspirera la figure de Don Segundo Sombra. Un pr\u00e9cepteur mexicain encourage ses aspirations litt\u00e9raires\u00a0; il \u00e9tudie dans plusieurs institutions jusqu\u2019\u00e0 l\u2019obtention de son baccalaur\u00e9at en 1902.<\/p>\n<p style=\"text-align: justify;\">1903-1910\u00a0: Il se consacre sans conviction \u00e0 ses \u00e9tudes, tout d\u2019abord d\u2019architecture puis de droit, et il s\u2019essaye sans succ\u00e8s \u00e0 diverses professions.<\/p>\n<p style=\"text-align: justify;\">1910\u00a0: Il part pour l\u2019Europe et visite le Japon, la Russie, l\u2019Inde, le Proche-Orient et l\u2019Espagne avant de s\u2019installer \u00e0 Paris avec le sculpteur Alberto Lagos, \u00e0 qui il d\u00e9diera son roman\u00a0<i>Xaimaca<\/i>. Il y m\u00e8ne une vie oisive et effectue ses premi\u00e8res tentatives litt\u00e9raires.<\/p>\n<p style=\"text-align: justify;\">1912-1915\u00a0: Retour \u00e0 Buenos Aires, o\u00f9 il \u00e9pouse Adelina del Carril en 1913. Il publie plusieurs de ses contes dans la revue\u00a0<i>Caras y Caretas<\/i>, repris en recueil dans\u00a0<i>Cuentos de muerte y de sangre<\/i>\u00a0en 1915. La m\u00eame ann\u00e9e para\u00eet un premier recueil de po\u00e8mes,\u00a0<i>El cencerro de cristal<\/i>, o\u00f9 se d\u00e9c\u00e8lent les influences de Tristan Corbi\u00e8re, Charles Cros et de son ami Leopold Lugones. L\u2019accueil de la critique argentine est particuli\u00e8rement hostile.<\/p>\n<p style=\"text-align: justify;\">1916\u00a0: G\u00fciraldes et son \u00e9pouse voyagent sur la c\u00f4te Pacifique de l\u2019Am\u00e9rique latine puis visitent la Jama\u00efque et Cuba. Les notes qu\u2019il prend durant ce voyage lui seront utiles lors de la r\u00e9daction de son roman\u00a0<i>Xaimaca<\/i>.<\/p>\n<p style=\"text-align: justify;\">1917-1918\u00a0: Publication de son premier roman,\u00a0<i>Raucho<\/i>\u00a0(1917) et d\u2019une nouvelle, intitul\u00e9e\u00a0<i>Un idilio de Estaci\u00f3n<\/i>\u00a0(1918) puis rebaptis\u00e9e\u00a0<i>Rosaura<\/i>\u00a0en 1922.<\/p>\n<p style=\"text-align: justify;\">1919-1923\u00a0: P\u00e9riode charni\u00e8re dans la vie de G\u00fciraldes, qui effectue avec Adelina un nouveau voyage \u00e0 Paris, o\u00f9 d\u00e9bute son amiti\u00e9 avec Valery Larbaud, qui l\u2019introduit dans les milieux litt\u00e9raires fran\u00e7ais, lui faisant notamment d\u00e9couvrir la librairie d\u2019Adrienne Monnier (G\u00fciraldes donnera, en hommage \u00e0 Larbaud, le nom de Valerio Lares \u00e0 un personnage de <em>Don Segundo Sombra<\/em>). C\u2019est lors de ce s\u00e9jour \u00e0 Paris qu\u2019il ach\u00e8ve\u00a0<i>Xaimaca<\/i>\u00a0et qu\u2019il \u00e9crit les dix premiers chapitres de\u00a0<i>Don Segundo Sombra<\/i>. De retour en Argentine, il fait para\u00eetre la version d\u00e9finitive de\u00a0<i>Rosaura<\/i>, puis\u00a0<i>Xaimaca<\/i>\u00a0en 1923, avec plus de succ\u00e8s que ses publications pr\u00e9c\u00e9dentes. Il travaille \u00e9galement \u00e0 la r\u00e9daction de ses\u00a0<i>Po\u00e8mes solitaires<\/i>\u00a0et de ses\u00a0<i>Po\u00e8mes mystiques<\/i>.<\/p>\n<p style=\"text-align: justify;\">1924-1926\u00a0: Il se lie avec Jorge Luis Borges\u00a0; associ\u00e9s, entre autres, \u00e0 Brand\u00e1n Caraffa et Pablo Rojas Paz, ils cr\u00e9ent la revue\u00a0<i>Proa<\/i>, qui dispara\u00eetra en 1926. La m\u00eame ann\u00e9e, G\u00fciraldes termine et publie\u00a0<i>Don Segundo Sombra<\/i>, pour lequel la critique et le public s\u2019enthousiasment tr\u00e8s vite.<\/p>\n<p style=\"text-align: justify;\">1927\u00a0: G\u00fciraldes effectue son dernier voyage en France. Atteint de la maladie de Hodgkin, il r\u00e9side \u00e0 Arcachon, puis est transport\u00e9 en ambulance \u00e0 Paris, o\u00f9 il meurt, chez un de ses amis, Alfredo Gonzalez Garano.<\/p>\n<p style=\"text-align: justify;\">Son corps est transport\u00e9 \u00e0 Buenos Aires pour \u00eatre enterr\u00e9 \u00e0 San Antonio de Areco, non loin de la tombe de Segundo Ramirez.<\/p>\n<hr \/>\n<h4 style=\"text-align: center;\"><a id=\"biblio\"><\/a>Bibliographie<\/h4>\n<p>&nbsp;<\/p>\n<div class=\"auteurtitre\">\n<p style=\"text-align: justify;\"><strong>\u0152uvres en espagnol<\/strong><\/p>\n<\/div>\n<div class=\"textecourantjustif\" style=\"text-align: justify;\">\n<p><i>Obras completas<\/i>, Francisco Luis Bern\u00e1rdez \u00e9d., Buenos Aires, Emec\u00e9 Editores, 3e \u00e9d., 1985.<\/p>\n<p>La premi\u00e8re \u00e9dition de Don Segundo Sombra a paru aux \u00e9ditions de la revue\u00a0<i>Proa<\/i>\u00a0en 1926 \u00e0 Buenos Aires.<\/p>\n<\/div>\n<div class=\"auteurtitre\" style=\"text-align: justify;\">\n<p><strong>\u0152uvres en fran\u00e7ais<\/strong><\/p>\n<\/div>\n<div class=\"textecourantjustif\" style=\"text-align: justify;\">\n<p><i>Xaimaca<\/i>\u00a0(extraits), traduction de Francis de Miomandre, pr\u00e9sentation par Valery Larbaud, Revue europ\u00e9enne, n\u00b0 27, 1er mai 1925.<br \/>\n <i>Rosaura<\/i>, traduction de Mercedes Legrand, pr\u00e9sentation par Valery Larbaud, Revue de Gen\u00e8ve, t. I et II, avril et mai 1928.<br \/>\n <i>Po\u00e8mes solitaires<\/i>, traduction de Valery Larbaud,\u00a0<i>Commerce<\/i>, cahier XV, printemps 1928.<br \/>\n <i>Po\u00e8mes mystiques<\/i>, traduction et introduction de Valery Larbaud,\u00a0<i>Le Roseau d\u2019or, \u0153uvres et chroniques<\/i>, n\u00b0 6, 1928.<br \/>\n <i>Don Segundo Sombra<\/i>, traduction de Marcelle Auclair, revue par Jules Supervielle et Jean Pr\u00e9vost, Paris, Gallimard, 1932.<\/p>\n<\/div>\n<div class=\"auteurtitre\" style=\"text-align: justify;\">\n<p><strong>Biographies et ouvrages critiques<\/strong><\/p>\n<\/div>\n<div class=\"textecourantjustif\" style=\"text-align: justify;\">\n<p>Larbaud, Valery, \u00ab\u00a0Ricardo G\u00fciraldes\u00a0\u00bb, article paru dans la\u00a0<i>Nouvelle Revue Fran\u00e7aise<\/i>, Paris, 1er janvier 1928, (repris dans Larbaud, Valery,\u00a0<i>Du navire d\u2019argent (chroniques)<\/i>, Paris, Gallimard, 2003).<br \/>\n Collantes de Ter\u00e1n, Juan,\u00a0<i>Las Novelas de Ricardo G\u00fciraldes<\/i>, Sevilla, G. E. H. A., 1959.<br \/>\n Ara, Guillermo,\u00a0<i>Ricardo G\u00fciraldes<\/i>, Buenos Aires, Editorial La Mandr\u00e1gora, 1961.<br \/>\n Previtali, Giovanni,\u00a0<i>Ricardo G\u00fciraldes and Don Segundo Sombra\u00a0; life and works<\/i>, avant-propos de Adelina del Carril de G\u00fciraldes, pr\u00e9face de Jorge Luis Borges, New York, Hispanic Institute in the United States, 1963.<br \/>\n Ghiano, Juan Carlos,\u00a0<i>Ricardo G\u00fciraldes<\/i>, Buenos Aires, Editorial Pleamar, 1966.<br \/>\n Bordelois, Ivonne,\u00a0<i>Genio y figura de Ricardo G\u00fciraldes<\/i>, Buenos Aires, Editorial Universitaria de Buenos Aires, 1966.<br \/>\n Castelli Eugenio, Barufaldi Rogelio,\u00a0<i>Estructura m\u00edtica e interioridad en \u201cDon Segundo Sombra\u201d<\/i>, Santa Fe, Libreria y Editorial Colmegna, 1968.<br \/>\n Blasi, Alberto,\u00a0<i>G\u00fciraldes y Larbaud\u00a0; una amistad creadora<\/i>, Buenos Aires, Editorial Nova, 1970.<br \/>\n Curet de De Anda, Miriam,\u00a0<i>El sistema expresivo de Ricardo G\u00fciraldes<\/i>, R\u00edo Piedras, Editorial Universitaria de Puerto Rico, 1976.<br \/>\n Megenney, William W. (\u00e9d.),\u00a0<i>Four essays on Ricardo G\u00fciraldes (1886-1927)<\/i>, Riverside, CA, University of California, 1977.<br \/>\n Chiappini, Julio O.,\u00a0<i>Borges y Ricardo G\u00fciraldes<\/i>, Rosario, Prov. Santa Fe, Zeus Editora, 1994.<br \/>\n Peris Llorca, Jes\u00fas,\u00a0<i>La Construcci\u00f3n de un imaginario nacional\u00a0: don Segundo Sombra y la tradici\u00f3n gauchesca<\/i>, pr\u00e9sentation de Sonia Mattal\u00eda, Valencia, Universidad de Valencia, 1997.<br \/>\n Bordelois, Ivonne,\u00a0<i>Un tri\u00e1ngulo crucial\u00a0: Borges, G\u00fciraldes y Lugones<\/i>, Buenos Aires, Eudeba, 1999.<br \/>\n Michelsen, Jytte,\u00a0<i>Ricardo G\u00fciraldes\u00a0: un poeta del viaje<\/i>, Madrid, Editorial Verbum, 2005.<\/p>\n<p><strong>Liens<\/strong><\/p>\n<\/div>\n<p style=\"text-align: justify;\"><span class=\"Apple-style-span\"><a href=\"http:\/\/www.cervantesvirtual.com\/FichaAutor.html?Ref=65&amp;portal=24\" target=\"_blank\" rel=\"noopener\">\u0152uvres de G\u00fciraldes au format num\u00e9rique.<\/a><\/span><\/p>\n","protected":false},"excerpt":{"rendered":"<p>Ricardo G\u00fciraldes aux \u00e9ditions Sillage : Don Segundo Sombra 1886\u00a0: Naissance de Ricardo G\u00fciraldes le 13 f\u00e9vrier. Il est le second fils d\u2019une famille de grands propri\u00e9taires terriens. Son p\u00e8re, Manuel G\u00fciraldes, est un homme de grande culture et un amateur d\u2019art, go\u00fbt qu\u2019il transmettra \u00e0 Ricardo, qui toute sa vie peindra et dessinera. 1887-1890\u00a0: [&hellip;]<\/p>\n","protected":false},"author":1,"featured_media":0,"parent":0,"menu_order":0,"comment_status":"closed","ping_status":"closed","template":"","meta":{"footnotes":""},"class_list":["post-813","page","type-page","status-publish","hentry"],"_links":{"self":[{"href":"https:\/\/editions-sillage.fr\/index.php?rest_route=\/wp\/v2\/pages\/813","targetHints":{"allow":["GET"]}}],"collection":[{"href":"https:\/\/editions-sillage.fr\/index.php?rest_route=\/wp\/v2\/pages"}],"about":[{"href":"https:\/\/editions-sillage.fr\/index.php?rest_route=\/wp\/v2\/types\/page"}],"author":[{"embeddable":true,"href":"https:\/\/editions-sillage.fr\/index.php?rest_route=\/wp\/v2\/users\/1"}],"replies":[{"embeddable":true,"href":"https:\/\/editions-sillage.fr\/index.php?rest_route=%2Fwp%2Fv2%2Fcomments&post=813"}],"version-history":[{"count":3,"href":"https:\/\/editions-sillage.fr\/index.php?rest_route=\/wp\/v2\/pages\/813\/revisions"}],"predecessor-version":[{"id":1839,"href":"https:\/\/editions-sillage.fr\/index.php?rest_route=\/wp\/v2\/pages\/813\/revisions\/1839"}],"wp:attachment":[{"href":"https:\/\/editions-sillage.fr\/index.php?rest_route=%2Fwp%2Fv2%2Fmedia&parent=813"}],"curies":[{"name":"wp","href":"https:\/\/api.w.org\/{rel}","templated":true}]}}