{"id":793,"date":"2016-08-18T17:12:45","date_gmt":"2016-08-18T15:12:45","guid":{"rendered":"http:\/\/editions-sillage.fr\/?page_id=793"},"modified":"2017-07-20T18:12:35","modified_gmt":"2017-07-20T16:12:35","slug":"ramon-del-valle-inclan","status":"publish","type":"page","link":"https:\/\/editions-sillage.fr\/?page_id=793","title":{"rendered":"Ram\u00f3n del Valle-Incl\u00e1n"},"content":{"rendered":"<div class=\"textecourantjustif\">\n<blockquote>\n<p style=\"text-align: justify;\">Ram\u00f3n del Valle-Incl\u00e1n aux \u00e9ditions Sillage :<\/p>\n<ul>\n<li style=\"text-align: justify;\"><a href=\"http:\/\/editions-sillage.fr\/?p=588\"><em>La Guerre carliste<\/em><\/a><\/li>\n<\/ul>\n<\/blockquote>\n<p style=\"text-align: justify;\"><img loading=\"lazy\" decoding=\"async\" class=\"alignright size-full wp-image-794\" src=\"http:\/\/editions-sillage.fr\/wp-content\/uploads\/2016\/08\/valleinclan-1.jpg\" alt=\"valleinclan\" width=\"154\" height=\"228\" srcset=\"https:\/\/editions-sillage.fr\/wp-content\/uploads\/2016\/08\/valleinclan-1.jpg 154w, https:\/\/editions-sillage.fr\/wp-content\/uploads\/2016\/08\/valleinclan-1-101x150.jpg 101w\" sizes=\"auto, (max-width: 154px) 100vw, 154px\" \/>28 octobre 1866\u00a0: Naissance de Ram\u00f3n Jos\u00e9 Sim\u00f3n Valle Pe\u00f1a, \u00e0 Villanueva de Arosa, dans la province de Pontevedra, en Galice. Le pays de son enfance laissera une empreinte profonde sur son \u0153uvre. Ses parents sont issus de la noblesse locale\u00a0; son p\u00e8re est un lib\u00e9ral.<\/p>\n<p style=\"text-align: justify;\">1877-1885\u00a0: \u00c9tudes secondaires \u00e0 Pontevedra.<\/p>\n<p style=\"text-align: justify;\">1885\u00a0: Part \u00e9tudier le droit \u00e0 l\u2019Universit\u00e9 de Saint-Jacques-de-Compostelle.<\/p>\n<p style=\"text-align: justify;\">1890\u00a0: Mort de son p\u00e8re, dont il empruntera une partie du patronyme pour signer ses \u0153uvres du nom de Ram\u00f3n Mar\u00eda del Valle-Incl\u00e1n. Il met fin \u00e0 une tr\u00e8s br\u00e8ve carri\u00e8re d\u2019avocat, impos\u00e9e par la volont\u00e9 paternelle, et retourne \u00e0 Pontevedra.<\/p>\n<p style=\"text-align: justify;\">1892\u00a0: Premier voyage au Mexique, o\u00f9 il reste pr\u00e8s d\u2019un an, publiant des chroniques dans un journal de la capitale.<\/p>\n<p style=\"text-align: justify;\">1894\u00a0: Publication de <i>Femeninas<\/i>, son premier ouvrage, recueil de nouvelles \u00e0 la tonalit\u00e9 galante. L\u2019auteur subit alors l\u2019influence de Maupassant, Bourget, Barbey d\u2019Aurevilly et D\u2019Annunzio. Ce recueil ne conna\u00eet qu\u2019un succ\u00e8s local et sera exclu par l\u2019auteur de ses \u0153uvres compl\u00e8tes.<\/p>\n<p style=\"text-align: justify;\">1895\u00a0: Ram\u00f3n Mar\u00eda del Valle-Incl\u00e1n s\u2019installe \u00e0 Madrid. Il se cr\u00e9e rapidement une l\u00e9gende, arborant b\u00e9sicles, barbe et cheveux longs. Son insolence et sa verve feront de lui une des figures marquantes de la boh\u00e8me litt\u00e9raire espagnole de la \u00ab\u00a0g\u00e9n\u00e9ration de 98\u00a0\u00bb.<\/p>\n<p style=\"text-align: justify;\">1897\u00a0: Publie <i>Epitalamio<\/i>, court r\u00e9cit d\u2019une inspiration semblable \u00e0 celle de <i>Femeninas<\/i> et que l\u2019auteur d\u00e9savouera \u00e9galement.<\/p>\n<p style=\"text-align: justify;\">1899\u00a0: Lors d\u2019une rixe dans un caf\u00e9, Valle-Incl\u00e1n est bless\u00e9 d\u2019un coup de parapluie par le journaliste Manuel Bueno. La blessure s\u2019infectant, l\u2019auteur perd son bras gauche \u2013 le parall\u00e8le avec Cervant\u00e8s, manchot suite \u00e0 la bataille de L\u00e9pante, ne manquera pas d\u2019\u00eatre \u00e9tabli. Valle-Incl\u00e1n s\u2019amusera longtemps \u00e0 donner de nombreuses explications, toutes aussi fantaisistes les unes que les autres, \u00e0 la perte de son bras.<\/p>\n<p style=\"text-align: justify;\">1901\u00a0: Entame une collaboration au suppl\u00e9ment litt\u00e9raire d\u2019<i>El Imparcial<\/i>, grand quotidien national.<\/p>\n<p style=\"text-align: justify;\">1902-1905\u00a0: Publication de ses <i>Sonatas<\/i>, qui rencontrent le succ\u00e8s et sont consid\u00e9r\u00e9es comme un monument de la prose moderniste. Ces quatre \u00ab\u00a0sonates\u00a0\u00bb sont pr\u00e9sent\u00e9es comme les m\u00e9moires imaginaires du marquis de Bradom\u00edn, \u00ab\u00a0un don Juan admirable, laid, catholique et sentimental\u00a0\u00bb. Le personnage, grande figure de l\u2019\u0153uvre de l\u2019auteur, appara\u00eetra \u00e0 nouveau dans <i>Jard\u00edn umbr\u00edo<\/i> ainsi que dans <i>La Guerra carlista<\/i>.<\/p>\n<p style=\"text-align: justify;\">1903\u00a0: <i>Jard\u00edn umbr\u00edo<\/i> (<i>Jardin ombreux<\/i>), contes galiciens.<\/p>\n<p style=\"text-align: justify;\">1904\u00a0: <i>Flor de santidad<\/i> (<i>Fleur de saintet\u00e9<\/i>), court roman.<\/p>\n<p style=\"text-align: justify;\">1907\u00a0: \u00c9pouse l\u2019actrice Josefina Blanco. Publie un recueil de po\u00e8mes, <i>Aromas de leyenda<\/i>, et sa com\u00e9die <i>El Marqu\u00e8s de Bradom\u00edn<\/i> (<i>Le Marquis de Bradom\u00edn<\/i>). Parution \u00e9galement de la premi\u00e8re des <i>Comedias b\u00e1rbaras<\/i> (<i>Com\u00e9dies barbares<\/i>)\u00a0: <i>\u00c1guila de bl\u00e1son<\/i>. Il y ajoutera <i>Romance de lobos<\/i> l\u2019ann\u00e9e suivante, puis <i>Cara de Plata<\/i> en 1922. Ces \u0153uvres marquent l\u2019apparition des personnages de Don Juan Manuel Montenegro et Cara de Plata.<\/p>\n<p style=\"text-align: justify;\">1908\u00a0: Naissance de son premier enfant. Le couple aura, en quinze ans, trois filles et trois gar\u00e7ons. Parution du premier volume de <i>La Guerra carlista<\/i> (<i>La Guerre carliste<\/i>), <i>Los Cruzados de la Causa<\/i> (<i>Les Crois\u00e9s du Roi<\/i>). Les deux suivants, <i>El Resplandor de la hoguera<\/i> (<i>La Lueur du brasier<\/i>) et <i>Gerifaltes de anta\u00f1o<\/i> (<i>Comme un vol de gerfauts\u2026<\/i>) paraissent en 1909.<\/p>\n<p style=\"text-align: justify;\">1910\u00a0: Des rumeurs laissent entendre que Valle-Incl\u00e1n pourrait se pr\u00e9senter aux \u00e9lections l\u00e9gislatives, dans les rangs des carlistes, dont il est proche, \u00e9tant fortement critique \u00e0 l\u2019\u00e9gard de la monarchie constitutionnelle et de la Restauration. Voyage en Am\u00e9rique du Sud avec la compagnie th\u00e9\u00e2trale de Guerrero Mendoza, dont il est directeur artistique. \u00c0 partir de cette date, l\u2019\u0153uvre de Valle-Incl\u00e1n laissera une tr\u00e8s large place au th\u00e9\u00e2tre.<\/p>\n<p style=\"text-align: justify;\">1916\u00a0: \u00c0 l\u2019invitation du gouvernement fran\u00e7ais, il visite le front et \u00e9crit des chroniques de guerre.<\/p>\n<p style=\"text-align: justify;\">1917\u00a0: Nomm\u00e9 \u00e0 la chaire d\u2019esth\u00e9tique de l\u2019\u00c9cole des Beaux-arts de Madrid, il d\u00e9missionne au bout de quelques jours.<\/p>\n<p style=\"text-align: justify;\">1919\u00a0: Deuxi\u00e8me recueil de po\u00e8mes\u00a0: <i>La Pipa de kif<\/i>.<\/p>\n<p style=\"text-align: justify;\">1920\u00a0: Troisi\u00e8me recueil de po\u00e8mes\u00a0: <i>El Pasajero<\/i>. Publication en revue de la pi\u00e8ce <i>Luces de bohemia<\/i> (<i>Lumi\u00e8res de boh\u00e8me<\/i>), qui marque l\u2019apparition d\u2019une nouvelle mani\u00e8re chez l\u2019auteur, celle de l\u2019<i>esperpento<\/i> (en espagnol\u00a0: \u00ab\u00a0\u00e9pouvantail\u00a0\u00bb ou \u00ab\u00a0repoussoir\u00a0\u00bb), marqu\u00e9 par une vision grotesque et caricaturale de la r\u00e9alit\u00e9.<\/p>\n<p style=\"text-align: justify;\">1921\u00a0: Nouveau voyage au Mexique. Il assiste, aux c\u00f4t\u00e9s du pr\u00e9sident, aux f\u00eates comm\u00e9morant la r\u00e9volution, prononce des conf\u00e9rences et affiche des opinions anticolonialistes marqu\u00e9es.<\/p>\n<p style=\"text-align: justify;\">1923\u00a0: Le g\u00e9n\u00e9ral Primo de Rivera s\u2019installe au pouvoir.<\/p>\n<p style=\"text-align: justify;\">1926\u00a0: Publication de <i>Tirano Banderas<\/i>, roman dressant le portrait de Santos Banderas, dictateur fictif. Il s\u2019agit du premier portrait litt\u00e9raire d\u2019un dictateur sud-am\u00e9ricain.<\/p>\n<p style=\"text-align: justify;\">1927\u00a0: Publication de <i>La Corte de los milagros<\/i> (<i>La Cour des miracles<\/i>), premier volume de la trilogie d\u2019<i>El Ruedo ib\u00e9rico <\/i>(<i>La Tour ib\u00e9rique<\/i>), le deuxi\u00e8me, <i>Viva mi due\u00f1o<\/i> (<i>Vive mon ma\u00eetre<\/i>), paraissant l\u2019ann\u00e9e suivante et le troisi\u00e8me (<i>Baza de espadas<\/i>, inachev\u00e9) ne paraissant qu\u2019\u00e0 titre posthume en 1958. Ce grand cycle romanesque, qui devait comprendre trois trilogies et couvrir la p\u00e9riode allant de la r\u00e9volution de 1868 \u00e0 la restauration des Bourbons, restera inachev\u00e9, probl\u00e8mes de sant\u00e9 et situation financi\u00e8re difficile emp\u00eachant l\u2019auteur de poursuivre au-del\u00e0 des trois premiers romans.<\/p>\n<p style=\"text-align: justify;\">1929\u00a0: L\u2019opposition de Valle-Incl\u00e1n \u00e0 la dictature de Primo de Rivera lui vaut d\u2019\u00eatre arr\u00eat\u00e9.<\/p>\n<p style=\"text-align: justify;\">1930\u00a0: <i>Martes de Carnaval<\/i>, recueil de trois farces dont les h\u00e9ros sont des officiers sup\u00e9rieurs.<\/p>\n<p style=\"text-align: justify;\">1931\u00a0: Valle-Incl\u00e1n se pr\u00e9sente aux \u00e9lections l\u00e9gislatives, sur les listes du parti r\u00e9publicain.<\/p>\n<p style=\"text-align: justify;\">1933\u00a0: Nomm\u00e9 directeur de l\u2019Acad\u00e9mie espagnole des Beaux-Arts, \u00e0 Rome.<\/p>\n<p style=\"text-align: justify;\">1935\u00a0: Il rentre en Galice pour raisons de sant\u00e9.<\/p>\n<p style=\"text-align: justify;\">1936\u00a0: Il meurt \u00e0 Saint-Jacques-de-Compostelle le 5 janvier.<\/p>\n<hr \/>\n<div class=\"textecourantjustif\" style=\"text-align: justify;\">\n<h3 style=\"text-align: center;\"><a id=\"biblio\"><\/a>Rep\u00e8res bibliographiques<\/h3>\n<p>&nbsp;<\/p>\n<p>Les trois romans de <i>La Guerra carlista<\/i> furent publi\u00e9s en feuilleton dans le journal lib\u00e9ral <i>El Mundo<\/i> au cours des ann\u00e9es 1908-1909, avant de para\u00eetre chacun en volume. <i>Los Cruzados de la Causa<\/i> (<i>Les Crois\u00e9s du Roi<\/i>) parut en 1908 \u00e0 Madrid, chez Balga\u00f1on y Moreno, El <i>Resplandor de la hoguera<\/i> (<i>La Lueur du brasier<\/i>) et <i>Gerifaltes de anta\u00f1o<\/i> (<i>Comme un vol de gerfauts\u2026<\/i>) en 1909, \u00e0 Madrid \u00e9galement, chez Primitivo Fern\u00e1ndez.<\/p>\n<p>La trilogie figure dans le deuxi\u00e8me volume des <i>Obras completas<\/i>.<\/p>\n<\/div>\n<div class=\"auteurtitre\" style=\"text-align: justify;\">\n<p><strong>\u0152uvres en espagnol<\/strong><\/p>\n<\/div>\n<div class=\"textecourantjustif\" style=\"text-align: justify;\">\n<p><i>Opera omnia<\/i>, Madrid, 1913-1930, 22 vol. Entreprise du vivant de l\u2019auteur, cette \u00e9dition resta incompl\u00e8te. Elle parut chez divers \u00e9diteurs\u00a0: Perlado, P\u00e1ez y C\u00eda, SGEL, Renacimiento, Rivadeneyra, Compan\u00eda Ibero-Americana de Publicaciones, etc. L\u2019\u00e9diteur R\u00faa Nova la reprit en int\u00e9gralit\u00e9 sous le titre\u00a0: <i>Opera omnia<\/i>, Madrid, 1941-1943, 24 vol.<\/p>\n<p><i>Obras completas<\/i>, Madrid, Editorial Plenitud, 1944, 2 vol. (3e \u00e9d., 1954).<\/p>\n<\/div>\n<div class=\"auteurtitre\" style=\"text-align: justify;\">\n<p><strong>\u0152uvres traduites en fran\u00e7ais<\/strong><\/p>\n<\/div>\n<div class=\"textecourantjustif\" style=\"text-align: justify;\">\n<p><i>Amours \u00e9tranges<\/i>, traduit par A. Glorget, Paris, \u00c9ditions de Paris, 1947.<br \/>\n <i>Les Amours du marquis de Bradom\u00edn<\/i>, traduit par A. Glorget, Paris, Stock, 1950.<br \/>\n <i>Le Marquis de Bradom\u00edn<\/i>, suivi de <i>Lumi\u00e8res de boh\u00e8me<\/i> et du <i>Retable de l\u2019avarice, de la luxure et de la mort<\/i>, traduits par M. Jaworski, J. Worms, J. Camp et R. Marrast, Paris, Gallimard, 1965.<br \/>\n <i>La Guerre carliste<\/i> (<i>Les Crois\u00e9s du Roi<\/i>, <i>La Lueur du brasier<\/i>, <i>Comme un vol de gerfauts\u2026<\/i>), traduits par B. Ses\u00e9 et M. Lacoste, Paris, Gallimard, 1966.<br \/>\n <i>Fleur de saintet\u00e9<\/i>, traduit par M.-E. Coindreau, Paris, Gallimard, 1967.<br \/>\n <i>Jardin ombreux<\/i>, traduit par B. Ses\u00e9, Paris, Gallimard, 1968.<br \/>\n <i>La Marquise Roselinde<\/i>, traduit par B. Ses\u00e9, Paris, Gallimard, 1968.<br \/>\n <i>Tr\u00e9teau de marionnettes<\/i>, traduit par R. Marrast et P. Darmangeat, Paris, Gallimard, 1971.<br \/>\n <i>Tirano Banderas<\/i>, traduit par C. Fell, Paris, Flammarion, 1979 (r\u00e9\u00e9d. Points Seuil, 1991)<br \/>\n <i>Divines Paroles<\/i>, traduit par M.-E. Coindreau, Paris, Gallimard, 1963\u00a0; traduit par J.-M. Broucaret, Arles, Actes Sud, 1989.<br \/>\n <i>Com\u00e9dies barbares<\/i>, traduites par A. Llamas, Arles, Actes Sud, 1991.<br \/>\n <i>Sonates\u00a0: m\u00e9moires du marquis de Bradom\u00edn<\/i>, traduit par Anthony Bellanger, Paris, Exils, 2003.<\/p>\n<\/div>\n<div class=\"auteurtitre\" style=\"text-align: justify;\">\n<p><strong>Biographies et bibliographies<\/strong><\/p>\n<\/div>\n<div class=\"textecourantjustif\" style=\"text-align: justify;\">\n<p>Barcia Rubia Jos\u00e9, <i>A Bibliography and Iconography of Valle-Incl\u00e1n<\/i>, Berkeley, University of California Press, 1960.<br \/>\n D\u00edaz Plaja Guillermo, <i>Las Est\u00e9ticas de Valle-Incl\u00e1n<\/i>, Madrid, Gredos, 1965.<br \/>\n Fernandez Almagro Melchor, <i>Vida y literatura de Valle-Incl\u00e1n<\/i>, Madrid, Editora Nacional, 1943 (r\u00e9\u00e9d. 2007).<br \/>\n G\u00f3mez de la Serna Ram\u00f3n, <i>Don Ram\u00f3n Maria del Valle-Incl\u00e1n<\/i>, Buenos Aires, Espasa Calpe, 1944 (r\u00e9\u00e9d. 2007).<br \/>\n Serrano Alonso Javier et Juan Bolufer Amparo de, <i>Bibliograf\u00eda general de Ram\u00f3n del Valle-Incl\u00e1n<\/i>, Saint-Jacques-de-Compostelle, Universit\u00e9 de Saint-Jacques-de-Compostelle, 1995.<br \/>\n Valle-Incl\u00e1n Joaqu\u00edn del et Valle-Incl\u00e1n Javier del, <i>Bibliograf\u00eda de Dn. Ram\u00f3n Mar\u00eda del Valle-Incl\u00e1n\u00a0: 1888-1936<\/i>, Valence, Pre-Textos, 1995.<\/p>\n<\/div>\n<div class=\"auteurtitre\" style=\"text-align: justify;\">\n<p><strong>\u00c9tudes critiques en fran\u00e7ais<\/strong><\/p>\n<\/div>\n<div class=\"textecourantjustif\">\n<p style=\"text-align: justify;\">Lavaud \u00c9liane, <i>Valle-Incl\u00e1n, du journal au roman<\/i>, Paris, Klincksieck, 1980.<br \/>\n Lavaud \u00c9liane et Lavaud Jean-Marie, <i>Valle-Incl\u00e1n, un espagnol de la rupture<\/i>, Arles, Actes Sud, 1991.<br \/>\n Le Sco\u00ebzec Masson Annick, <i>Ram\u00f3n del Valle-Incl\u00e1n et la sensibilit\u00e9 \u00ab\u00a0fin de si\u00e8cle\u00a0\u00bb<\/i>, Paris, L\u2019Harmattan, 2000.<br \/>\n Martinez Thomas M., <i>Valle-Incl\u00e1n, p\u00e8re mythique\u00a0: le th\u00e9\u00e2tre espagnol des ann\u00e9es 60 face \u00e0 l\u2019esperpento<\/i>, Toulouse, Presses universitaires du Mirail, 1993.<\/p>\n<p style=\"text-align: justify;\"><strong>Liens<\/strong><\/p>\n<div align=\"justify\">\n<p style=\"text-align: justify;\"><a href=\"http:\/\/www.amigosdevalle.com\/\" target=\"_blank\" rel=\"noopener\">Asociaci\u00f3n cultural Amigos de Valle-Incl\u00e1n <\/a><\/p>\n<p style=\"text-align: justify;\"><a href=\"http:\/\/www.elpasajero.com\/indice.htm\" target=\"_blank\" rel=\"noopener\">El Pasajero: revue consacr\u00e9e \u00e0 Ramon del Valle-Incl\u00e1n<\/a><\/p>\n<\/div>\n<hr \/>\n<div class=\"textecourantjustif\" style=\"text-align: justify;\">\n<h3 style=\"text-align: center;\"><a id=\"note\"><\/a>Note historique sur les guerres carlistes<\/h3>\n<p>&nbsp;<\/p>\n<p>En 1830, quand na\u00eet sa fille Isabelle, Ferdinand VII, roi d\u2019Espagne sans descendance m\u00e2le, fait abroger la loi salique. Il meurt trois ans plus tard. Isabelle II monte alors sur le tr\u00f4ne, sa m\u00e8re, Marie-Christine, exer\u00e7ant la r\u00e9gence. Don Carlos de Bourbon, fr\u00e8re du roi d\u00e9funt, revendique la couronne sous le nom de Charles V.<\/p>\n<p>\u00c0 cette querelle dynastique se m\u00eale un conflit id\u00e9ologique. Isabelle II b\u00e9n\u00e9ficie du soutien des lib\u00e9raux, favorables \u00e0 la monarchie constitutionnelle. Charles V, chass\u00e9 d\u2019Espagne, re\u00e7oit l\u2019appui des milieux absolutistes, traditionalistes et cl\u00e9ricaux. Le mouvement carliste compte \u00e9galement de tr\u00e8s nombreux partisans en Biscaye, Navarre, Aragon et Catalogne, provinces ayant conquis divers privil\u00e8ges et libert\u00e9s, les fueros, au cours des si\u00e8cles pass\u00e9s, et qui voient d\u2019un mauvais \u0153il les r\u00e9formes centralisatrices du pouvoir lib\u00e9ral. La premi\u00e8re guerre carliste dure pr\u00e8s de sept ans, de 1834 \u00e0 1840, et s\u2019ach\u00e8ve par une victoire de la reine et de ses partisans. Cependant la situation politique demeure instable\u00a0: le parti de la reine appara\u00eet lui-m\u00eame divis\u00e9 et les coups d\u2019\u00c9tat se succ\u00e8dent, un r\u00e9gent chassant l\u2019autre.<\/p>\n<p>En 1845, Charles V abdique en faveur de son fils, qui d\u00e9clenche aussit\u00f4t la deuxi\u00e8me guerre carliste. Elle dure jusqu\u2019en 1849.<\/p>\n<p>En 1868, un ultime coup d\u2019\u00c9tat contraint Isabelle II \u00e0 l\u2019exil. Le g\u00e9n\u00e9ral Prim fait voter une nouvelle constitution l\u2019ann\u00e9e suivante. En 1870, le prince Am\u00e9d\u00e9e de Savoie est \u00e9lu roi d\u2019Espagne par les Cort\u00e8s.<\/p>\n<p>En 1872, Charles VII, petit-fils de Charles V, d\u00e9clenche la troisi\u00e8me guerre carliste, d\u00e9crite par Valle-Incl\u00e1n dans sa trilogie. Incapable de r\u00e9gner, Am\u00e9d\u00e9e de Savoie abdique en 1873. La Premi\u00e8re R\u00e9publique est proclam\u00e9e, mais elle ne conna\u00eet qu\u2019une existence \u00e9ph\u00e9m\u00e8re\u00a0: l\u2019ann\u00e9e suivante voit l\u2019accession au tr\u00f4ne du fils d\u2019Isabelle II, Alphonse XII. Ce dernier s\u2019attache \u00e0 affermir la monarchie et \u00e0 combattre les derni\u00e8res arm\u00e9es carlistes, qui sont d\u00e9faites en 1876.<\/p>\n<p>Le mouvement carliste sort tr\u00e8s affaibli de cette troisi\u00e8me guerre et se cantonne dans ses bastions traditionalistes et absolutistes. En 1936, les carlistes se rallieront au franquisme \u2013 non sans discussion. Le carlisme existe encore aujourd\u2019hui en Espagne, sous la forme de deux partis violemment oppos\u00e9s, le premier consid\u00e9r\u00e9 comme d\u2019extr\u00eame droite, l\u2019autre appartenant \u00e0 la gauche alternative, f\u00e9d\u00e9raliste et autogestionnaire.<\/p>\n<\/div>\n<div class=\"textecourantjustif\">\n<p style=\"text-align: justify;\">Ces jalons historiques ne doivent pas faire oublier que Valle-Incl\u00e1n se soucie peu d\u2019exactitude historique. Les trois romans qui composent <i>La Guerre carliste<\/i> se d\u00e9roulent en Galice, mais les noms de lieux sont imaginaires. De m\u00eame, si l\u2019on peut supposer que les \u00e9v\u00e9nements d\u00e9crits ont pour toile de fond la troisi\u00e8me guerre carliste, il est difficile de d\u00e9terminer \u00e0 quel moment pr\u00e9cis de la guerre ils surviennent. <i>Les Crois\u00e9s du Roi<\/i> a-t-il pour cadre l\u2019Espagne du roi Am\u00e9d\u00e9e de Savoie ou celle de la R\u00e9publique\u00a0? Les personnages font allusion tant\u00f4t \u00e0 l\u2019une, tant\u00f4t \u00e0 l\u2019autre. Seule l\u2019existence du personnage de Santa-Cruz est av\u00e9r\u00e9e, mais les historiens ne disposent que de peu d\u2019informations \u00e0 son sujet, et le r\u00f4le qu\u2019il joua pendant la guerre reste obscur.<\/p>\n<p style=\"text-align: justify;\"><strong>Liens<\/strong><\/p>\n<div align=\"justify\">\n<p style=\"text-align: justify;\"><a href=\"http:\/\/www.amigosdevalle.com\/\" target=\"_blank\" rel=\"noopener\">Asociaci\u00f3n cultural Amigos de Valle-Incl\u00e1n <\/a><\/p>\n<p style=\"text-align: justify;\"><a href=\"http:\/\/www.elpasajero.com\/indice.htm\" target=\"_blank\" rel=\"noopener\">El Pasajero: revue consacr\u00e9e \u00e0 Ramon del Valle-Incl\u00e1n<\/a><\/p>\n<\/div>\n<\/div>\n<\/div>\n<div class=\"soustitre\" align=\"center\">\n<p><a id=\"note\" name=\"note\"><\/a><\/p>\n<\/div>\n<\/div>\n","protected":false},"excerpt":{"rendered":"<p>Ram\u00f3n del Valle-Incl\u00e1n aux \u00e9ditions Sillage : La Guerre carliste 28 octobre 1866\u00a0: Naissance de Ram\u00f3n Jos\u00e9 Sim\u00f3n Valle Pe\u00f1a, \u00e0 Villanueva de Arosa, dans la province de Pontevedra, en Galice. Le pays de son enfance laissera une empreinte profonde sur son \u0153uvre. Ses parents sont issus de la noblesse locale\u00a0; son p\u00e8re est un [&hellip;]<\/p>\n","protected":false},"author":1,"featured_media":0,"parent":0,"menu_order":0,"comment_status":"closed","ping_status":"closed","template":"","meta":{"footnotes":""},"class_list":["post-793","page","type-page","status-publish","hentry"],"_links":{"self":[{"href":"https:\/\/editions-sillage.fr\/index.php?rest_route=\/wp\/v2\/pages\/793","targetHints":{"allow":["GET"]}}],"collection":[{"href":"https:\/\/editions-sillage.fr\/index.php?rest_route=\/wp\/v2\/pages"}],"about":[{"href":"https:\/\/editions-sillage.fr\/index.php?rest_route=\/wp\/v2\/types\/page"}],"author":[{"embeddable":true,"href":"https:\/\/editions-sillage.fr\/index.php?rest_route=\/wp\/v2\/users\/1"}],"replies":[{"embeddable":true,"href":"https:\/\/editions-sillage.fr\/index.php?rest_route=%2Fwp%2Fv2%2Fcomments&post=793"}],"version-history":[{"count":4,"href":"https:\/\/editions-sillage.fr\/index.php?rest_route=\/wp\/v2\/pages\/793\/revisions"}],"predecessor-version":[{"id":1838,"href":"https:\/\/editions-sillage.fr\/index.php?rest_route=\/wp\/v2\/pages\/793\/revisions\/1838"}],"wp:attachment":[{"href":"https:\/\/editions-sillage.fr\/index.php?rest_route=%2Fwp%2Fv2%2Fmedia&parent=793"}],"curies":[{"name":"wp","href":"https:\/\/api.w.org\/{rel}","templated":true}]}}