{"id":786,"date":"2016-08-18T16:32:56","date_gmt":"2016-08-18T14:32:56","guid":{"rendered":"http:\/\/editions-sillage.fr\/?page_id=786"},"modified":"2016-10-14T18:54:46","modified_gmt":"2016-10-14T16:54:46","slug":"eugene-dabit","status":"publish","type":"page","link":"https:\/\/editions-sillage.fr\/?page_id=786","title":{"rendered":"Eug\u00e8ne Dabit"},"content":{"rendered":"<div class=\"textecourantjustif\">\n<blockquote>\n<p style=\"text-align: justify;\">Eug\u00e8ne Dabit aux \u00e9ditions Sillage :<\/p>\n<ul>\n<li style=\"text-align: justify;\"><a href=\"http:\/\/editions-sillage.fr\/?p=582\">Un mort tout neuf<\/a><\/li>\n<\/ul>\n<\/blockquote>\n<p style=\"text-align: justify;\"><img loading=\"lazy\" decoding=\"async\" class=\"alignright size-full wp-image-788\" src=\"http:\/\/editions-sillage.fr\/wp-content\/uploads\/2016\/08\/dabit-1.jpg\" alt=\"dabit\" width=\"152\" height=\"222\" srcset=\"https:\/\/editions-sillage.fr\/wp-content\/uploads\/2016\/08\/dabit-1.jpg 152w, https:\/\/editions-sillage.fr\/wp-content\/uploads\/2016\/08\/dabit-1-103x150.jpg 103w\" sizes=\"auto, (max-width: 152px) 100vw, 152px\" \/>1898 : Le 21 septembre, \u00e0 Mers-les-Bains (Somme), na\u00eet Eug\u00e8ne Dabit, issu d\u2019une famille d\u2019ouvriers. Il grandit \u00e0 Paris.<\/p>\n<p style=\"text-align: justify;\">1911 : Bon \u00e9l\u00e8ve, il obtient son certificat d\u2019\u00e9tudes primaires et devient apprenti ferronnier d\u2019art l\u2019ann\u00e9e suivante.<\/p>\n<p style=\"text-align: justify;\">1914 : Son p\u00e8re \u00e9tant envoy\u00e9 au front, Eug\u00e8ne Dabit doit subvenir aux besoins financiers de sa famille et travaille dans le m\u00e9tro parisien, sur le r\u00e9seau Nord-Sud.<\/p>\n<p style=\"text-align: justify;\">1916 : Dabit, engag\u00e9 volontaire dans l\u2019artillerie, part sur le front. Il fait une tentative de suicide lors d\u2019une permission, apr\u00e8s quoi il op\u00e8re comme radio-t\u00e9l\u00e9graphiste dans le secteur du Chemin des Dames.<\/p>\n<p style=\"text-align: justify;\">1919 : D\u00e9mobilis\u00e9, il se lance dans une carri\u00e8re de peintre et entre l\u2019ann\u00e9e suivante \u00e0 l\u2019Acad\u00e9mie Biloul, o\u00f9 il se lie avec Christian Caillard, neveu d\u2019Henri Barbusse.<\/p>\n<p style=\"text-align: justify;\">1922 : Il se lance avec Christian Caillard dans une affaire de soie peinte. Gr\u00e2ce \u00e0 l\u2019intervention de la galeriste Ir\u00e8ne Champigny, compagne de Caillard, l\u2019entreprise est un succ\u00e8s. Les deux amis gagnent ainsi une petite fortune.<\/p>\n<p style=\"text-align: justify;\">1923 : \u00c9tudiant \u00e0 l\u2019Acad\u00e9mie de la Grande Chaumi\u00e8re, dont Giacometti est aussi l\u2019\u00e9l\u00e8ve, il rencontre B\u00e9atrice Appia et Maurice Loutreuil. Tous trois fondent, en compagnie de Christian Caillard, le Groupe du Pr\u00e9-Saint-Gervais. Dabit aide ses parents \u00e0 acheter l\u2019H\u00f4tel du Nord, quai de Jemmapes, \u00e0 Paris.<\/p>\n<p style=\"text-align: justify;\">1924 : Mariage avec B\u00e9atrice Appia. Le couple s\u2019installe l\u2019ann\u00e9e suivante dans un atelier, \u00e0 Belleville.<\/p>\n<p style=\"text-align: justify;\">1926 : Abandonnant la peinture pour la litt\u00e9rature, il commence l\u2019\u00e9criture de Petit-Louis.<\/p>\n<p style=\"text-align: justify;\">1927 : Rencontre avec Andr\u00e9 Gide. Dabit racontera cette entrevue dans <i>L\u2019Aventure de Pierre Sermondade<\/i>.<\/p>\n<p style=\"text-align: justify;\">1928 : En janvier, Dabit rencontre Roger Martin du Gard qui deviendra son ma\u00eetre en \u00e9criture. Voyage au Maroc. Il se lie avec V\u00e9ra Braun, artiste-peintre d\u2019origine hongroise.<\/p>\n<p style=\"text-align: justify;\">1929 : Publication de <i>L\u2019H\u00f4tel du Nord<\/i>, son premier roman, dans lequel il d\u00e9crit la vie dans l\u2019\u00e9tablissement de ses parents. Cette publication lui procure une c\u00e9l\u00e9brit\u00e9 imm\u00e9diate.<\/p>\n<p style=\"text-align: justify;\">1930 : Publication de <i>Petit-Louis<\/i>.<\/p>\n<p style=\"text-align: justify;\">1931 : Dabit re\u00e7oit pour <i>L\u2019H\u00f4tel du Nord<\/i> le premier \u00ab Prix du roman populiste \u00bb, d\u2019une valeur de cinq mille francs. Il publie <i>Villa Oasis ou les faux bourgeois<\/i>.<\/p>\n<p style=\"text-align: justify;\">1932 : L\u2019auteur obtient une bourse de 20 000 francs de la part de la Fondation am\u00e9ricaine Blumenthal pour la pens\u00e9e et l\u2019art fran\u00e7ais. Il devient membre de l\u2019Association des \u00e9crivains et artistes r\u00e9volutionnaires d\u00e8s sa cr\u00e9ation et y rencontre de nombreux auteurs.<\/p>\n<p style=\"text-align: justify;\">1933 : <i>Faubourgs de Paris<\/i>. En avril, il rencontre C\u00e9line, avec qui il se lie et qui lui d\u00e9diera son <i>Bagatelles pour un massacre<\/i> en 1938.<\/p>\n<p style=\"text-align: justify;\">1934 : <i>Un mort tout neuf<\/i>. <i>L \u2019\u00cele<\/i>. Le d\u00e9but des ann\u00e9es 1930 est une p\u00e9riode tr\u00e8s f\u00e9conde pour l\u2019auteur qui, parall\u00e8lement, collabore \u00e0 <i>L\u2019Humanit\u00e9<\/i>, \u00e0 <i>Marianne<\/i> et aux <i>Nouvelles litt\u00e9raires<\/i>.<\/p>\n<p style=\"text-align: justify;\">1935 : <i>La Zone verte<\/i>. En juin, il participe au <i>Congr\u00e8s international des \u00e9crivains pour la d\u00e9fense de la culture<\/i>, \u00e0 Paris.<\/p>\n<p style=\"text-align: justify;\">1936 : <i>Trains de vie<\/i>, recueil de nouvelles publi\u00e9es dans divers p\u00e9riodiques, para\u00eet par l\u2019entremise de Paul Morand. Eug\u00e8ne Dabit, qui accompagne Gide en U.R.S.S. avec Jef Last, Louis Guilloux, Jacques Schiffrin et Pierre Herbart, contracte la scarlatine pendant le voyage et meurt \u00e0 S\u00e9bastopol le 21 ao\u00fbt. Il est inhum\u00e9 au cimeti\u00e8re du P\u00e8re-Lachaise. Gide lui d\u00e9diera son <i>Retour de l\u2019U.R.S.S<\/i>.<\/p>\n<p style=\"text-align: justify;\">1937-1939 : Publication posthume des <i>Ma\u00eetres de la peinture espagnole<\/i>, du <i>Mal de vivre<\/i> et de son <i>Journal intime<\/i>.<\/p>\n<hr \/>\n<div class=\"auteurtitre\">\n<h3 style=\"text-align: center;\"><a id=\"biblio\"><\/a>Bibliographie<\/h3>\n<p style=\"text-align: justify;\"><strong>\u0152uvres d&rsquo;Eug\u00e8ne Dabit<\/strong><\/p>\n<\/div>\n<div class=\"textecourantjustif\" style=\"text-align: justify;\">\n<div class=\"textecourantjustif\">\n<p><i>L\u2019H\u00f4tel du Nord<\/i>, Paris, Robert Deno\u00ebl, 1929.<br \/>\n <i>Petit-Louis<\/i>, Paris, Gallimard, 1930.<br \/>\n <i>Villa Oasis ou les Faux Bourgeois<\/i>, Paris, Gallimard, 1932.<br \/>\n <i>Faubourgs de Paris<\/i>, Paris, Gallimard, 1933.<br \/>\n <i>L\u2019\u00cele<\/i>, Paris, Gallimard, 1934.<br \/>\n Un mort tout neuf, Paris, Gallimard, 1934.<br \/>\n <i>La Zone verte<\/i>, Paris, Gallimard, 1935.<br \/>\n <i>Train de vies<\/i>, Paris, Gallimard, 1936.<br \/>\n <i>Les Ma\u00eetres de la peinture espagnole<\/i>, Paris, Gallimard, 1937.<br \/>\n <i>Journal intime : 1928-1936<\/i>, Paris, Gallimard, 1939 (r\u00e9\u00e9d. 1989).<br \/>\n <i>Le Mal de vivre<\/i>, Paris, Gallimard, 1939.<br \/>\n <i>Au pont tournant<\/i>, Union Bibliophile de France, 1946.<br \/>\n <i>Ville lumi\u00e8re<\/i>, Paris, Le Dilettante, 1987.<br \/>\n <i>Yvonne<\/i>, Paris, Bernard Pascuito, 2008.<br \/>\n <i>L\u2019Aventure de Pierre Sermondade<\/i>, Finitude, 2009.<\/p>\n<\/div>\n<\/div>\n<div class=\"auteurtitre\" style=\"text-align: justify;\">\n<p><strong>Correspondance<\/strong><\/p>\n<\/div>\n<div class=\"textecourantjustif\" style=\"text-align: justify;\">\n<p>Correspondance avec Roger Martin du Gard, Paris, \u00c9ditions du C.N.R.S., 1986.<\/p>\n<\/div>\n<div class=\"auteurtitre\" style=\"text-align: justify;\">\n<p><strong>\u00c9tudes critiques<\/strong><\/p>\n<\/div>\n<div class=\"textecourantjustif\">\n<p style=\"text-align: justify;\">Baurens, Maryvonne, <i>Eug\u00e8ne Dabit, dimension et actualit\u00e9 d\u2019un t\u00e9moignage<\/i>, Rome, Universit\u00e0 degli studi di Macerata, 1986.<br \/>\n Collectif, <i>Hommage \u00e0 Eug\u00e8ne Dabit<\/i>, par Marcel Arland, Claude Aveline, Marc Bernard, Jean Blanzat, Andr\u00e9 Chamson, L\u00e9opold Chauveau, Georges Friedmann, Andr\u00e9 Gide, Jean Giono, Jean Gu\u00e9henno, Max Jacob, Marcel Jouhandeau, Frans Masereel, Andr\u00e9 Maurois, Brice Parain, Andr\u00e9 Th\u00e9rive, Maurice Vlaminck, Paris, Gallimard, 1939.<br \/>\n Collectif, \u00ab Eug\u00e8ne Dabit. L\u2019Empreinte du temps \u00bb, <i>Jungle<\/i>, n\u00b0 12, B\u00e8gles, Castor astral, 1989.<br \/>\n Galtier, Brigitte, <i>L\u2019\u00c9crit des jours : lire les journaux personnels : Eug\u00e8ne Dabit, Alice James, Sandor Ferenczi<\/i>, Paris, Honor\u00e9 Champion, 1997.<br \/>\n Le Sidaner, Louis, <i>Eug\u00e8ne Dabit<\/i>, Paris, \u00c9ditions de la Nouvelle Revue Critique, 1938.<br \/>\n Robert, Pierre-Edmond, <i>D\u2019un \u00ab H\u00f4tel du Nord \u00bb l\u2019autre : Eug\u00e8ne Dabit, 1898-1936<\/i>, Paris, Biblioth\u00e8que de litt\u00e9rature fran\u00e7aise contemporaine de l\u2019Universit\u00e9 Paris VII, 1987.<br \/>\n Robert, Pierre-Edmond, <i>Eug\u00e8ne Dabit, peintre, romancier et t\u00e9moin (1898-1936): th\u00e8mes, techniques et r\u00e9f\u00e9rences romanesques fran\u00e7aises et \u00e9trang\u00e8res<\/i>, th\u00e8se de doctorat d\u2019\u00c9tat \u00e8s lettres, dir. Pierre Brunel, Paris IV, 1984.<\/p>\n<p style=\"text-align: justify;\"><strong>Liens<\/strong><\/p>\n<div class=\"liens\">\n<p><a href=\"http:\/\/www.encres-vagabondes.com\/memoire\/dabit.htm\" target=\"_blank\">Eug\u00e8ne Dabit par David Nahmias et Fran\u00e7ois Possot<\/a>.<\/p>\n<p><a href=\"http:\/\/www.thyssens.com\/00rech\/recherche.php?zoom_query=dabit&amp;recherche=Rechercher\" target=\"_blank\">Eug\u00e8ne Dabit et son \u00e9diteur, Robert Deno\u00ebl, sur le site www.thyssens.com<\/a>.<\/p>\n<\/div>\n<\/div>\n<\/div>\n","protected":false},"excerpt":{"rendered":"<p>Eug\u00e8ne Dabit aux \u00e9ditions Sillage : Un mort tout neuf 1898 : Le 21 septembre, \u00e0 Mers-les-Bains (Somme), na\u00eet Eug\u00e8ne Dabit, issu d\u2019une famille d\u2019ouvriers. Il grandit \u00e0 Paris. 1911 : Bon \u00e9l\u00e8ve, il obtient son certificat d\u2019\u00e9tudes primaires et devient apprenti ferronnier d\u2019art l\u2019ann\u00e9e suivante. 1914 : Son p\u00e8re \u00e9tant envoy\u00e9 au front, Eug\u00e8ne [&hellip;]<\/p>\n","protected":false},"author":1,"featured_media":0,"parent":0,"menu_order":0,"comment_status":"closed","ping_status":"closed","template":"","meta":{"footnotes":""},"class_list":["post-786","page","type-page","status-publish","hentry"],"_links":{"self":[{"href":"https:\/\/editions-sillage.fr\/index.php?rest_route=\/wp\/v2\/pages\/786","targetHints":{"allow":["GET"]}}],"collection":[{"href":"https:\/\/editions-sillage.fr\/index.php?rest_route=\/wp\/v2\/pages"}],"about":[{"href":"https:\/\/editions-sillage.fr\/index.php?rest_route=\/wp\/v2\/types\/page"}],"author":[{"embeddable":true,"href":"https:\/\/editions-sillage.fr\/index.php?rest_route=\/wp\/v2\/users\/1"}],"replies":[{"embeddable":true,"href":"https:\/\/editions-sillage.fr\/index.php?rest_route=%2Fwp%2Fv2%2Fcomments&post=786"}],"version-history":[{"count":5,"href":"https:\/\/editions-sillage.fr\/index.php?rest_route=\/wp\/v2\/pages\/786\/revisions"}],"predecessor-version":[{"id":1294,"href":"https:\/\/editions-sillage.fr\/index.php?rest_route=\/wp\/v2\/pages\/786\/revisions\/1294"}],"wp:attachment":[{"href":"https:\/\/editions-sillage.fr\/index.php?rest_route=%2Fwp%2Fv2%2Fmedia&parent=786"}],"curies":[{"name":"wp","href":"https:\/\/api.w.org\/{rel}","templated":true}]}}