{"id":631,"date":"2016-08-11T16:57:09","date_gmt":"2016-08-11T14:57:09","guid":{"rendered":"http:\/\/editions-sillage.fr\/?page_id=631"},"modified":"2017-07-20T17:05:33","modified_gmt":"2017-07-20T15:05:33","slug":"joseph-von-eichendorff","status":"publish","type":"page","link":"https:\/\/editions-sillage.fr\/?page_id=631","title":{"rendered":"Joseph von Eichendorff"},"content":{"rendered":"<blockquote>\n<p style=\"text-align: justify;\">Joseph von Eichendorff aux \u00e9ditions Sillage :<\/p>\n<ul>\n<li style=\"text-align: justify;\"><a href=\"http:\/\/editions-sillage.fr\/?p=624\"><em>La St<\/em>a<em>tue de marbre<\/em><\/a><\/li>\n<\/ul>\n<\/blockquote>\n<p style=\"text-align: justify;\"><img loading=\"lazy\" decoding=\"async\" class=\"alignright size-full wp-image-633\" src=\"http:\/\/editions-sillage.fr\/wp-content\/uploads\/2016\/08\/eichendorff-1.jpg\" alt=\"eichendorff - \u00e9ditions sillage\" width=\"154\" height=\"172\" srcset=\"https:\/\/editions-sillage.fr\/wp-content\/uploads\/2016\/08\/eichendorff-1.jpg 154w, https:\/\/editions-sillage.fr\/wp-content\/uploads\/2016\/08\/eichendorff-1-134x150.jpg 134w\" sizes=\"auto, (max-width: 154px) 100vw, 154px\" \/>1788\u00a0: Naissance au ch\u00e2teau de Lubowitz, en Haute-Sil\u00e9sie. Il passe toute son enfance dans la demeure familiale, en compagnie de son fr\u00e8re Wilhelm, n\u00e9 en 1786, auquel il est profond\u00e9ment attach\u00e9. Il lit des romans populaires aussi bien que les \u0153uvres de Jean-Paul ou des textes religieux. Sa vie \u00e0 Lubowitz, ainsi que plusieurs voyages familiaux dans la Pologne proche, l\u2019incitent \u00e0 commencer l\u2019\u00e9criture d\u2019un <i>Journal<\/i> particuli\u00e8rement vivant, sur un arri\u00e8re-plan de for\u00eat sil\u00e9sienne dont il a conserv\u00e9 la nostalgie tout au long de sa vie.<\/p>\n<p style=\"text-align: justify;\">1801\u00a0: Entr\u00e9e au lyc\u00e9e catholique de Breslau, o\u00f9 la tradition j\u00e9suite est encore forte. Il s\u2019y initie au th\u00e9\u00e2tre.<\/p>\n<p style=\"text-align: justify;\">1805-1808\u00a0: \u00c9tudes de droit \u00e0 Halle puis \u00e0 Heidelberg. Il y c\u00f4toie de nombreux romantiques, parmi lesquels son professeur d\u2019esth\u00e9tique, Joseph G\u00f6rres, qui le sensibilise \u00e0 la litt\u00e9rature populaire ainsi qu\u2019au symbolisme des formes et des couleurs. Avec l\u2019aide de son ami le comte de Loeben, il publie ses premiers essais, sous le pseudonyme de Florens, dans quelques almanachs. Il en profite aussi pour voyager\u00a0: Paris, Francfort, Nuremberg, Berlin et Vienne. Il rencontre notamment Arnim, Brentano ou encore Fichte. Enfin, il compose son premier essai po\u00e9tique, demeur\u00e9 in\u00e9dit, Magie en automne.<\/p>\n<p style=\"text-align: justify;\">1813-1816\u00a0: Bien qu\u2019inconnu du public, il rencontre un grand succ\u00e8s avec son po\u00e8me <i>L\u2019Anneau bris\u00e9<\/i>. Suite \u00e0 l\u2019appel du roi de Prusse invitant au soul\u00e8vement contre la tyrannie napol\u00e9onienne, il s\u2019engage dans l\u2019arm\u00e9e pour trois ans.<\/p>\n<p style=\"text-align: justify;\">1815\u00a0: Malgr\u00e9 la d\u00e9sapprobation de la famille d\u2019Eichendorff, mariage avec Aloysia von Layrisch, une jeune fille peu fortun\u00e9e. Son premier fils na\u00eet \u00e0 la fin de l\u2019ann\u00e9e. <i>Pressentiment et temps pr\u00e9sent<\/i>, son premier roman, commenc\u00e9 d\u00e8s 1810, ne remporte aucun succ\u00e8s.<\/p>\n<p style=\"text-align: justify;\">1816-1817\u00a0: Retour en Sil\u00e9sie. D\u00e9but d\u2019une carri\u00e8re de fonctionnaire afin de subvenir aux besoins de sa famille.<\/p>\n<p style=\"text-align: justify;\">1818\u00a0: Mort de son p\u00e8re, peu dou\u00e9 pour l\u2019exploitation de ses terres et qui laisse la famille dans une situation financi\u00e8re critique.<\/p>\n<p style=\"text-align: justify;\">1819\u00a0: Publication de <i>La Statue de marbre<\/i>.<\/p>\n<p style=\"text-align: justify;\">1821\u00a0: D\u00e9finitivement engag\u00e9 dans l\u2019administration prussienne, Eichendorff est nomm\u00e9 conseiller charg\u00e9 des affaires catholiques aupr\u00e8s de la d\u00e9l\u00e9gation gouvernementale de Dantzig.<\/p>\n<p style=\"text-align: justify;\">1822\u00a0: Mort de sa m\u00e8re et vente de la derni\u00e8re des propri\u00e9t\u00e9s familiales\u00a0: le manoir de Lubowitz.<\/p>\n<p style=\"text-align: justify;\">1824\u00a0: Mutation \u00e0 K\u00f6nigsberg.<\/p>\n<p style=\"text-align: justify;\">1826\u00a0: Publication de Sc\u00e8nes de la vie d\u2019un propre \u00e0 rien, une de ses \u0153uvres majeures.<\/p>\n<p style=\"text-align: justify;\">1831\u00a0: Appel\u00e9 \u00e0 Berlin en tant qu\u2019attach\u00e9 au minist\u00e8re des cultes et de l\u2019\u00e9ducation (d\u00e9partement des \u00e9coles catholiques), Eichendorff\u00a0 est introduit dans les cercles litt\u00e9raires et musicaux de l\u2019\u00e9poque, rompant quelque peu avec son existence monotone de fonctionnaire, dont il ressent une forte lassitude.<\/p>\n<p style=\"text-align: justify;\">1834\u00a0: Publication de son second roman, <i>Po\u00e8tes et leurs compagnons<\/i>, qui fait \u00e9cho \u00e0 ses interrogations sur la nature de la po\u00e9sie.<\/p>\n<p style=\"text-align: justify;\">1835\u00a0: Publication de la nouvelle <i>Voyage en mer<\/i>.<\/p>\n<p style=\"text-align: justify;\">1837\u00a0: Publication du premier recueil de <i>Po\u00e8mes<\/i> ainsi que d\u2019une nouvelle historique, <i>Le Ch\u00e2teau de Durande<\/i>.<\/p>\n<p style=\"text-align: justify;\">1840\u00a0: Suite au remplacement du ministre r\u00e9formateur Altenstein par le conservateur Eichhorn \u00e0 la t\u00eate du minist\u00e8re des cultes et de l\u2019\u00e9ducation, Eichendorff se trouve expos\u00e9 \u00e0 de nouveaux d\u00e9boires et demande de longs cong\u00e9s.<\/p>\n<p style=\"text-align: justify;\">1841\u00a0: Parution de sa derni\u00e8re nouvelle, <i>Les Aventuriers<\/i>.<\/p>\n<p style=\"text-align: justify;\">1843\u00a0: Il tombe gravement malade.<\/p>\n<p style=\"text-align: justify;\">1844\u00a0: Eichendorff obtient sa mise \u00e0 la retraite pour raison de sant\u00e9.<\/p>\n<p style=\"text-align: justify;\">1846\u00a0: S\u00e9jour \u00e0 Vienne. Son activit\u00e9 litt\u00e9raire se concentre particuli\u00e8rement sur des traductions de l\u2019espagnol (Calder\u00f3n, Cervantes) et sur la r\u00e9daction de travaux d\u2019histoire litt\u00e9raire. Un volume cons\u00e9quent publi\u00e9 en 1847 est intitul\u00e9 <i>De la signification \u00e9thique et religieuse de la nouvelle po\u00e9sie romantique en Allemagne<\/i>.<\/p>\n<p style=\"text-align: justify;\">1849\u00a0: Mort de son fr\u00e8re Wilhelm. Retour \u00e0 Berlin, qu\u2019il avait fui suite aux \u00e9v\u00e8nements de mars 1848.<\/p>\n<p style=\"text-align: justify;\">1852\u00a0: Eichendorff est d\u00e9cor\u00e9 de l\u2019ordre pour les sciences et les arts par le roi de Bavi\u00e8re.<\/p>\n<p style=\"text-align: justify;\">1855\u00a0: Le 3 d\u00e9cembre, mort de sa femme, qui l\u2019affecte durement.<\/p>\n<p style=\"text-align: justify;\">1857\u00a0: Apr\u00e8s la publication d\u2019une importante <i>Histoire de la litt\u00e9rature po\u00e9tique en Allemagne<\/i>, Eichendorff meurt le 26 novembre et est enterr\u00e9 \u00e0 Neisse.<\/p>\n<p style=\"text-align: justify;\">1864\u00a0: Premi\u00e8re \u00e9dition des \u0153uvres compl\u00e8tes publi\u00e9es par Hermann von Eichendorff, fils du po\u00e8te (6 volumes, Leipzig, 1864).<\/p>\n<hr \/>\n<div class=\"soustitre\" style=\"text-align: justify;\">\n<div align=\"center\">\n<p style=\"text-align: center;\"><strong><a id=\"biblio\"><\/a>Bibliographie<\/strong><\/p>\n<\/div>\n<\/div>\n<div class=\"auteurtitre\" style=\"text-align: justify;\">\n<p style=\"text-align: justify;\">\u00c9ditions des \u0153uvres d\u2019Eichendorff<\/p>\n<p style=\"text-align: justify;\"><i>Traductions<\/i><\/p>\n<\/div>\n<div class=\"textecourantjustif\" style=\"text-align: justify;\">\n<div class=\"textecourantjustif\">\n<p><i>La Statue de marbre<\/i>, trad. Fr.-A. Lo\u00e8ve-Veimars, Paris, Mercure de France, 1943.<br \/>\n <i>La Statue de marbre<\/i>, pr\u00e9face et traduction de P. Sucher, Paris, Aubier, 1962.<br \/>\n <i>La Statue de marbre<\/i>, trad. R. Laureillard, in Romantiques allemands, t. II, Paris, Gallimard, Biblioth\u00e8que de la Pl\u00e9iade, 1973.<\/p>\n<p><i>Dernier retour<\/i>, pr\u00e9face et traduction de P. Giraudon, Paris, La Diff\u00e9rence, 1989.<i>Sc\u00e8nes de la vie d\u2019un propre-\u00e0-rien<\/i>, trad. M. Laval et R. Sctrick, Paris, Ph\u00e9bus, 1990.<br \/>\n <i>Les Chevaliers de Fortune<\/i> suivi de <i>L\u2019Enl\u00e8vement<\/i>, trad. H. de Cheyron de Beaumont et R. Sctrick, Paris, Ph\u00e9bus, 1991.<br \/>\n <i>Un voyage en mer<\/i> pr\u00e9c\u00e9d\u00e9 de <i>Sortil\u00e8ges d\u2019automne<\/i>, trad. H. de Cheyron de Beaumont, C\u0153uvres-et-Valsery, Ressouvenances, 2001.<\/p>\n<\/div>\n<\/div>\n<div class=\"auteurtitre\" style=\"text-align: justify;\">\n<p><i>\u00c9ditions bilingues<\/i><\/p>\n<\/div>\n<div class=\"textecourantjustif\" style=\"text-align: justify;\">\n<div class=\"textecourantjustif\">\n<p><i>Aus dem Leben eines Taugenicht<\/i> \/ <i>Sc\u00e8nes de la vie d\u2019un propre-\u00e0-rien<\/i>, trad. R. Laureillard, pr\u00e9face et notes d\u2019Y. Lambert, Paris, Gallimard, Folio bilingue, 1994.<br \/>\n <i>Po\u00e9sies<\/i>\/<i>Gedichte<\/i>, pr\u00e9face et traduction d\u2019A. Spaeth, Paris, \u00c9ditions Aubier-Montaigne, Collection bilingue des classiques, 1992.<\/p>\n<\/div>\n<\/div>\n<div class=\"auteurtitre\" style=\"text-align: justify;\">\n<p><i>\u00c9ditions allemandes<\/i><\/p>\n<\/div>\n<div class=\"textecourantjustif\" style=\"text-align: justify;\">\n<div class=\"textecourantjustif\">\n<p><i>Das Marmorbild. Eine Novelle (1819). Die Zauberei im Herbst. Ein M\u00e4rchen (1808\/1809)<\/i>, \u00e9d. G. Beh\u00fctuns, Paderborn, Sch\u00f6ningh, 1988.<br \/>\n <i>S\u00e4mtliche Werke des Freiherrn Joseph von Eichendorff. Historisch-kritische Ausgabe<\/i>, \u00e9d. W. Kosch et al., Regensburg, Habbel, depuis 1908.<br \/>\n <i>Werke in f\u00fcnf B\u00e4nden<\/i>, \u00e9d. A. Hillach, M\u00fcnchen, Winkler Verlag, 1976-1988.<br \/>\n <i>Werke in einem Band<\/i>, \u00e9d. M. H\u00e4ckel, Berlin, Aufbau-Verlag, 1991.<\/p>\n<\/div>\n<\/div>\n<div class=\"auteurtitre\" style=\"text-align: justify;\">\n<p>Revues<\/p>\n<\/div>\n<div class=\"textecourantjustif\" style=\"text-align: justify;\">\n<div class=\"textecourantjustif\">\n<p><i>Aurora. Jahrbuch der Eichendorff-Gesellschaft<\/i>, T\u00fcbingen, Niemeyer, fond\u00e9e en 1929.<\/p>\n<\/div>\n<\/div>\n<div class=\"auteurtitre\" style=\"text-align: justify;\">\n<p>Ouvrages et articles critiques<\/p>\n<\/div>\n<div class=\"textecourantjustif\">\n<div class=\"textecourantjustif\">\n<p style=\"text-align: justify;\">Bormann A. von, <i>Natura loquitur. Naturpoesie und emblematische Formel bei Joseph von Eichendorff<\/i>, T\u00fcbingen, Niemeyer, 1968.<br \/>\n Brion M., <i>L\u2019Allemagne romantique II\u00a0: Novalis, Hoffmann, Jean-Paul, Eichendorff<\/i>, Paris, Albin Michel, 1963.<br \/>\n Fr\u00fchwald W. et Heiduk Fr., <i>Joseph von Eichendorff\u00a0: Leben und Werk in Texten und Bildern<\/i>, Frankfurt am Main, Insel, 1988.<br \/>\n K\u00f6hnke K., <i>\u00ab\u00a0Hieroglyphenschrift\u00a0\u00bb. Untersuchungen zu Eichendorffs Erz\u00e4hlungen<\/i>, Sigmaringen, Thorbecke, 1986.<br \/>\n Kunz J., <i>Eichendorff. H\u00f6hepunkt und Krise der Sp\u00e4tromantik. Ein Beitrag zum Verst\u00e4ndnis seiner Novellendichtung<\/i>, Oberursel, Altk\u00f6nig-Verlag, 1951.<br \/>\n L\u00e4mmert E., \u00ab\u00a0Eichendorffs Wandel unter den Deutschen\u00a0\u00bb in <i>Die deutsche Romantik\u00a0: Poetik, Formen und Motive<\/i>, \u00e9d. H. Steffen , t. II, G\u00f6ttingen, Vandenheock u. Ruprecht, 1970.<br \/>\n Mann T., <i>Der Taugenichts. Ein Essay<\/i>, M\u00fcnchen, Bayerische Akademie der Sch\u00f6nen K\u00fcnste, 1957.<br \/>\n Marks H. (\u00e9d.), <i>Das Marmorbild<\/i>, Stuttgart, Reklam, 1984.<br \/>\n Pikulik L., \u00ab\u00a0Die Mythisierung des Geschlechtstriebs in Eichendorffs Das Marmorbild\u00a0\u00bb, <i>Euphorion<\/i>, 71, 1977, pp. 128-140.<br \/>\n Pott H.-G. (\u00e9d.), <i>Eichendorff\u00a0 und die Sp\u00e4tromantik<\/i>, Paderborn, Sch\u00f6ningh, 1985.<br \/>\n Riemen A. (\u00e9d.), <i>Beitr\u00e4ge zur Forschung 1958-1988<\/i>, Sigmaringen, Thorbecke, 1988.<br \/>\n Schiwy G., <i>Eichendorff. Der Dichter in seiner Zeit<\/i>, M\u00fcnchen, Beck, 2000.<br \/>\n Schwarz E., <i>Joseph von Eichendorff<\/i>, Twayne, New York, 1972.<br \/>\n Steinsdorff S. von, \u00ab\u00a0Joseph von Eichendorff. Das Marmorbild\u00a0\u00bb, in <i>Meistererz\u00e4hlungen der deutschen Romantik<\/i>, A. Meier (\u00e9d.), M\u00fcnchen, Dt. Taschenbuch-Verl., 1985, pp. 420-435.<br \/>\n St\u00f6cklein P., <i>Joseph von Eichendorff in Selbstzeugnissen und Bilddokumenten<\/i>, Reinbek bei Hamburg, Rowohlt, 1987.<\/p>\n<\/div>\n<\/div>\n","protected":false},"excerpt":{"rendered":"<p>Joseph von Eichendorff aux \u00e9ditions Sillage : La Statue de marbre 1788\u00a0: Naissance au ch\u00e2teau de Lubowitz, en Haute-Sil\u00e9sie. Il passe toute son enfance dans la demeure familiale, en compagnie de son fr\u00e8re Wilhelm, n\u00e9 en 1786, auquel il est profond\u00e9ment attach\u00e9. Il lit des romans populaires aussi bien que les \u0153uvres de Jean-Paul ou [&hellip;]<\/p>\n","protected":false},"author":1,"featured_media":0,"parent":0,"menu_order":0,"comment_status":"closed","ping_status":"closed","template":"","meta":{"footnotes":""},"class_list":["post-631","page","type-page","status-publish","hentry"],"_links":{"self":[{"href":"https:\/\/editions-sillage.fr\/index.php?rest_route=\/wp\/v2\/pages\/631","targetHints":{"allow":["GET"]}}],"collection":[{"href":"https:\/\/editions-sillage.fr\/index.php?rest_route=\/wp\/v2\/pages"}],"about":[{"href":"https:\/\/editions-sillage.fr\/index.php?rest_route=\/wp\/v2\/types\/page"}],"author":[{"embeddable":true,"href":"https:\/\/editions-sillage.fr\/index.php?rest_route=\/wp\/v2\/users\/1"}],"replies":[{"embeddable":true,"href":"https:\/\/editions-sillage.fr\/index.php?rest_route=%2Fwp%2Fv2%2Fcomments&post=631"}],"version-history":[{"count":14,"href":"https:\/\/editions-sillage.fr\/index.php?rest_route=\/wp\/v2\/pages\/631\/revisions"}],"predecessor-version":[{"id":1807,"href":"https:\/\/editions-sillage.fr\/index.php?rest_route=\/wp\/v2\/pages\/631\/revisions\/1807"}],"wp:attachment":[{"href":"https:\/\/editions-sillage.fr\/index.php?rest_route=%2Fwp%2Fv2%2Fmedia&parent=631"}],"curies":[{"name":"wp","href":"https:\/\/api.w.org\/{rel}","templated":true}]}}