{"id":2757,"date":"2019-08-09T16:56:45","date_gmt":"2019-08-09T14:56:45","guid":{"rendered":"http:\/\/editions-sillage.fr\/?page_id=2757"},"modified":"2019-08-09T16:56:45","modified_gmt":"2019-08-09T14:56:45","slug":"georges-bernanos","status":"publish","type":"page","link":"https:\/\/editions-sillage.fr\/?page_id=2757","title":{"rendered":"Georges Bernanos"},"content":{"rendered":"<blockquote>\n<p style=\"text-align: justify;\">Georges Bernanos aux \u00e9ditions Sillage :<\/p>\n<ul style=\"text-align: justify;\">\n<li><a href=\"http:\/\/editions-sillage.fr\/?p=2641\"><em>Lettre aux Anglais<\/em><\/a><\/li>\n<\/ul>\n<\/blockquote>\n<p style=\"text-align: justify;\">1888\u202f:\u202fNaissance de Louis \u00c9mile Cl\u00e9ment Georges Bernanos le 20 f\u00e9vrier, \u00e0 Paris, dans le 9<sup>e<\/sup> arrondisssement. Son p\u00e8re, \u00c9mile Bernanos, est tapissier-d\u00e9corateur\u00a0; sa m\u00e8re, Hermance Moreau, est issue d\u2019une famille de cultivateurs berrichons. L\u202f\u2019enfant grandit dans un milieu catholique tr\u00e8s pratiquant et impr\u00e9gn\u00e9 par les id\u00e9es monarchistes.<\/p>\n<p style=\"text-align: justify;\">1896\u202f:\u202f\u00c9mile Bernanos ach\u00e8te une propri\u00e9t\u00e9 \u00e0 Fressin, en Artois, o\u00f9 la famille fera des s\u00e9jours r\u00e9guliers\u00a0; c\u2019est dans cette r\u00e9gion que Georges Bernanos situera la plupart de ses romans. En avril, la famille emm\u00e9nage \u00e0 Neuilly-sur-Seine.<\/p>\n<p style=\"text-align: justify;\">1897\u202f:\u202fEntr\u00e9e de Georges Bernanos au coll\u00e8ge de l\u2019Immacul\u00e9e-Conception, \u00e0 Paris, fond\u00e9 par les J\u00e9suites \u2013 \u00e9tablissement que fr\u00e9quente \u00e9galement Charles de Gaulle. Fr\u00e9quemment malade, il redouble son ann\u00e9e de 4<sup>e<\/sup>.<\/p>\n<p style=\"text-align: justify;\">1901\u202f:\u202fEntr\u00e9e au petit s\u00e9minaire de Notre-Dame-des-Champs, \u00e0 Paris. Il entretient de mauvaises relations avec ses professeurs et avec ses camarades dont il est le souffre-douleur. Il d\u00e9couvre, entre autres auteurs, Balzac, qui le marque profond\u00e9ment\u00a0; \u00e0 Fressin, son p\u00e8re lui fait la lecture \u00e0 haute voix du journal La Libre Parole, de Drumont.<\/p>\n<p style=\"text-align: justify;\">1903\u202f:\u202fL\u202f\u2019adolescent est envoy\u00e9 au petit s\u00e9minaire Saint-C\u00e9lestin, \u00e0 Bourges.<\/p>\n<p style=\"text-align: justify;\">1904\u202f:\u202f\u00c9chec \u00e0 la premi\u00e8re partie du baccalaur\u00e9at\u00a0; il devient alors interne au coll\u00e8ge d\u2019Aire-sur-la-Lys, pr\u00e8s de Fressin, o\u00f9 ses parents se sont \u00e9tablis.<\/p>\n<p style=\"text-align: justify;\">1906\u202f:\u202fSon baccalaur\u00e9at obtenu en juillet, il entame des \u00e9tudes de lettres et de droit \u00e0 Paris.<\/p>\n<p style=\"text-align: justify;\">1907\u202f:\u202fParution de sept nouvelles dans la revue royaliste <em>Le Panache<\/em>.<\/p>\n<p style=\"text-align: justify;\">1908\u202f:\u202fBernanos rejoint les Camelots du Roi, organisation militante \u00e9manant de l\u2019Action fran\u00e7aise.<\/p>\n<p style=\"text-align: justify;\">1909\u202f:\u202fApr\u00e8s que les Camelots ont administr\u00e9 une fess\u00e9e \u00e0 un professeur d\u2019histoire en Sorbonne, Bernanos purge une peine de dix jours de prison \u00e0 la Sant\u00e9.<\/p>\n<p style=\"text-align: justify;\">1910\u202f:\u202fBernanos fait ses classes \u00e0 \u00c9vreux\u00a0; sa sant\u00e9 lui vaut d\u2019\u00eatre r\u00e9form\u00e9 au bout d\u2019un mois.<\/p>\n<p style=\"text-align: justify;\">1911\u202f:\u202fEn d\u00e9cembre, Bernanos adh\u00e8re au Cercle Proudhon, issu de l\u2019Action fran\u00e7aise, qui \u0153uvre pour un rapprochement avec le mouvement syndicaliste.<\/p>\n<p style=\"text-align: justify;\">1913\u202f:\u202fL\u00e9on Daudet lui propose de prendre la direction d\u2019un hebdomadaire royaliste en difficult\u00e9, <em>L\u202f\u2019Avant-garde de Normandie<\/em>\u00a0; Bernanos s\u2019installe \u00e0 Rouen, o\u00f9 il fait la connaissance de Jeanne Talbert d\u2019Arc \u2013 qui serait une descendante d\u2019un des fr\u00e8res de Jeanne d\u2019Arc.<\/p>\n<p style=\"text-align: justify;\">1914\u202f:\u202fBien que r\u00e9form\u00e9 en 1910, Bernanos parvient \u00e0 se faire engager comme simple caporal\u00a0; au front, il fait une exp\u00e9rience de la camaraderie qui le marquera durablement. Il sera plusieurs fois bless\u00e9 et recevra la Croix de guerre.<\/p>\n<p style=\"text-align: justify;\">1917\u202f:\u202fBernanos se lie avec le b\u00e9n\u00e9dictin Dom Besse, qui exercera une profonde influence sur lui \u2013 Besse a \u00e9t\u00e9 directeur spirituel de Huysmans et de Claudel. Le 11 mai, mariage avec Jeanne Talbert d\u2019Arc \u2013 L\u00e9on Daudet est son t\u00e9moin.<\/p>\n<p style=\"text-align: justify;\">1918\u202f:\u202fNaissance de sa fille Chantal.<\/p>\n<p style=\"text-align: justify;\">1919\u202f:\u202fNaissance de son fils Yves. L\u202f\u2019Action fran\u00e7aise pr\u00e9sente des candidats aux \u00e9lections l\u00e9gislatives du mois de novembre, ce qui entra\u00eene la d\u00e9mission de Bernanos.<\/p>\n<p style=\"text-align: justify;\">1920\u202f:\u202fMort de Dom Besse. Bernanos trouve un emploi de d\u00e9marcheur pour la compagnie d\u2019assurances La Nationale \u2013 il y deviendra inspecteur en 1922, charg\u00e9 des d\u00e9partements de l\u2019Est, ce qui le contraindra \u00e0 d\u2019incessants d\u00e9placements.<\/p>\n<p style=\"text-align: justify;\">1921\u202f:\u202fNaissance de sa fille Claude.<\/p>\n<p style=\"text-align: justify;\">1922\u202f:\u202fSa nouvelle Madame Dargent para\u00eet dans La Revue hebdomadaire.<\/p>\n<p style=\"text-align: justify;\">1923\u202f:\u202fNaissance de son fils Michel. Au printemps, il est op\u00e9r\u00e9 d\u2019une perforation intestinale\u00a0; il reste en convalescence jusqu\u2019au mois de septembre, mettant \u00e0 profit les mois d\u2019\u00e9t\u00e9 pour travailler \u00e0 ce qui deviendra <em>Sous le soleil de Satan<\/em>.<\/p>\n<p style=\"text-align: justify;\">1924\u202f:\u202fEmm\u00e9nagement \u00e0 Bar-le-Duc. Ses bons r\u00e9sultats \u00e0 La Nationale lui valent de devenir divisionnaire.<\/p>\n<p style=\"text-align: justify;\">1926\u202f:\u202fEn mars, <em>Sous le soleil de Satan<\/em>, son premier roman, para\u00eet chez Plon, dans la collection \u00ab\u00a0Le Roseau d\u2019or\u00a0\u00bb que dirige Maritain\u00a0; le roman rencontre un immense succ\u00e8s. Sa femme, qui se trouve dans un \u00e9tat de sant\u00e9 pr\u00e9occupant, se voit recommander de changer de climat. Bernanos donne sa d\u00e9mission \u00e0 La Nationale\u00a0; le couple r\u00e9side en ao\u00fbt \u00e0 Saint-Jean de Luz, avant de s\u2019installer \u00e0 Bagn\u00e8res-de-Bigorre. En d\u00e9cembre, Bernanos prend la d\u00e9fense de Maurras, dont Pie XI vient de mettre les livres \u00e0 l\u2019Index \u2013 l\u2019ann\u00e9e suivante, il donnera des conf\u00e9rences en soutien \u00e0 l\u2019Action fran\u00e7aise.<\/p>\n<p style=\"text-align: justify;\">1927\u202f:\u202fEn janvier, mort de son p\u00e8re. Bernanos refuse la L\u00e9gion d\u2019honneur. En juillet, installation \u00e0 Clermont-de-l\u2019Oise. En d\u00e9cembre, parution de <em>L\u202f\u2019Imposture<\/em>.<\/p>\n<p style=\"text-align: justify;\">1928\u202f:\u202fEn mai, parution d\u2019<em>Une nuit<\/em> dans <em>La Revue hebdomadaire<\/em>\u00a0; en septembre, publication de <em>Dialogues d\u2019ombres<\/em> dans la N.R.F. En octobre, <em>La Joie<\/em> commence \u00e0 para\u00eetre dans <em>La Revue universelle<\/em>. En novembre, naissance de sa fille Dominique.<\/p>\n<p style=\"text-align: justify;\">1929\u202f:\u202fEn mai, <em>La Joie<\/em> para\u00eet en volume\u00a0; en d\u00e9cembre, le roman re\u00e7oit le prix Femina. Publication de l\u2019essai Jeanne relapse et sainte.<\/p>\n<p style=\"text-align: justify;\">1930\u202f:\u202fEn mars, mort de sa m\u00e8re. La famille passe l\u2019\u00e9t\u00e9 \u00e0 Divonne-les-Bains, dans l\u2019Ain, o\u00f9 Bernanos esp\u00e8re trouver un rem\u00e8de aux crises d\u2019angoisse dont il souffre. En novembre, installation \u00e0 Toulon.<\/p>\n<p style=\"text-align: justify;\">1931\u202f:\u202fEn avril, parution du pamphlet <em>La Grande Peur des bien-pensants<\/em>, chez Grasset. En mai, installation \u00e0 Hy\u00e8res. En novembre, d\u00e9but de sa collaboration avec <em>Le Figaro<\/em>.<\/p>\n<p style=\"text-align: justify;\">1932\u202f:\u202fRupture avec Maurras, par articles interpos\u00e9s \u2013 ces pol\u00e9miques, auxquelles prend part L\u00e9on Daudet, d\u00e9fenseur de Maurras, dureront toute l\u2019ann\u00e9e.<\/p>\n<p style=\"text-align: justify;\">1933\u202f:\u202fEn juillet, alors qu\u2019il roule \u00e0 moto \u2013 Bernanos est un motocycliste passionn\u00e9 \u2013, il est renvers\u00e9 par une voiture pr\u00e8s de Montb\u00e9liard\u00a0; il gardera des s\u00e9quelles de cet accident toute sa vie. En septembre, naissance de son fils Jean-Loup.<\/p>\n<p style=\"text-align: justify;\">1934\u202f:\u202fEn mai, \u00e0 Toulon, nouvel accident de moto. En octobre, la famille, qui se trouve dans une situation financi\u00e8re critique, quitte brusquement son domicile pour s\u2019installer aux Bal\u00e9ares, \u00e0 Palma de Majorque \u2013 Bernanos explique ce choix dans sa correspondance en disant que la vie y est moins ch\u00e8re.<\/p>\n<p style=\"text-align: justify;\">1935\u202f:\u202fEn avril, d\u00e9but de sa collaboration avec le journal <em>Marianne<\/em>, dirig\u00e9 par Emmanuel Berl. En juin, publication d\u2019<em>Un Crime<\/em>. En d\u00e9cembre, d\u00e9but de la publication du <em>Journal d\u2019un cur\u00e9 de campagne<\/em> dans <em>La Revue hebdomadaire<\/em>.<\/p>\n<p style=\"text-align: justify;\">1936\u202f:\u202fEn mars, parution en volume du <em>Journal d\u2019un cur\u00e9 de campagne<\/em> qui obtient, en juillet, le Grand prix du roman de l\u2019Acad\u00e9mie fran\u00e7aise. En septembre, t\u00e9moin de massacres perp\u00e9tr\u00e9s par les franquistes avec la b\u00e9n\u00e9diction de l\u2019\u00c9glise, Bernanos, qui a d\u2019abord \u00e9t\u00e9 favorable au franquisme, \u00e9prouve une horreur profonde. Son fils Yves, qui s\u2019est engag\u00e9 dans la Phalange, d\u00e9sertera quelques mois plus tard.<\/p>\n<p style=\"text-align: justify;\">1937\u202f:\u202fAyant \u00e9chapp\u00e9 \u00e0 deux attentats \u2013 Franco aurait mis sa t\u00eate \u00e0 prix \u2013, Bernanos quitte l\u2019Espagne et s\u2019installe \u00e0 Toulon. En mai, publication de Nouvelle histoire de Mouchette. En septembre, nouvel accident de moto.<\/p>\n<p style=\"text-align: justify;\">1938\u202f:\u202fParution du pamphlet <em>Les Grands Cimeti\u00e8res sous la lune<\/em>, d\u00e9nonciation de la r\u00e9pression franquiste. Salu\u00e9 par Malraux, Aragon, Nizan ou Camus, l\u2019ouvrage provoque une vive pol\u00e9mique dans les milieux catholiques et le coupe d\u00e9finitivement de l\u2019Action fran\u00e7aise. En juin, Bernanos et sa famille quittent la France pour l\u2019Am\u00e9rique du Sud\u00a0; c\u2019est pour Bernanos la r\u00e9alisation d\u2019un r\u00eave d\u2019enfant. En ao\u00fbt, il est accueilli \u00e0 bras ouvert par les milieux intellectuels de Rio de Janeiro\u00a0; Bernanos cherche une ferme \u00e0 exploiter et passe les mois suivants \u00e0 voyager dans le pays. En septembre, la signature des accords de Munich le scandalise. Nouveau refus de la L\u00e9gion d\u2019honneur.<\/p>\n<p style=\"text-align: justify;\">1939\u202f:\u202fEn avril, parution chez Gallimard de <em>Scandale de la v\u00e9rit\u00e9<\/em>. En novembre, Bernanos trouve une ferme pr\u00e8s de Pirapora, mais l\u2019exploitation s\u2019en r\u00e9v\u00e8le plus difficile que pr\u00e9vu\u00a0; sa femme et ses enfants souffrent de leur r\u00e9gime alimentaire ainsi que de la chaleur. En d\u00e9cembre, parution, toujours chez Gallimard, de <em>Nous autres fran\u00e7ais<\/em>.<\/p>\n<p style=\"text-align: justify;\">1940\u202f:\u202fEn janvier, il confie \u00e0 Henri Michaux, qui rentre en France, des pages des <em>Enfants humili\u00e9s<\/em>. Il se met en qu\u00eate d\u2019une nouvelle ferme plus proche de Rio. Apprenant la nouvelle de la capitulation fran\u00e7aise, Bernanos se lance aussit\u00f4t dans une campagne de presse\u00a0; il se montre un adversaire r\u00e9solu de la collaboration, appelant \u00e0 la r\u00e9sistance. En ao\u00fbt, installation \u00e0 Barbacena avec sa famille\u00a0; il y recevra la visite de Stefan Zweig.<\/p>\n<p style=\"text-align: justify;\">1941\u202f:\u202fEn avril, parution de \u00ab\u00a0A Letter to the English\u00a0\u00bb dans la <em>Dublin Review<\/em>. En juin, son fils Yves part pour Londres\u00a0; Michel le rejoint quelques mois plus tard. Nouvelles difficult\u00e9s financi\u00e8res.<\/p>\n<p style=\"text-align: justify;\">1942\u202f:\u202fEn mars, \u00e0 Rio, les \u00e9ditions Atlantica publient sa <em>Lettre aux Anglais<\/em>\u00a0; des \u00e9ditions clandestines paraissent en France. Bernanos donne de nombreux articles \u00e0 des journaux de la France Libre. L\u202f\u2019\u00e9t\u00e9, retour de son fils Yves, en convalescence apr\u00e8s un accident d\u2019avion.<\/p>\n<p style=\"text-align: justify;\">1943\u202f:\u202fBernanos fait campagne en faveur de De Gaulle, que les Anglo-Saxons aimeraient voir remplacer par le g\u00e9n\u00e9ral Giraud. En octobre, parution aux \u00e9ditions Atlantica de <em>Monsieur Ouine<\/em>.<\/p>\n<p style=\"text-align: justify;\">1944\u202f:\u202fSon fils Michel participe au d\u00e9barquement de Normandie. En ao\u00fbt, parution chez Atlantica du premier volume du recueil d\u2019articles <em>Le Chemin de la Croix-des-\u00c2mes<\/em>\u00a0; les trois volumes suivants para\u00eetront en 1944 et 1945.<\/p>\n<p style=\"text-align: justify;\">1945\u202f:\u202fInvit\u00e9 par De Gaulle \u00e0 revenir en France, Bernanos ne se r\u00e9sout pas imm\u00e9diatement \u00e0 partir\u00a0; la famille quitte le Br\u00e9sil en juin, \u00e0 l\u2019exception de Chantal, mari\u00e9e \u00e0 un Br\u00e9silien. Arriv\u00e9 en France le 29 juin, Bernanos s\u00e9journe \u00e0 Avallon, puis se rend fin juillet \u00e0 Paris o\u00f9 il rencontre De Gaulle \u2013 celui-ci aurait propos\u00e9 \u00e0 l\u2019\u00e9crivain un poste de ministre. En ao\u00fbt, emm\u00e9nagement pr\u00e8s de Sisteron\u00a0; en d\u00e9cembre, la famille s\u2019installe \u00e0 Bandol.<\/p>\n<p style=\"text-align: justify;\">1946\u202f:\u202fEn avril, nouveau refus de la L\u00e9gion d\u2019honneur. Conf\u00e9rences en Afrique du Nord et en Europe. En juillet, parution \u00e0 Rio, aux \u00c9ditions France Libre, de <em>La France contre les robots<\/em> \u2013 l\u2019ouvrage para\u00eetra l\u2019ann\u00e9e suivante chez Robert Laffont. En septembre, installation \u00e0 La Chapelle-Vend\u00f4moise, dans le Loir-et-Cher.<\/p>\n<p style=\"text-align: justify;\">1947\u202f:\u202fNouvelle s\u00e9rie de conf\u00e9rences en Afrique du Nord \u2013 elles fourniront la mati\u00e8re du recueil, posthume, <em>La Libert\u00e9 pour quoi faire\u00a0?<\/em>. Emm\u00e9nagement \u00e0 Hammamet, en Tunisie\u00a0; Bernanos continue \u00e0 rouler \u00e0 moto. Il commence \u00e0 travailler sur les dialogues d\u2019un film, qui donneront les Dialogues des carm\u00e9lites. En d\u00e9cembre, publie des articles dans <em>L\u202f\u2019Intransigeant<\/em>.<\/p>\n<p style=\"text-align: justify;\">1948\u202f:\u202fEn janvier, d\u00e9m\u00e9nagement \u00e0 Gab\u00e8s. Fin janvier, Bernanos \u00e9prouve les premi\u00e8res atteintes d\u2019un cancer du foie. En mai, il est hospitalis\u00e9 \u00e0 Tunis, puis transf\u00e9r\u00e9 \u00e0 l\u2019h\u00f4pital am\u00e9ricain de Neuilly, o\u00f9 il meurt le 5 juillet. Il sera inhum\u00e9 \u00e0 Pellevoisin, dans l\u2019Indre, dont sa m\u00e8re \u00e9tait originaire.<\/p>\n<hr \/>\n<p style=\"text-align: center;\"><strong><a id=\"biblio\"><\/a>Rep\u00e8res bibliographiques<\/strong><\/p>\n<p style=\"text-align: justify;\">La <em>Lettre aux Anglais<\/em> est parue pour la premi\u00e8re fois en volume aux \u00e9ditions Atlantica, dans la collection \u00ab\u00a0L\u202f\u2019Arbre\u00a0\u00bb, \u00e0 Rio de Janeiro, en f\u00e9vrier 1942.<br \/>\n Avant cette \u00e9dition, plusieurs fragments avaient \u00e9t\u00e9 publi\u00e9s en revue\u00a0:<\/p>\n<p style=\"text-align: justify;\">La premi\u00e8re section, dat\u00e9e par Bernanos de \u00ab\u00a0D\u00e9cembre 1940\u00a0\u00bb, avait paru, traduite en anglais, dans la <em>Dublin Review<\/em> d\u2019avril 1941.<br \/>\n Le d\u00e9but de la troisi\u00e8me section, dat\u00e9e de \u00ab\u00a0Mai 1941\u00a0\u00bb, avait paru, traduit en portugais, dans le quotidien <em>O Jornal<\/em>, le 30 mai 1941, sous le titre \u00ab\u00a0La R\u00e9volte de l\u2019Esprit\u00a0\u00bb.<br \/>\n Le d\u00e9but de la deuxi\u00e8me section, dat\u00e9e de \u00ab\u00a0Mars 1941\u00a0\u00bb, avait paru, traduit en espagnol, dans la revue Sur, \u00e0 Buenos Aires, en juillet 1941.<br \/>\n La fin de la quatri\u00e8me section, dat\u00e9e de \u00ab\u00a0Juillet 1941\u00a0\u00bb, avait paru, traduite en portugais, dans le quotidien <em>O Jornal<\/em>, le 27 juillet 1941, sous le titre \u00ab\u00a0La Politique d\u2019expiation\u00a0\u00bb.<br \/>\n Le d\u00e9but de la cinqui\u00e8me section, dat\u00e9e de \u00ab\u00a0Ao\u00fbt 1941\u00a0\u00bb, avait paru, traduit en portugais, dans le quotidien <em>O Jornal<\/em>, le 2 ao\u00fbt 1941, sous le titre \u00ab\u00a0Un drame anonyme\u00a0\u00bb.<br \/>\n La fin de la septi\u00e8me et derni\u00e8re section, dat\u00e9e de \u00ab\u00a0Novembre 1941\u00a0\u00bb, avait paru, traduite en portugais, dans le quotidien <em>O Jornal<\/em>, le 31 octobre 1941, sous le titre \u00ab\u00a0La Solidarit\u00e9 des martyrs\u00a0\u00bb.<\/p>\n<p style=\"text-align: justify;\">\u0152uvres de Georges Bernanos<\/p>\n<p style=\"text-align: justify;\">L\u202f\u2019essentiel des \u00e9crits de Bernanos est disponible chez Gallimard, dans la \u00ab\u00a0Biblioth\u00e8que de la Pl\u00e9iade\u00a0\u00bb\u00a0:<\/p>\n<p style=\"text-align: justify;\"><em>\u0152uvres romanesques compl\u00e8tes suivies de Dialogue des carm\u00e9lites<\/em>, Jacques Chabot, Pierre Gille, Monique Gosselin-Noat, Michael Kohlhauer, Sarah Lacoste, \u00c9lisabeth Lagadec-Sadoulet, Philippe Le Touz\u00e9, Guillaume Louet et Andr\u00e9 Not (\u00e9ds.), Paris, Gallimard, \u00ab\u00a0Biblioth\u00e8que de la Pl\u00e9iade\u00a0\u00bb, 2015, 2 vol.<\/p>\n<p style=\"text-align: justify;\"><em>Essais et \u00e9crits de combat<\/em>, Michel Est\u00e8ve (dir.), Paris, Gallimard, \u00ab\u00a0Biblioth\u00e8que de la Pl\u00e9iade\u00a0\u00bb, 2 vol. [vol.\u00a01\u00a0: 1971\u00a0; vol.\u00a02\u00a0: 1995].<\/p>\n<p style=\"text-align: justify;\">\u00c0 ces volumes, il faut ajouter trois tomes de correspondance\u00a0:<\/p>\n<p style=\"text-align: justify;\"><em>Correspondance in\u00e9dite<\/em>, Albert B\u00e9guin, Jean-Loup Bernanos, Jean Murray (\u00e9ds.), Paris, Plon [t.\u00a01 (1971)\u00a0: \u00ab\u00a01904-1934\u00a0: combat pour la v\u00e9rit\u00e9\u00a0\u00bb\u00a0; t.\u00a02, (1971)\u00a0: \u00ab\u00a01934-1948\u00a0: combat pour la libert\u00e9\u00a0\u00bb\u00a0; t.3 (1983)\u00a0: \u00ab\u00a01904-1948\u00a0: lettres retrouv\u00e9es\u00a0\u00bb].<\/p>\n<p style=\"text-align: justify;\">Choix d\u2019\u00e9tudes critiques<\/p>\n<ul>\n<li style=\"text-align: justify;\">B\u00e9guin Albert, <em>Bernanos par lui-m\u00eame<\/em>, Paris, Seuil, 1954.<\/li>\n<li style=\"text-align: justify;\">Roux Dominique de, Kellerbach Henri (\u00e9ds.), <em>Georges Bernanos<\/em>, Paris, L\u202f\u2019Herne, 1962.<\/li>\n<li style=\"text-align: justify;\">Fabr\u00e8gues Jean de, <em>Bernanos tel qu\u2019il \u00e9tait<\/em>, Tours, Mame, 1963.<\/li>\n<li style=\"text-align: justify;\">Est\u00e8ve Michel, <em>Bernanos<\/em>, Paris, Gallimard, 1965.<\/li>\n<li style=\"text-align: justify;\">Milner Max, <em>Georges Bernanos<\/em>, Paris, Descl\u00e9e de Brouwer, 1967.<\/li>\n<li style=\"text-align: justify;\">Milner Max (\u00e9d.), <em>Bernanos, entretiens du Centre culturel de Cerisy-La-Salle, 10 au 19 juillet 1969<\/em>, Paris, Plon, 1972.<\/li>\n<li style=\"text-align: justify;\">Jurt Joseph, <em>Georges Bernanos, essai de bibliographie des \u00e9tudes en langue fran\u00e7aise consacr\u00e9es \u00e0 Georges Bernanos<\/em>, Paris, Lettres modernes Minard, 1972-1976 (3 vol.).<\/li>\n<li style=\"text-align: justify;\">Guillemin Henri, <em>Regards sur Bernanos<\/em>, Paris, Gallimard, 1976.<\/li>\n<li style=\"text-align: justify;\">Est\u00e8ve Michel, <em>Georges Bernanos : un triple itin\u00e9raire<\/em>, Paris, Hachette, 1981.<\/li>\n<li style=\"text-align: justify;\">Gille Pierre, <em>Bernanos et l\u2019angoisse\u00a0: \u00e9tude de l\u2019\u0153uvre romanesque<\/em>, Nancy, Presses universitaires de Nancy, 1984.<\/li>\n<li style=\"text-align: justify;\">Bernanos Jean-Loup, <em>Georges Bernanos \u00e0 la merci des passants<\/em>, Paris, Plon, 1986.<\/li>\n<li style=\"text-align: justify;\">Bernanos Jean-Loup, Balbont Luc, <em>Bernanos aujourd\u2019hui<\/em>, Paris, Nouvelle cit\u00e9, 1987.<\/li>\n<li style=\"text-align: justify;\">Bernanos Jean-Loup, <em>Bernanos\u00a0: iconographie<\/em>, Paris, Plon, 1988.<\/li>\n<li style=\"text-align: justify;\">Gille Pierre, Milner Max, <em>Bernanos : continuit\u00e9s et ruptures, actes du colloque international, Nancy, juin 1987<\/em>, Nancy, Presses universitaires de Nancy, 1988.<\/li>\n<li style=\"text-align: justify;\">Bruckberger Raymond-L\u00e9opold, <em>Bernanos vivant<\/em>, Paris, Albin Michel, 1988.<\/li>\n<li style=\"text-align: justify;\">Gosselin Monique, Milner Max (\u00e9ds.), <em>Bernanos et le monde moderne, actes du colloque organis\u00e9 pour le centenaire de la naissance de Bernanos 1888-1988<\/em>, Villeneuve-d\u2019Ascq, Presses universitaires de Lille, 1989.<\/li>\n<li style=\"text-align: justify;\">Renard Pierrette, <em>Georges Bernanos, t\u00e9moin<\/em>, Toulouse, Presses universitaires du Mirail, 1994.<\/li>\n<li style=\"text-align: justify;\">Le Touz\u00e9 Philippe, Milner Max, <em>Bernanos et l\u2019interpr\u00e9tation<\/em>, Paris, Klincksieck, 1996.<\/li>\n<li style=\"text-align: justify;\">Muron Louis, <em>Bernanos<\/em>, Paris, Flammarion, 1996.<\/li>\n<li style=\"text-align: justify;\">Picon Ga\u00ebtan, <em>Bernanos : l\u2019impatiente joie<\/em>, Paris, Hachette litt\u00e9ratures, 1997.<\/li>\n<li style=\"text-align: justify;\">Lapaque S\u00e9bastien, <em>Georges Bernanos, encore une fois,<\/em> Lausanne, L\u202f\u2019\u00c2ge d\u2019homme\u00a0&#8211; Lyon, Les Provinciales, 1998.<\/li>\n<li style=\"text-align: justify;\">Milner Max (\u00e9d.), <em>Bernanos : cr\u00e9ation et modernit\u00e9, actes du Colloque Cr\u00e9ation et modernit\u00e9 dans l\u2019\u0153uvre de Georges Bernanos, Lublin, 11-13 octobre 1996<\/em>, Paris, Klincksieck\u00a0&#8211; Lublin, Presses de l\u2019universit\u00e9 Marie Curie-Sklodowska, 1998.<\/li>\n<li style=\"text-align: justify;\">Durand Jean-Fran\u00e7ois, P\u00e9guy, <em>Bernanos et le monde moderne : histoire et libert\u00e9<\/em>, Paris, Honor\u00e9 Champion, 2000.<\/li>\n<li style=\"text-align: justify;\">Jurt Joseph, Milner Max, <em>Bernanos et ses lecteurs<\/em>, Berlin, A. Spitz, Paris, Klincksieck, 2001.<\/li>\n<li style=\"text-align: justify;\">Lapaque S\u00e9bastien, <em>Sous le soleil de l\u2019exil\u00a0: Georges Bernanos au Br\u00e9sil, 1938-1945<\/em>, Paris, Grasset, 2002.<\/li>\n<li style=\"text-align: justify;\">Milner Max (\u00e9d.), <em>Exil, errance et marginalit\u00e9 dans l\u2019\u0153uvre de Georges Bernanos<\/em>, Paris, Presses Sorbonne nouvelle, 2004.<\/li>\n<li style=\"text-align: justify;\">Gosselin-Noat Monique (\u00e9d.), <em>Bernanos et le Br\u00e9sil, actes du colloque organis\u00e9 en 1998 \u00e0 Rio de Janeiro<\/em>, Lille, Centre de recherches \u00ab\u00a0Roman 20-50\u00a0\u00bb, 2007.<\/li>\n<li style=\"text-align: justify;\">Gil Marie, <em>Les Deux \u00c9critures\u00a0: \u00e9tude sur Bernanos<\/em>, Paris, Cerf, 2008.<\/li>\n<li style=\"text-align: justify;\">Not Andr\u00e9 (\u00e9d.), <em>Bernanos et les \u00e2ges de la vie, actes du colloque d\u2019Aix-en-Provence, 23, 24, 25 octobre 2008<\/em>, Aix-en-Provence, Presses universitaires de Provence, 2012.<\/li>\n<li style=\"text-align: justify;\">Robinot-Serveau Karine, <em>Les Romans de Bernanos\u00a0: m\u00e9tamorphoses de la transcendance<\/em>, Paris, Classiques Garnier, 2012.<\/li>\n<li style=\"text-align: justify;\">Beno\u00eet \u00c9ric, <em>Bernanos, litt\u00e9rature et th\u00e9ologie<\/em>, Paris, Cerf, 2013.<\/li>\n<li style=\"text-align: justify;\">Gosselin-Noat Monique, <em>Bernanos, romancier du surnaturel<\/em>, Paris, Pierre-Guillaume de Roux, 2015.<\/li>\n<li style=\"text-align: justify;\">Richard Philippe, <em>L\u202f\u2019\u00c9criture de l\u2019abandon : esth\u00e9tique carm\u00e9litaine de l\u2019\u0153uvre romanesque de Georges Bernanos<\/em>, Paris, Honor\u00e9 Champion, 2015.<\/li>\n<li style=\"text-align: justify;\">Richard Philippe, <em>Tomber de tout son corps\u00a0: philosophie de Bernanos<\/em>, Paris, Hermann, 2017.<\/li>\n<\/ul>\n<p style=\"text-align: justify;\">La Soci\u00e9t\u00e9 des amis de Georges Bernanos a fait para\u00eetre \u00e0 partir de 1949 un <em>Bulletin de la Soci\u00e9t\u00e9 des amis de Georges Bernanos<\/em> (60 num\u00e9ros de 1949 \u00e0 1969, sans lieu), auquel a fait suite un <em>Courrier Georges Bernanos<\/em> (17 num\u00e9ros de 1969 \u00e0 1974, sans lieu). Puis, entre 1990 et 1995, l\u2019Association internationale des Amis de Georges Bernanos a fait para\u00eetre cinq num\u00e9ros de <em>Cahiers Georges Bernanos<\/em> (sans lieu).<\/p>\n<p style=\"text-align: justify;\">Mentionnons enfin les s\u00e9ries \u00ab\u00a0\u00c9tudes bernanosiennes\u00a0\u00bb (23 num\u00e9ros parus entre 1960 et 2004) et \u00ab\u00a0Archives Bernanos\u00a0\u00bb (12 num\u00e9ros parus entre 1966 et 2011) publi\u00e9es \u00e0 Paris, par la <em>Revue des lettres modernes<\/em>.<\/p>\n","protected":false},"excerpt":{"rendered":"<p>Georges Bernanos aux \u00e9ditions Sillage : Lettre aux Anglais 1888\u202f:\u202fNaissance de Louis \u00c9mile Cl\u00e9ment Georges Bernanos le 20 f\u00e9vrier, \u00e0 Paris, dans le 9e arrondisssement. Son p\u00e8re, \u00c9mile Bernanos, est tapissier-d\u00e9corateur\u00a0; sa m\u00e8re, Hermance Moreau, est issue d\u2019une famille de cultivateurs berrichons. L\u202f\u2019enfant grandit dans un milieu catholique tr\u00e8s pratiquant et impr\u00e9gn\u00e9 par les id\u00e9es [&hellip;]<\/p>\n","protected":false},"author":1,"featured_media":0,"parent":0,"menu_order":0,"comment_status":"closed","ping_status":"closed","template":"","meta":{"footnotes":""},"class_list":["post-2757","page","type-page","status-publish","hentry"],"_links":{"self":[{"href":"https:\/\/editions-sillage.fr\/index.php?rest_route=\/wp\/v2\/pages\/2757","targetHints":{"allow":["GET"]}}],"collection":[{"href":"https:\/\/editions-sillage.fr\/index.php?rest_route=\/wp\/v2\/pages"}],"about":[{"href":"https:\/\/editions-sillage.fr\/index.php?rest_route=\/wp\/v2\/types\/page"}],"author":[{"embeddable":true,"href":"https:\/\/editions-sillage.fr\/index.php?rest_route=\/wp\/v2\/users\/1"}],"replies":[{"embeddable":true,"href":"https:\/\/editions-sillage.fr\/index.php?rest_route=%2Fwp%2Fv2%2Fcomments&post=2757"}],"version-history":[{"count":6,"href":"https:\/\/editions-sillage.fr\/index.php?rest_route=\/wp\/v2\/pages\/2757\/revisions"}],"predecessor-version":[{"id":2763,"href":"https:\/\/editions-sillage.fr\/index.php?rest_route=\/wp\/v2\/pages\/2757\/revisions\/2763"}],"wp:attachment":[{"href":"https:\/\/editions-sillage.fr\/index.php?rest_route=%2Fwp%2Fv2%2Fmedia&parent=2757"}],"curies":[{"name":"wp","href":"https:\/\/api.w.org\/{rel}","templated":true}]}}