{"id":2629,"date":"2018-12-21T11:27:45","date_gmt":"2018-12-21T10:27:45","guid":{"rendered":"http:\/\/editions-sillage.fr\/?page_id=2629"},"modified":"2018-12-21T11:28:05","modified_gmt":"2018-12-21T10:28:05","slug":"theodor-storm","status":"publish","type":"page","link":"https:\/\/editions-sillage.fr\/?page_id=2629","title":{"rendered":"Theodor Storm"},"content":{"rendered":"<blockquote>\n<p>Theodor Storm aux \u00e9ditions Sillage :<\/p>\n<ul>\n<li><a href=\"http:\/\/editions-sillage.fr\/?p=2544\"><em>L\u2019Homme au cheval blanc<\/em><\/a><\/li>\n<\/ul>\n<\/blockquote>\n<p style=\"text-align: justify;\">1817\u202f:\u202fLe 14 septembre, naissance de Hans Theodor Woldsen Storm \u00e0 Husum, sur la c\u00f4te ouest du Schleswig\u00a0\u2013 le duch\u00e9 est alors rattach\u00e9 au royaume du Danemark. Son p\u00e8re est conseiller juridique.<\/p>\n<p style=\"text-align: justify;\">1820\u202f:\u202fNaissance de sa s\u0153ur Helene.<\/p>\n<p style=\"text-align: justify;\">1821\u202f:\u202fEntr\u00e9e \u00e0 l\u2019\u00e9cole primaire.<\/p>\n<p style=\"text-align: justify;\">1822\u202f:\u202fNaissance de sa s\u0153ur Lucie.<\/p>\n<p style=\"text-align: justify;\">1824\u202f:\u202fNaissance de son fr\u00e8re Johannes.<\/p>\n<p style=\"text-align: justify;\">1825\u202f:\u202fDans la nuit du 3 au 4 f\u00e9vrier, une temp\u00eate ravage la c\u00f4te, les eaux atteignant la place du march\u00e9 d\u2019Husum\u00a0\u2013 on d\u00e9nombrera 800 victimes.<\/p>\n<p style=\"text-align: justify;\">1826\u202f:\u202fNaissance de son fr\u00e8re Otto. \u00c0 l\u2019automne, entr\u00e9e au Gelehrtenschule, \u00e9tablissement que Storm quittera en 1835. Il d\u00e9couvre Goethe et Schiller.<\/p>\n<p style=\"text-align: justify;\">1829\u202f:\u202f\u00c0 la mort de sa s\u0153ur Lucie, Storm \u00e9crit son premier po\u00e8me.<\/p>\n<p style=\"text-align: justify;\">1833\u202f:\u202fNaissance de son fr\u00e8re Aemil.<\/p>\n<p style=\"text-align: justify;\">1835\u202f:\u202fInt\u00e8gre le lyc\u00e9e Katharineum de L\u00fcbeck. D\u00e9couvre Heine et Eichendorff. Il fait la connaissance du po\u00e8te et dramaturge Emanuel Geibel.<\/p>\n<p style=\"text-align: justify;\">1836\u202f:\u202fObtient son baccalaur\u00e9at.<\/p>\n<p style=\"text-align: justify;\">1837\u202f:\u202f\u00c9tudes de droit \u00e0 l\u2019universit\u00e9 de Kiel. En septembre, fian\u00e7ailles avec Emma K\u00fchl\u00a0; elles seront rompues l\u2019ann\u00e9e suivante.<\/p>\n<p style=\"text-align: justify;\">1838\u202f:\u202fPoursuit ses \u00e9tudes de droit \u00e0 Berlin.<\/p>\n<p style=\"text-align: justify;\">1839\u202f:\u202fStorm revient \u00e0 Kiel, o\u00f9 il se lie d\u2019amiti\u00e9 avec les fr\u00e8res Theodor et Tycho Mommsen. D\u00e9couverte de Eduard M\u00f6rike.<\/p>\n<p style=\"text-align: justify;\">1840\u202f:\u202fStorm, qui habite avec Theodor Mommsen, entreprend avec lui et Tycho de recueillir des contes et l\u00e9gendes du Schleswig-Holstein\u00a0; il publie ses premiers po\u00e8mes.<\/p>\n<p style=\"text-align: justify;\">1842\u202f:\u202fBertha von Buchan, \u00e2g\u00e9e de 16 ans, refuse sa proposition de mariage. Son dipl\u00f4me obtenu, Storm travaille dans l\u2019\u00e9tude de son p\u00e8re.<\/p>\n<p style=\"text-align: justify;\">1843\u202f:\u202fDe retour \u00e0 Husum, Storm devient avocat en f\u00e9vrier. Publication avec les fr\u00e8res Mommsen du <em>Liederbuch dreier Freunde<\/em>.<\/p>\n<p style=\"text-align: justify;\">1844\u202f:\u202fStorm se fiance \u00e0 sa cousine Constanze Esmarch, avec laquelle il se mariera deux ans plus tard.<\/p>\n<p style=\"text-align: justify;\">1847\u202f:\u202fMort de sa s\u0153ur Helene. D\u00e9but d\u2019une longue liaison avec Dorothea Jensen, qu\u2019il \u00e9pousera finalement en 1866.<\/p>\n<p style=\"text-align: justify;\">1848\u202f:\u202fParution de son premier r\u00e9cit en prose, <em>Marthe und ihre Uhr <\/em>(<em>Marthe et sa montre<\/em>, non traduit)<em>.<\/em> La Premi\u00e8re guerre de Schleswig \u00e9clate en mai apr\u00e8s l\u2019annexion du duch\u00e9 par le Danemark et l\u2019intervention de la Prusse\u00a0; progressiste, li\u00e9 aux milieux nationalistes, Storm devient secr\u00e9taire de la Soci\u00e9t\u00e9 des volontaires patriotes\u00a0\u2013 il donne \u00e9galement des articles au <em>Schleswig<\/em><em>&#8211;<\/em><em>Holsteinische Zeitung<\/em>, proche du gouvernement provisoire et dont Theodor Mommsen est le r\u00e9dacteur en chef. Le jour de No\u00ebl, naissance de son premier fils, Hans\u00a0; ils auront une relation difficile.<\/p>\n<p style=\"text-align: justify;\">1849\u202f:\u202fParution du roman <em>Immensee <\/em>(<em>Immensee<\/em>). La m\u00eame ann\u00e9e, il \u00e9crit pour son fils Hans le conte <em>Der kleine H\u00e4welmann<\/em> (<em>Jean<\/em><em>&#8211;<\/em><em>le<\/em><em>&#8211;<\/em><em>Mignot<\/em>).<\/p>\n<p style=\"text-align: justify;\">1851\u202f:\u202fNaissance de son fils Ernst.<\/p>\n<p style=\"text-align: justify;\">1852\u202f:\u202fLe conflit contre le Danemark se solde par une d\u00e9faite des patriotes\u00a0; Storm se voit retirer son privil\u00e8ge d\u2019avocat par le gouvernement danois. Il exercera \u00e0 Potsdam l\u2019ann\u00e9e suivante. Publie un premier recueil de po\u00e8mes.<\/p>\n<p style=\"text-align: justify;\">1853\u202f:\u202fEntre en correspondance avec Theodor Fontane et Paul Heyse. Naissance de son fils Karl.<\/p>\n<p style=\"text-align: justify;\">1854\u202f:\u202fParution des nouvelles <em>Im Sonnenschein<\/em> (<em>Au soleil<\/em>,\u00a0non traduit) et de <em>Ein gr\u00fcnes Blatt <\/em>(<em>Une feuille verte<\/em>, non traduit).<\/p>\n<p style=\"text-align: justify;\">1856\u202f:\u202fEmm\u00e9nagement \u00e0 Heiligenstadt en Thuringe, o\u00f9 Storm devient juge. Nouvelle \u00e9dition de ses po\u00e8mes.<\/p>\n<p style=\"text-align: justify;\">1859\u202f:\u202fParution de <em>Auf dem Staatshof<\/em> (<em>Au \u00ab\u00a0Staatshof\u00a0\u00bb<\/em>). Storm fonde une soci\u00e9t\u00e9 de chant choral.<\/p>\n<p style=\"text-align: justify;\">1860\u202f:\u202fNaissance de sa fille Lucie.<\/p>\n<p style=\"text-align: justify;\">1862\u202f:\u202fParution de la nouvelle <em>Am Kamin <\/em>(<em>Au coin du feu<\/em>).<\/p>\n<p style=\"text-align: justify;\">1863\u202f:\u202fParution des nouvelles <em>Auf der Universit\u00e4t<\/em> (<em>\u00c0 l\u2019universit\u00e9<\/em>) et <em>Abseits <\/em>(<em>Au<\/em><em>&#8211;<\/em><em>dehors<\/em>, non traduit). Naissance de sa fille Elsabe.<\/p>\n<p style=\"text-align: justify;\">1864\u202f:\u202fLa Prusse occupe le Schleswig\u00a0; Storm est \u00e9lu Landvogt \u2013 juge et chef de la police \u2013 de la ville d\u2019Husum, o\u00f9 il rentre le 12 mars. Parution du conte <em>Die Regentrude<\/em> (<em>La Dame de la pluie<\/em>).<\/p>\n<p style=\"text-align: justify;\">1865\u202f:\u202fNaissance de sa fille Gertrud\u00a0; son \u00e9pouse meurt le 24 mai des suites de l\u2019accouchement. En septembre, il est l\u2019invit\u00e9 de Tourgu\u00e9niev \u00e0 Baden-Baden.<\/p>\n<p style=\"text-align: justify;\">1866\u202f:\u202fLe 13 juin, mariage avec Dorothea Jensen.<\/p>\n<p style=\"text-align: justify;\">1867\u202f:\u202fLes duch\u00e9s de Schleswig et Holstein sont annex\u00e9s par la Prusse. Publication de <em>Eine Malerarbeit<\/em> (<em>Un travail de peintre<\/em>).<\/p>\n<p style=\"text-align: justify;\">1868\u202f:\u202fOppos\u00e9 \u00e0 la tutelle prussienne, Storm est d\u00e9mis de ses fonctions de Landvogt et devient simple juge de district\u00a0; pour compl\u00e9ter ses revenus, il est contraint de louer le rez-de-chauss\u00e9e de sa maison. Naissance de sa fille Friederike. Parution d\u2019une \u00e9dition de ses \u0153uvres en six volumes chez G.\u00a0Westermann.<\/p>\n<p style=\"text-align: justify;\">1870\u202f:\u202fStorm se d\u00e9clare oppos\u00e9 \u00e0 la guerre men\u00e9e par la Prusse contre la France.<\/p>\n<p style=\"text-align: justify;\">1872\u202f:\u202fParution de <em>Drau\u00dfen im Heidedorf <\/em>(<em>Au village, l\u00e0<\/em><em>&#8211;<\/em><em>bas, sur la lande<\/em>).<\/p>\n<p style=\"text-align: justify;\">1874\u202f:\u202fPublication de <em>Pole Poppensp\u00e4ler<\/em> (<em>Paul, le joueur de marionnettes<\/em>), conte pour enfants. Mort de son p\u00e8re.<\/p>\n<p style=\"text-align: justify;\">1876\u202f:\u202fPublication de la nouvelle <em>Aquis submersus <\/em>(<em>Aquis submersus<\/em>).<\/p>\n<p style=\"text-align: justify;\">1877\u202f:\u202fEntre en correspondance avec Gottfried Keller.<\/p>\n<p style=\"text-align: justify;\">1878\u202f:\u202fParution de deux nouvelles, <em>Renate <\/em>(<em>Renate<\/em>) et <em>Carsten<\/em> <em>Curator <\/em>(<em>Carsten Curator<\/em>).<\/p>\n<p style=\"text-align: justify;\">1879\u202f:\u202fMort de sa m\u00e8re. Parution de <em>Zur \u201cWald<\/em><em>&#8211;<\/em><em> und Wasserfreude\u201d <\/em>(<em>\u00c0 l\u2019auberge \u00ab\u00a0Aux plaisirs de la for\u00eat et de l\u2019eau\u00a0\u00bb<\/em>), <em>Im Brauerhaus <\/em>(<em>Dans la maison du brasseur<\/em>), <em>Eekenhof <\/em>(<em>Eekenhof<\/em>).<\/p>\n<p style=\"text-align: justify;\">1880\u202f:\u202fStorm, qui a obtenu une promotion l\u2019ann\u00e9e pr\u00e9c\u00e9dente, prend sa retraite\u00a0; il vend sa maison d\u2019Husum et s\u2019installe \u00e0 Hademarschen, o\u00f9 vit son fr\u00e8re Johannes. Parution de la nouvelle <em>Die S\u00f6hne des Senators<\/em> (<em>Les Fils du s\u00e9nateur<\/em>).<\/p>\n<p style=\"text-align: justify;\">1881\u202f:\u202fParution de <em>Der Herr Etatsrat<\/em> (<em>Monsieur le Conseiller d\u2019\u00c9tat<\/em>).<\/p>\n<p style=\"text-align: justify;\">1882\u202f:\u202fParution de la nouvelle <em>Hans und Heinz Kirch <\/em>(<em>Hans et Heinz Kirch<\/em>).<\/p>\n<p style=\"text-align: justify;\">1883\u202f:\u202fIl est d\u00e9cor\u00e9 du <em>Bayerischer Maximiliansorden f\u00fcr Wissenschaft und Kunst<\/em> (Ordre de Maximilien de Bavi\u00e8re pour la Science et les Arts).<\/p>\n<p style=\"text-align: justify;\">1885\u202f:\u202fPublication de <em>John Riew <\/em>(<em>John Riew<\/em>) et de <em>Ein Fest auf Haderslevhuus <\/em>(<em>Une f\u00eate \u00e0 Haderslevhuus<\/em>).<\/p>\n<p style=\"text-align: justify;\">1886\u202f:\u202fStorm commence \u00e0 travailler \u00e0 ce qui deviendra <em>Der Schimmelreiter<\/em> (<em>L<\/em>\u202f<em>\u2019Homme au cheval blanc<\/em>). Sa sant\u00e9 se d\u00e9t\u00e9riore. En d\u00e9cembre, mort de son fils Hans.<\/p>\n<p style=\"text-align: justify;\">1887\u202f:\u202fParution de <em>Ein Doppelg\u00e4nger <\/em>(<em>John Hansen et son double<\/em>) et de<em> Ein Bekenntnis <\/em>(<em>Une confession<\/em>).<\/p>\n<p style=\"text-align: justify;\">1888\u202f:\u202fEn f\u00e9vrier, Storm ach\u00e8ve <em>Der Schimmelreiter<\/em> (<em>L<\/em>\u202f<em>\u2019Homme au cheval blanc<\/em>), consid\u00e9r\u00e9 comme son chef- d\u2019\u0153uvre. Il meurt le 4 juillet, \u00e0 Hademarschen. Il est enterr\u00e9 dans sa ville natale, au cimeti\u00e8re St.-J\u00fcrgen-Friedhof.<\/p>\n<p style=\"text-align: justify;\"><strong><a id=\"biblio\"><\/a>Rep\u00e8res bibliographiques<\/strong><\/p>\n<p style=\"text-align: justify;\"><strong>\u00c9ditions de<em> Der Schimmelreiter<\/em><\/strong><\/p>\n<p style=\"text-align: justify;\"><em>\u00a0<\/em><em>Der Schimmelreiter<\/em> parut dans le num\u00e9ro 55 (avril-juin 1888) de la revue <em>Deutsche Rundschau<\/em>, publi\u00e9e \u00e0 Berlin par la maison Gebr\u00fcder Paetel. Il fut repris en volume cette m\u00eame ann\u00e9e, chez le m\u00eame \u00e9diteur.<\/p>\n<p style=\"text-align: justify;\">Deux traductions fran\u00e7aises ont paru \u00e0 ce jour\u00a0: la premi\u00e8re sous le titre <em>L<\/em>\u202f<em>\u2019Homme au cheval gris<\/em>, par Robert Pitrou (Paris, Delamain et Boutelleau, 1928)\u00a0; la seconde, reproduite dans le pr\u00e9sent volume, sous le titre <em>L<\/em>\u202f<em>\u2019Homme au cheval blanc<\/em>, par Raymond Dhaleine (Paris, Aubier, 1945).<\/p>\n<p style=\"text-align: justify;\"><strong>\u0152uvres compl\u00e8tes<\/strong><\/p>\n<p style=\"text-align: justify;\"><em>S\u00e4mtliche Werke<\/em> (\u00e9d. Peter Goldammer), Berlin-Weimar, Aufbau Verlag, 1972, 4 vol.<\/p>\n<p style=\"text-align: justify;\"><em>S\u00e4mtliche Werke<\/em> (\u00e9ds. Karl Ernst Laage et Dieter Lohmeier), Francfort-sur-le-Main, Deutscher Klassiker Verlag, 1987-1988, 4 vol.<\/p>\n<p style=\"text-align: justify;\"><strong>\u0152uvres en traduction<\/strong><\/p>\n<p style=\"text-align: justify;\"><strong>Contes, nouvelles, r\u00e9cits<\/strong><\/p>\n<p style=\"text-align: justify;\"><em>Aquis submersus<\/em>, trad. par Robert Pitrou, Paris, Aubier, 1929.<\/p>\n<p style=\"text-align: justify;\"><em>Contes du tonneau<\/em>, trad. par Paul Berlin, Paris, Delagrave, 1936.<\/p>\n<p style=\"text-align: justify;\"><em>Contes du tonneau, suivis de trois nouvelles <\/em>[\u00ab\u00a0Au village, l\u00e0-bas, sur la lande\u00a0\u00bb, \u00ab\u00a0Au \u201cStaatshof\u201d\u00a0\u00bb et \u00ab\u00a0Une f\u00eate \u00e0 Haderslevhuus\u00a0\u00bb], trad. par Robert Pitrou, Paris, Aubier, 1943.<\/p>\n<p style=\"text-align: justify;\"><em>La Dame de la pluie<\/em>, trad. par Pierre Nicolas, Paris, \u00c9ditions mondiales, 1973.<\/p>\n<p style=\"text-align: justify;\"><em>Les Fils du s\u00e9nateur<\/em>, trad. par Alain Pr\u00e9aux, Bruxelles, Le Cri, 2006.<\/p>\n<p style=\"text-align: justify;\"><em>Hans et Heinz Kirsch<\/em>, trad. par Robert Pitrou, Paris, Aubier, 1930\u00a0; nouvelle trad. sous le titre <em>Le Fils du marin<\/em>, par Roland Fuent\u00e8s, Paris, Syros, 2007.<\/p>\n<p style=\"text-align: justify;\"><em>Immensee<\/em>, trad. par Alzir Hella et Olivier Bournac, Paris, Stock, Delamain et Boutelleau, 1930\u00a0; nouvelle trad. sous le titre <em>Le Lac aux avettes<\/em>, par Charles Jeanson, Villers-Cotter\u00eats, Ressouvenances, 2016.<\/p>\n<p style=\"text-align: justify;\"><em>Jean<\/em><em>&#8211;<\/em><em>le<\/em><em>&#8211;<\/em><em>Mignot<\/em>, trad. par G\u00e9raldine Elschner, Saint-Germain-en-Laye, \u00c9ditions Nord-Sud, 1995.<\/p>\n<p style=\"text-align: justify;\"><em>Nouvelles<\/em>, trad. d\u2019Alain Cozic, Paris, Les Belles Lettres, 2018 [comprend \u00ab\u00a0Au coin du feu\u00a0\u00bb, \u00ab\u00a0Au ch\u00e2teau\u00a0\u00bb, \u00ab\u00a0\u00c0 l\u2019universit\u00e9\u00a0\u00bb, \u00ab\u00a0Un travail de peintre\u00a0\u00bb, \u00ab\u00a0Un paisible musicien\u00a0\u00bb, \u00ab\u00a0\u00c0 l\u2019auberge \u201cAux plaisirs de la for\u00eat et de l\u2019eau\u201d\u00a0\u00bb, \u00ab\u00a0Dans la maison du brasseur\u00a0\u00bb et \u00ab\u00a0Monsieur le Conseiller d\u2019\u00c9tat\u00a0\u00bb].<\/p>\n<p style=\"text-align: justify;\"><em>Les Ombres grises du souvenir<\/em>, trad. d\u2019Alain Cozic, Toulouse, \u00c9ditions Ombres, 1990 [comprend \u00ab\u00a0Carsten Curator\u00a0\u00bb, \u00ab\u00a0John Riew\u00a0\u00bb, \u00ab\u00a0John Hansen et son double\u00a0\u00bb et \u00ab Une confession\u00a0\u00bb].<\/p>\n<p style=\"text-align: justify;\"><em>Paul, le joueur de marionnettes<\/em>, adapt\u00e9 par Manfred Schenker, Neuch\u00e2tel, Delachaux et Niestl\u00e9, 1934.<\/p>\n<p style=\"text-align: justify;\"><em>Pour la chronique de Grieshuus,<\/em> trad. par Robert Pitrou, Paris, Aubier, 1954.<\/p>\n<p style=\"text-align: justify;\"><em>Renate<\/em>, suivi de<em> Eekenhof<\/em>, trad. par Robert Pitrou et Maurice Denis, Paris, \u00c9ditions Montaigne, Fernand Aubier, 1931.<\/p>\n<p style=\"text-align: justify;\"><em>Viola Tricolor et autres nouvelles<\/em>, trad. par Jean-Pierre Chassagne, Saint-\u00c9tienne, Publications de l\u2019Universit\u00e9 de Saint-\u00c9tienne, 2010 [comprend \u00ab\u00a0Viola Tricolor\u00a0\u00bb, \u00ab\u00a0En face, sur la place du march\u00e9\u00a0\u00bb, et \u00ab\u00a0L\u202f\u2019Ermitage dans la for\u00eat\u00a0\u00bb].<\/p>\n<p style=\"text-align: justify;\"><strong>Po\u00e9sie<\/strong><\/p>\n<p style=\"text-align: justify;\"><em>Dix po\u00e8mes<\/em>, trad. par Herbert Holl, Nantes, \u00c9ditions du Nadir, 1981.<\/p>\n<p style=\"text-align: justify;\"><em>Floril\u00e8ge po\u00e9tique de T. Storm<\/em>, transcriptions po\u00e9tiques par Ambroise-Luc, Saint-Sernin, \u00c9ditions du Lanceur de pierres, 2017.<\/p>\n<p style=\"text-align: justify;\"><strong>\u00c9tudes critiques<\/strong><\/p>\n<p style=\"text-align: justify;\">Pitrou Robert, <em>La Vie et l\u2019\u0153uvre de Theodor Storm (1817<\/em><em>&#8211;<\/em><em>1888)<\/em>, Paris, Alcan, 1920.<\/p>\n<p style=\"text-align: justify;\">Wooley Elmer Otto, <em>Studies in Theodor Storm<\/em>, Bloomington, Indiana University, 1943.<\/p>\n<p style=\"text-align: justify;\">Wedberg Lloyd Warren, <em>The Theme of Loneliness in Theodor Storm\u2019s Novellen<\/em>, La Haye-Londres-Paris, Mouton, 1964.<\/p>\n<p style=\"text-align: justify;\">Teitge Hans Erich, <em>Theodor Storm Bibliographie<\/em>, Berlin, Deutsche Staatsbibliothek, 1967.<\/p>\n<p style=\"text-align: justify;\">McCormick Edward Allen, <em>Theodor Storm\u2019s Novellen\u00a0: essays on literary technique<\/em>, Chapel Hill, University of North Carolina Press, 1964.<\/p>\n<p style=\"text-align: justify;\">Rogers Terence John, <em>Techniques of solipsism\u00a0: a study of Theodor Storm\u2019s narrative fiction<\/em>, Cambridge, The Modern Humanities Research Association, 1970.<\/p>\n<p style=\"text-align: justify;\">Alt Arthur Tilo, <em>Theodor Storm<\/em>, New York, Twayne Publishers, 1973.<\/p>\n<p style=\"text-align: justify;\">Artiss David, <em>Theodor Storm\u00a0: studies in ambivalence\u00a0: symbol and myth in his narrative fiction<\/em>, Amsterdam, J.\u00a0Benjamins, 1978.<\/p>\n<p style=\"text-align: justify;\">Fasold Regina, <em>Theodor Storm<\/em>, Leipzig, Biblio-graphisches Institut, 1988.<\/p>\n<p style=\"text-align: justify;\">Sobel Alfred, <em>Theodor Storm Bibliographie, 1967<\/em><em>&#8211;<\/em><em>1991<\/em>, Wiesbaden, A. Sobel, 1993.<\/p>\n","protected":false},"excerpt":{"rendered":"<p>Theodor Storm aux \u00e9ditions Sillage : L\u2019Homme au cheval blanc 1817\u202f:\u202fLe 14 septembre, naissance de Hans Theodor Woldsen Storm \u00e0 Husum, sur la c\u00f4te ouest du Schleswig\u00a0\u2013 le duch\u00e9 est alors rattach\u00e9 au royaume du Danemark. Son p\u00e8re est conseiller juridique. 1820\u202f:\u202fNaissance de sa s\u0153ur Helene. 1821\u202f:\u202fEntr\u00e9e \u00e0 l\u2019\u00e9cole primaire. 1822\u202f:\u202fNaissance de sa s\u0153ur Lucie. [&hellip;]<\/p>\n","protected":false},"author":1,"featured_media":0,"parent":0,"menu_order":0,"comment_status":"closed","ping_status":"closed","template":"","meta":{"footnotes":""},"class_list":["post-2629","page","type-page","status-publish","hentry"],"_links":{"self":[{"href":"https:\/\/editions-sillage.fr\/index.php?rest_route=\/wp\/v2\/pages\/2629","targetHints":{"allow":["GET"]}}],"collection":[{"href":"https:\/\/editions-sillage.fr\/index.php?rest_route=\/wp\/v2\/pages"}],"about":[{"href":"https:\/\/editions-sillage.fr\/index.php?rest_route=\/wp\/v2\/types\/page"}],"author":[{"embeddable":true,"href":"https:\/\/editions-sillage.fr\/index.php?rest_route=\/wp\/v2\/users\/1"}],"replies":[{"embeddable":true,"href":"https:\/\/editions-sillage.fr\/index.php?rest_route=%2Fwp%2Fv2%2Fcomments&post=2629"}],"version-history":[{"count":2,"href":"https:\/\/editions-sillage.fr\/index.php?rest_route=\/wp\/v2\/pages\/2629\/revisions"}],"predecessor-version":[{"id":2631,"href":"https:\/\/editions-sillage.fr\/index.php?rest_route=\/wp\/v2\/pages\/2629\/revisions\/2631"}],"wp:attachment":[{"href":"https:\/\/editions-sillage.fr\/index.php?rest_route=%2Fwp%2Fv2%2Fmedia&parent=2629"}],"curies":[{"name":"wp","href":"https:\/\/api.w.org\/{rel}","templated":true}]}}