{"id":1713,"date":"2017-07-20T10:52:59","date_gmt":"2017-07-20T08:52:59","guid":{"rendered":"http:\/\/editions-sillage.fr\/?page_id=1713"},"modified":"2018-06-05T12:49:06","modified_gmt":"2018-06-05T10:49:06","slug":"georges-darien","status":"publish","type":"page","link":"https:\/\/editions-sillage.fr\/?page_id=1713","title":{"rendered":"Georges Darien"},"content":{"rendered":"<blockquote>\n<p>Georges Darien aux \u00e9ditions Sillage :<\/p>\n<ul>\n<li><a href=\"http:\/\/editions-sillage.fr\/?p=227\"><em>Biribi<\/em><\/a><\/li>\n<\/ul>\n<\/blockquote>\n<p style=\"text-align: justify;\"><strong>1862<\/strong>\u00a0: Le 6 avril, naissance de Georges-Hippolyte Adrien, \u00e0 Paris, fils d\u2019Honor\u00e9 Adrien, marchand de nouveaut\u00e9s issu d\u2019une vieille famille protestante, et de Fran\u00e7oise Chatel.<\/p>\n<p style=\"text-align: justify;\"><strong>1869<\/strong>\u00a0: Mort de sa m\u00e8re. Son p\u00e8re se remarie avec \u00c9lise-Antoinette Schlumberger, une protestante tr\u00e8s d\u00e9vote avec laquelle l\u2019enfant ne s\u2019entend pas.<\/p>\n<p style=\"text-align: justify;\"><strong>1871-1880\u00a0<\/strong>: \u00c9tudes au lyc\u00e9e Charlemagne.<\/p>\n<p style=\"text-align: justify;\"><strong>1881<\/strong>\u00a0: Le 16 mars, Adrien devance l\u2019appel \u00e0 la conscription et s\u2019engage dans l\u2019arm\u00e9e. Ses manquements \u00e0 la discipline lui valent des punitions fr\u00e9quentes.<\/p>\n<p style=\"text-align: justify;\"><strong>1883<\/strong>\u00a0: Le 23 juin, le conseil de guerre le condamne \u00e0 trente-trois mois de travaux forc\u00e9s \u00e0 \u00ab\u00a0Biribi\u00a0\u00bb\u00a0\u2013 plus pr\u00e9cis\u00e9ment au bagne militaire de Gafsa, en Tunisie.<\/p>\n<p style=\"text-align: justify;\"><strong>1886<\/strong>\u00a0: Le 16 mars, Adrien est lib\u00e9r\u00e9. Il rentre \u00e0 Paris o\u00f9, ayant rompu avec sa famille, il s\u2019installe rue de l\u2019Od\u00e9on. On ne lui conna\u00eet pas d\u2019occupation r\u00e9guli\u00e8re. Il fr\u00e9quente les milieux anarchistes, fait la connaissance de Gabriel-Albert Aurier, Rodolphe Darzens, \u00c9douard Dubus, Alphonse Allais et collabore \u00e0 diverses revues (<em>La Plume<\/em>,<em> La Revue d\u2019aujourd\u2019hui<\/em>,<em> Le Moderniste illustr\u00e9<\/em>,<em> La Revue ind\u00e9pendante<\/em>,<em> Le Roquet<\/em>).<\/p>\n<p style=\"text-align: justify;\"><strong>1887\u00a0<\/strong>: \u00c9criture d\u2019une pi\u00e8ce en collaboration avec Gabriel-Albert Aurier, <em>Bacheli\u00e8re\u00a0!<\/em>, qui ne sera jamais jou\u00e9e.<\/p>\n<p style=\"text-align: justify;\"><strong>1888<\/strong>\u00a0: Georges Adrien propose \u00e0 l\u2019\u00e9diteur Savine, sous le pseudonyme de Georges Darien, son roman sur le bagne <em>Biribi, discipline militaire\u00a0<\/em>: l\u2019\u00e9diteur accepte, puis renonce, de peur de poursuites judiciaires. Les d\u00e9marches de Darien aupr\u00e8s d\u2019autres \u00e9diteurs aboutiront au m\u00eame r\u00e9sultat.<\/p>\n<p style=\"text-align: justify;\"><strong>1889<\/strong>\u00a0: Sur commande de Savine, Darien \u00e9crit <em>Bas les c\u0153urs\u00a0!<\/em>, qui para\u00eet le 28 d\u00e9cembre\u00a0\u2013 il s\u2019agit de sa premi\u00e8re publication sous le pseudonyme de Darien.<\/p>\n<p style=\"text-align: justify;\"><strong>1890<\/strong>\u00a0: Lucien Descaves publie <em>Sous<\/em><em>&#8211;<\/em><em>Offs<\/em>, qui lui vaut un proc\u00e8s pour outrage \u00e0 l\u2019arm\u00e9e. Le scandale d\u00e9cide Savine \u00e0 publier <em>Biribi<\/em>, le 22 f\u00e9vrier. L\u2019ouvrage conna\u00eet un lancement relativement discret\u00a0; l\u2019\u00e9diteur et l\u2019auteur \u00e9chappent aux poursuites. Il suscite n\u00e9anmoins un d\u00e9bat au Parlement qui aboutit \u00e0 la suppression officielle du bagne\u00a0\u2013 il continuera cependant d\u2019exister dans les faits. Darien fait la connaissance de L\u00e9on Bloy. Il publie <em>Les Vrais Sous<\/em><em>&#8211;<\/em><em>Offs<\/em> avec \u00c9douard Dubus \u2013\u00a0il s\u2019agit d\u2019une parodie des attaques lanc\u00e9es contre Descaves. Le 13 juin, repr\u00e9sentation des <em>Chapons<\/em>, adaptation d\u2019un chapitre de <em>Bas les c\u0153urs\u00a0! <\/em>co-\u00e9crite avec Lucien Descaves, au Th\u00e9\u00e2tre-Libre d\u2019Andr\u00e9 Antoine. Le scandale qui s\u2019ensuit contribue \u00e0 faire conna\u00eetre Darien.<\/p>\n<p style=\"text-align: justify;\"><strong>1891<\/strong>\u00a0: <em>Les Pharisiens<\/em>, roman en forme de pamphlet dirig\u00e9 contre le monde de l\u2019\u00e9dition, comprenant de violentes charges contre Drumont et contre l\u2019\u00e9diteur Savine, refus\u00e9 par Stock, para\u00eet chez Genonceaux, mais n\u2019obtient aucun \u00e9cho dans la presse. Darien se tourne vers l\u2019anarchisme\u00a0; il collabore \u00e0 la revue <em>L<\/em><em>\u2019En-dehors<\/em> de Zo d\u2019Axa avant qu\u2019un duel ne mette fin \u00e0 leur collaboration, l\u2019ann\u00e9e suivante.<\/p>\n<p style=\"text-align: justify;\"><strong>1893<\/strong>\u00a0: En novembre, Darien fonde l\u2019hebdomadaire <em>L<\/em><em>\u2019Escarmouche<\/em>, qui para\u00eet jusqu\u2019en mars 1894. Il r\u00e9dige l\u2019int\u00e9gralit\u00e9 des articles et obtient des illustrations de Toulouse-Lautrec, Steinlen, Bonnard\u2026<\/p>\n<p style=\"text-align: justify;\"><strong>1894<\/strong>\u00a0: Le 1<sup>er\u00a0<\/sup>ao\u00fbt, Darien part en Angleterre pour \u00e9chapper \u00e0 la r\u00e9pression qui touche les milieux anarchistes apr\u00e8s l\u2019assassinat de Sadi Carnot par Caserio. On ignore tout de son existence et de ses moyens de subsistance \u00e0 Londres.<\/p>\n<p style=\"text-align: justify;\"><strong>1897<\/strong>\u00a0: En d\u00e9cembre, parution du <em>Voleur<\/em>, chez Stock. L\u2019ouvrage, salu\u00e9 par Alphonse Allais, un proche de Darien, et qu\u2019Alfred Jarry fera figurer dans la \u00ab\u00a0biblioth\u00e8que du Docteur Faustroll\u00a0\u00bb, passe inaper\u00e7u.<\/p>\n<p style=\"text-align: justify;\"><strong>1898<\/strong>\u00a0: <em>L<\/em><em>\u2019Ami de l\u2019ordre<\/em>, pi\u00e8ce sur la Commune, est jou\u00e9e au th\u00e9\u00e2tre du Grand-Guignol.<\/p>\n<p style=\"text-align: justify;\"><strong>1899<\/strong>\u00a0: Parution de <em>Can we disarm\u00a0?<\/em>, pamphlet \u00e9crit avec Joseph Mac Cabe. Mariage avec Suzanne Caroline Abresch, n\u00e9e \u00e0 Londres de parents allemands.<\/p>\n<p style=\"text-align: justify;\"><strong>1900<\/strong>\u00a0: En novembre, Stock publie son pamphlet <em>La Belle France<\/em>.<\/p>\n<p style=\"text-align: justify;\"><strong>1903<\/strong>\u00a0: D\u00e9but de sa collaboration avec la revue anarchiste <em>L<\/em><em>\u2019Ennemi du peuple<\/em>.<\/p>\n<p style=\"text-align: justify;\"><strong>1904<\/strong>\u00a0: Participe au congr\u00e8s antimilitariste d\u2019Amsterdam. \u00c0 Londres, parution de <em>Gottlieb Krumm, made in England<\/em>, \u00e9crit en anglais.<\/p>\n<p style=\"text-align: justify;\"><strong>1905<\/strong>\u00a0: Retour \u00e0 Paris. Parution de <em>L<\/em><em>\u2019\u00c9paulette<\/em> chez Fasquelle\u00a0\u2013 l\u2019ouvrage, \u00e9crit cinq ans plus t\u00f4t, refus\u00e9 par nombre d\u2019\u00e9diteurs, ne rencontre aucun succ\u00e8s.<\/p>\n<p style=\"text-align: justify;\"><strong>1906<\/strong>\u00a0: Sa pi\u00e8ce <em>Le Parvenu<\/em> est jou\u00e9e aux Bouffes du Nord, et peine \u00e0 trouver son public. En mai, Darien se porte candidat aux \u00e9lections l\u00e9gislatives pour l\u2019obscur Parti Socialiste rationnel. En novembre, une adaptation de <em>Biribi<\/em> mont\u00e9e au th\u00e9\u00e2tre Antoine conna\u00eet un grand succ\u00e8s.<\/p>\n<p style=\"text-align: justify;\"><strong>1909\u00a0<\/strong>: Sa pi\u00e8ce <em>Non\u00a0! elle n\u2019est pas coupable\u00a0!<\/em>, qui prend la d\u00e9fense d\u2019une femme accus\u00e9e d\u2019avoir tu\u00e9 son mari et sa m\u00e8re, est jou\u00e9e au th\u00e9\u00e2tre Moli\u00e8re. C\u2019est un \u00e9chec. Darien publie les brochures <em>Paris et la question du sol<\/em> et <em>La Terre n\u2019a pas de ma\u00eetre<\/em>. Il lance le journal <em>Terre libre<\/em>. Fondation de l\u2019Union syndicale des artistes dramatiques, dont Darien est nomm\u00e9 pr\u00e9sident.<\/p>\n<p style=\"text-align: justify;\"><strong>1910\u00a0<\/strong>: <em>Les Mots sur le mur<\/em> est jou\u00e9 aux Folies Dramatiques\u00a0; nouvel \u00e9chec. L\u2019Union Syndicale des artistes dramatiques perturbe une repr\u00e9sentation de <em>Tosca <\/em>\u00e0 l\u2019Op\u00e9ra-Comique.<\/p>\n<p style=\"text-align: justify;\"><strong>1911<\/strong>\u00a0: Darien se lance dans une campagne pour la r\u00e9forme de l\u2019imp\u00f4t. Il met sur pied une section parisienne de la <em>Ligue pour l\u2019imp\u00f4t unique<\/em>, inspir\u00e9e des id\u00e9es de l\u2019\u00e9conomiste am\u00e9ricain Henry George, et fait para\u00eetre une <em>Revue de l\u2019imp\u00f4t unique<\/em>.<\/p>\n<p style=\"text-align: justify;\"><strong>1912<\/strong>\u00a0: Darien est candidat de la <em>Ligue pour l\u2019imp\u00f4t unique<\/em> aux \u00e9lections l\u00e9gislatives et municipales.<\/p>\n<p style=\"text-align: justify;\"><strong>1913<\/strong>\u00a0: Dissolution de la <em>Ligue pour l\u2019imp\u00f4t unique<\/em>.<\/p>\n<p style=\"text-align: justify;\"><strong>1914<\/strong>\u00a0: Darien soutient l\u2019entr\u00e9e en guerre de la France. En ao\u00fbt, il s\u2019installe dans le petit village de Bourron, pr\u00e8s de Fontainebleau. On ne dispose d\u2019aucun renseignement concernant ses activit\u00e9s durant la guerre.<\/p>\n<p style=\"text-align: justify;\"><strong>1919<\/strong>\u00a0: Mort de sa femme.<\/p>\n<p style=\"text-align: justify;\"><strong>1921\u00a0<\/strong>: En avril, mariage avec Julie Delpech, d\u00e9j\u00e0 m\u00e8re d\u2019un de ses enfants. Il meurt le 19 ao\u00fbt.<\/p>\n<p style=\"text-align: justify;\"><strong>1955<\/strong>\u00a0: Red\u00e9couverte de l\u2019\u0153uvre de Darien avec la publication du <em>Voleur<\/em> aux \u00e9ditions Jean-Jacques Pauvert.<\/p>\n<hr \/>\n<p style=\"text-align: justify;\"><strong><a id=\"biblio\"><\/a>Rep\u00e8res bibliographiques<\/strong><\/p>\n<p style=\"text-align: justify;\"><strong>Th\u00e9\u00e2tre<\/strong><\/p>\n<p style=\"text-align: justify;\"><em>Les Chapons, pi\u00e8ce en 1 acte<\/em> (en collaboration avec Lucien Descaves), Paris, Tresse et Stock, 1890.<\/p>\n<p style=\"text-align: justify;\"><em>L<\/em><em>\u2019Ami de l\u2019ordre, drame en 1 acte<\/em>, Paris, Stock, 1898.<\/p>\n<p style=\"text-align: justify;\"><em>Biribi,<\/em> <em>drame en 3 actes<\/em> (en collaboration avec Marcel Lauras), Paris, Fasquelle, 1906.<\/p>\n<p style=\"text-align: justify;\"><em>Th\u00e9\u00e2tre in\u00e9dit<\/em> <em>1<\/em>, Gouy, \u00c0 l\u2019\u00c9cart, 1980 (r\u00e9unit : <em>Le Pain du bon Dieu<\/em>, <em>La Faute obligatoire<\/em> et <em>Le Parvenu<\/em>).<\/p>\n<p style=\"text-align: justify;\"><strong>Pi\u00e8ces in\u00e9dites<\/strong><\/p>\n<p style=\"text-align: justify;\"><em>Bacheli\u00e8re\u00a0!<\/em> (en collaboration avec Gabriel-Albert Aurier), 1891.<\/p>\n<p style=\"text-align: justify;\"><em>La Viande \u00e0 Feu<\/em>, 1907.<\/p>\n<p style=\"text-align: justify;\"><em>Non\u00a0! Elle n\u2019est pas coupable\u00a0!,<\/em> 1909.<\/p>\n<p style=\"text-align: justify;\"><em>Les Mots sur les murs<\/em>, 1910.<\/p>\n<p style=\"text-align: justify;\"><em>Les Murs de J\u00e9richo<\/em>, 1910 (inachev\u00e9e).<\/p>\n<p style=\"text-align: justify;\"><em>Les Gal\u00e9riennes<\/em>, 1910.<\/p>\n<p style=\"text-align: justify;\"><strong>Romans et nouvelles<\/strong><\/p>\n<p style=\"text-align: justify;\"><em>Bas les c\u0153urs\u00a0! 1870<\/em><em>&#8211;<\/em><em>1871<\/em>, Paris, Savine, 1889.<\/p>\n<p style=\"text-align: justify;\"><em>Florentine<\/em> (nouvelle), Paris, <em>Revue Ind\u00e9pendante<\/em>, 1890 (r\u00e9\u00e9d. Bordeaux, Finitude, 2002).<\/p>\n<p style=\"text-align: justify;\"><em>Les Pharisiens<\/em>, Paris, Genonceaux, 1891.<\/p>\n<p style=\"text-align: justify;\"><em>Le Voleur<\/em>, Paris, Stock, 1898.<\/p>\n<p style=\"text-align: justify;\"><em>Gottlieb Krumm, made in England<\/em>, Londres, Everett &amp; C\u00b0, 1904 (roman \u00e9crit en anglais, trad. par Walter Redfern, Paris, Jean-Jacques Pauvert, 1987).<\/p>\n<p style=\"text-align: justify;\"><em>L<\/em><em>\u2019\u00c9paulette\u00a0: souvenirs d\u2019un officier<\/em>, Paris, Fasquelle, 1905.<\/p>\n<p style=\"text-align: justify;\">Un volume r\u00e9unit l\u2019ensemble des romans de Darien\u00a0: <em>Voleurs\u00a0!,<\/em> pr\u00e9f. de Jean-Jacques Pauvert, Paris, Omnibus, 1994 (r\u00e9unit\u00a0: <em>Biribi<\/em>, <em>Bas les c\u0153urs\u00a0!<\/em>, <em>Le Voleur<\/em>, <em>L<\/em><em>\u2019\u00c9paulette<\/em>, <em>Les Pharisiens<\/em>, <em>Gottlieb Krumm<\/em>, <em>La Belle France<\/em>).<\/p>\n<p style=\"text-align: justify;\"><strong>Essais<\/strong><\/p>\n<p style=\"text-align: justify;\"><em>Can we disarm\u00a0? <\/em>(en collaboration avec Joseph McCabe), Londres, William Heinemann, 1899.<\/p>\n<p style=\"text-align: justify;\"><em>L<\/em><em>es Vrais Sous<\/em><em>&#8211;<\/em><em>Offs\u00a0<\/em>: <em>r\u00e9ponse \u00e0 M.\u00a0Descaves<\/em> (en collaboration avec \u00c9douard Dubus), Paris, Savine, 1890.<\/p>\n<p style=\"text-align: justify;\"><em>La Belle France<\/em>, Paris, Stock, 1900.<\/p>\n<p style=\"text-align: justify;\"><em>L<\/em><em>\u2019Ennemi du peuple<\/em>, pr\u00e9c\u00e9d\u00e9 de <em>Cr\u00e8ve la d\u00e9mocratie\u00a0!<\/em>, Paris, Champ libre, 1972 (recueil d\u2019articles).<\/p>\n<p style=\"text-align: justify;\"><strong>Revues<\/strong><\/p>\n<p style=\"text-align: justify;\">Cr\u00e9ation de <em>L<\/em><em>\u2019Escarmouche<\/em>, hebdomadaire dont il est l\u2019unique r\u00e9dacteur, en novembre 1893\u00a0; la publication s\u2019interrompt en mars 1894. Dix num\u00e9ros parurent, int\u00e9gralement r\u00e9dig\u00e9s par Darien et illustr\u00e9s par Steinlen, Toulouse-Lautrec, Bonnard, Ibels, Vuillard, etc.<\/p>\n<p style=\"text-align: justify;\">Collaborations r\u00e9guli\u00e8res \u00e0 partir d\u2019ao\u00fbt 1903 \u00e0 l\u2019<em>Ennemi du peuple<\/em>, bimensuel anarchiste dirig\u00e9 par \u00c9mile Janvion. La revue cesse de para\u00eetre en d\u00e9cembre 1904 \u00e0 la suite d\u2019une violente pol\u00e9mique opposant Darien et Charles Malato, \u00e9crivain et journaliste anarchiste.<\/p>\n<p style=\"text-align: justify;\">Publication avec \u00c9mile Janvion du bimensuel <em>La Terre libre,<\/em> \u00ab\u00a0organe d\u2019action syndicale\u00a0\u00bb, en r\u00e9alit\u00e9, anti-franc-ma\u00e7on et antis\u00e9mite, en 1909. Soixante-sept num\u00e9ros voient le jour, de novembre 1909 \u00e0 mai 1914.<\/p>\n<p style=\"text-align: justify;\">Publication de la <em>Revue de l\u2019imp\u00f4t unique<\/em>, 11 num\u00e9ros de juillet 1911 \u00e0 mai 1913.<\/p>\n<p style=\"text-align: justify;\"><strong>\u00c9tudes critiques<\/strong><\/p>\n<p style=\"text-align: justify;\">Auriant (pseudonyme de Alexandre Hadjivassiliou), <em>Trois fragments de la vie de Georges Darien<\/em>, Gouy, \u00c0 l\u2019\u00c9cart, 1990.<\/p>\n<p style=\"text-align: justify;\">Auriant, <em>Darien et l\u2019inhumaine com\u00e9die<\/em>, Bruxelles, Ambassade du Livre, s.d. [1962].<\/p>\n<p style=\"text-align: justify;\">Breton Andr\u00e9, \u00ab\u00a0Darien le maudit\u00a0\u00bb, <em>Arts<\/em>, 11 mai 1955 (article ayant servi de pr\u00e9face \u00e0 plusieurs \u00e9ditions du <em>Voleur<\/em> et recueilli dans <em>Perspective cavali\u00e8re<\/em>, Paris, Gallimard, 1970).<\/p>\n<p style=\"text-align: justify;\">Bosc David, <em>Georges Darien<\/em>, Aix-en-Provence, Sulliver, 1996.<\/p>\n<p style=\"text-align: justify;\">Feys Janine, <em>La Repr\u00e9sentation de la soci\u00e9t\u00e9 dans les romans de Darien<\/em>, th\u00e8se de troisi\u00e8me cycle, Universit\u00e9 de Paris VII, 1974.<\/p>\n<p style=\"text-align: justify;\">Gr\u00e9au Valia, <em>Georges Darien et l\u2019anarchisme litt\u00e9raire<\/em>, Tusson, Du L\u00e9rot, 2002.<\/p>\n<p style=\"text-align: justify;\">Redfern Walter David, <em>Georges Darien\u00a0: robbery and private enterprise<\/em>, Amsterdam, Rodopi, 1985.<\/p>\n<p style=\"text-align: justify;\">stock Pierre-Victor, <em>Memorandum d\u2019un \u00e9diteur<\/em>, Stock, Delamain et Boutelleau, 1935 (contient des lettres de Darien \u00e0 ses \u00e9diteurs Albert Savine et Stock).<\/p>\n<p style=\"text-align: justify;\">Terrone Patrice, <em>L<\/em><em>\u2019Individu dans l\u2019\u0153uvre romanesque de Georges Darien<\/em>, th\u00e8se, Universit\u00e9 de Grenoble III, 1992.<\/p>\n<p style=\"text-align: justify;\"><strong>Adaptation cin\u00e9matographique<\/strong><\/p>\n<p style=\"text-align: justify;\"><em>Biribi<\/em>, film franco-tunisien r\u00e9alis\u00e9 par Daniel Moosmann en 1970, avec Bruno Cr\u00e9mer, Georges G\u00e9ret et Pierre Vaneck, sorti le 2 juin 1971.<\/p>\n","protected":false},"excerpt":{"rendered":"<p>Georges Darien aux \u00e9ditions Sillage : Biribi 1862\u00a0: Le 6 avril, naissance de Georges-Hippolyte Adrien, \u00e0 Paris, fils d\u2019Honor\u00e9 Adrien, marchand de nouveaut\u00e9s issu d\u2019une vieille famille protestante, et de Fran\u00e7oise Chatel. 1869\u00a0: Mort de sa m\u00e8re. Son p\u00e8re se remarie avec \u00c9lise-Antoinette Schlumberger, une protestante tr\u00e8s d\u00e9vote avec laquelle l\u2019enfant ne s\u2019entend pas. 1871-1880\u00a0: [&hellip;]<\/p>\n","protected":false},"author":1,"featured_media":0,"parent":0,"menu_order":0,"comment_status":"closed","ping_status":"closed","template":"","meta":{"footnotes":""},"class_list":["post-1713","page","type-page","status-publish","hentry"],"_links":{"self":[{"href":"https:\/\/editions-sillage.fr\/index.php?rest_route=\/wp\/v2\/pages\/1713","targetHints":{"allow":["GET"]}}],"collection":[{"href":"https:\/\/editions-sillage.fr\/index.php?rest_route=\/wp\/v2\/pages"}],"about":[{"href":"https:\/\/editions-sillage.fr\/index.php?rest_route=\/wp\/v2\/types\/page"}],"author":[{"embeddable":true,"href":"https:\/\/editions-sillage.fr\/index.php?rest_route=\/wp\/v2\/users\/1"}],"replies":[{"embeddable":true,"href":"https:\/\/editions-sillage.fr\/index.php?rest_route=%2Fwp%2Fv2%2Fcomments&post=1713"}],"version-history":[{"count":6,"href":"https:\/\/editions-sillage.fr\/index.php?rest_route=\/wp\/v2\/pages\/1713\/revisions"}],"predecessor-version":[{"id":2484,"href":"https:\/\/editions-sillage.fr\/index.php?rest_route=\/wp\/v2\/pages\/1713\/revisions\/2484"}],"wp:attachment":[{"href":"https:\/\/editions-sillage.fr\/index.php?rest_route=%2Fwp%2Fv2%2Fmedia&parent=1713"}],"curies":[{"name":"wp","href":"https:\/\/api.w.org\/{rel}","templated":true}]}}