{"id":1709,"date":"2017-07-20T10:31:14","date_gmt":"2017-07-20T08:31:14","guid":{"rendered":"http:\/\/editions-sillage.fr\/?page_id=1709"},"modified":"2017-07-20T17:04:15","modified_gmt":"2017-07-20T15:04:15","slug":"jean-cassou","status":"publish","type":"page","link":"https:\/\/editions-sillage.fr\/?page_id=1709","title":{"rendered":"Jean Cassou"},"content":{"rendered":"<blockquote>\n<p>Jean Cassou aux \u00e9ditions Sillage :<\/p>\n<ul>\n<li><a href=\"http:\/\/editions-sillage.fr\/?p=1589\"><em>La M\u00e9moire courte <\/em><\/a><\/li>\n<\/ul>\n<\/blockquote>\n<p style=\"text-align: justify;\"><strong><img loading=\"lazy\" decoding=\"async\" class=\"size-full wp-image-1801 alignright\" src=\"http:\/\/editions-sillage.fr\/wp-content\/uploads\/2017\/07\/Cassou.jpg\" alt=\"\" width=\"200\" height=\"270\" srcset=\"https:\/\/editions-sillage.fr\/wp-content\/uploads\/2017\/07\/Cassou.jpg 200w, https:\/\/editions-sillage.fr\/wp-content\/uploads\/2017\/07\/Cassou-111x150.jpg 111w\" sizes=\"auto, (max-width: 200px) 100vw, 200px\" \/><\/strong>1897\u202f: Naissance de Jean Cassou, le 9 juillet, \u00e0 Bilbao, d\u2019un p\u00e8re b\u00e9arnais \u00e9migr\u00e9 au Mexique et d\u2019une m\u00e8re andalouse.<\/p>\n<p style=\"text-align: justify;\">1917-1919\u202f: Il collabore \u00e0 des revues litt\u00e9raires d\u2019avant-garde\u00a0\u2013 dont certaines qu\u2019il a cr\u00e9\u00e9es (<em>Le Scarab\u00e9e<\/em>, <em>Les Lettres parisiennes<\/em>)\u00a0\u2013 et s\u2019int\u00e9resse \u00e0 l\u2019art moderne. Il devient secr\u00e9taire de l\u2019\u00e9crivain Pierre Lou\u00ffs.<\/p>\n<p style=\"text-align: justify;\">1921\u202f: Il re\u00e7oit la responsabilit\u00e9 de la chronique \u00ab\u00a0Lettres espagnoles\u00a0\u00bb au <em>Mercure de France<\/em>.<\/p>\n<p style=\"text-align: justify;\">1922-1930\u202f: Entr\u00e9 au minist\u00e8re de l\u2019\u00c9ducation natio-nale gr\u00e2ce \u00e0 l\u2019appui du ministre mod\u00e9r\u00e9 L\u00e9on B\u00e9rard, b\u00e9arnais comme lui, Jean Cassou fr\u00e9quente le monde de la peinture et publie de nombreux articles sur l\u2019art ou sur la litt\u00e9rature hispanique, ainsi que ses premiers romans\u00a0: <em>\u00c9loge de la folie<\/em> en 1925, <em>Les Harmonies viennoises<\/em> en 1926. Il fait \u00e9galement para\u00eetre des traductions de l\u2019espagnol, notamment les <em>Nouvelles exemplaires<\/em> de Cervant\u00e8s, en 1928, aux \u00e9ditions de la Pl\u00e9iade de Jacques Schiffrin, et plusieurs livres de Miguel de Unamuno (<em>L<\/em>\u202f<em>\u2019Agonie du christianisme<\/em>, <em>Trois nouvelles exemplaires et un prologue<\/em>, <em>Comment on fait un roman<\/em>\u2026) aux \u00e9ditions Rieder et aux \u00e9ditions du Sagittaire.<\/p>\n<p style=\"text-align: justify;\">1930-1935\u202f: Sa situation officielle s\u2019am\u00e9liore\u00a0: il devient inspecteur des Monuments historiques en 1932.<\/p>\n<p style=\"text-align: justify;\">1936-1937\u202f: Jean Cassou est membre du cabinet de Jean Zay, ministre de l\u2019\u00c9ducation nationale dans le gouvernement de Front populaire, pour y suivre le domaine des arts plastiques. R\u00e9dacteur en chef de la revue <em>Europe<\/em>, il multiplie, apr\u00e8s le coup d\u2019\u00c9tat de Franco, les prises de position en faveur de l\u2019Espagne r\u00e9publicaine, qu\u2019il visite en juillet 1936.<\/p>\n<p style=\"text-align: justify;\">1938\u202f: Il est nomm\u00e9 conservateur-adjoint du mus\u00e9e du Luxembourg, poste dont il est r\u00e9voqu\u00e9 par Vichy en septembre 1940.<\/p>\n<p style=\"text-align: justify;\">Automne 1940\u202f: Il participe au r\u00e9seau de r\u00e9sistance cr\u00e9\u00e9 par Boris Vild\u00e9 et Alexandre Lewitsky au sein du mus\u00e9e de l\u2019Homme.<\/p>\n<p style=\"text-align: justify;\">1941\u202f: Ayant rejoint Toulouse, o\u00f9 il retrouve notamment son beau-fr\u00e8re, le philosophe Vladimir Jank\u00e9l\u00e9vitch, il s\u2019implique dans l\u2019action r\u00e9sistante dans le r\u00e9seau anim\u00e9 par Pierre Bertaux. Il est arr\u00eat\u00e9 en d\u00e9cembre et mis au secret. Dans sa prison, il \u00e9crit les <em>Trente<\/em><em>&#8211;<\/em><em>trois sonnets compos\u00e9s au secret<\/em>, publi\u00e9s dans la clandestinit\u00e9, sous le pseudonyme de Jean Noir, par les \u00e9ditions de Minuit, avec une pr\u00e9face de Fran\u00e7ois La Col\u00e8re (Louis Aragon).<\/p>\n<p style=\"text-align: justify;\">1942-1944\u202f: Lib\u00e9r\u00e9 en f\u00e9vrier 1942, il sera \u00e0 nouveau intern\u00e9 de juillet 1942 \u00e0 juin 1943. Pass\u00e9 dans la clandestinit\u00e9, il est charg\u00e9 de coordonner l\u2019action des forces r\u00e9sistantes du Sud-Ouest et pr\u00e9pare la Lib\u00e9ration, lors de laquelle il doit occuper les fonctions de commissaire de la R\u00e9publique (sorte de super-pr\u00e9fet) \u00e0 Toulouse. Tr\u00e8s gri\u00e8vement bless\u00e9 par les Allemands \u00e0 la veille de la lib\u00e9ration de la ville, il re\u00e7oit en septembre, sur son lit d\u2019h\u00f4pital, la croix de Compagnon de la Lib\u00e9ration des mains du g\u00e9n\u00e9ral de Gaulle.<\/p>\n<p style=\"text-align: justify;\">Octobre 1945\u202f: Il d\u00e9missionne de l\u2019administration pr\u00e9fectorale pour devenir directeur du mus\u00e9e d\u2019Art moderne, poste qu\u2019il occupe jusqu\u2019en 1965. Sous son impulsion, le mus\u00e9e, install\u00e9 au Palais de Tokyo en 1947, s\u2019enrichit d\u2019\u0153uvres de Picasso, Matisse, Rouault, Braque, etc.<\/p>\n<p style=\"text-align: justify;\">F\u00e9vrier 1946\u202f: Il devient pr\u00e9sident du Comit\u00e9 national des \u00e9crivains, organisme n\u00e9 dans la R\u00e9sistance et entr\u00e9 dans le sillage du parti communiste.<\/p>\n<p style=\"text-align: justify;\">D\u00e9cembre 1949\u202f: Rupture avec le parti communiste \u00e0 propos de l\u2019affaire yougoslave (voir note 1, p. 98). Il est insult\u00e9 par la presse communiste.<\/p>\n<p style=\"text-align: justify;\">1953\u202f: Les \u00e9ditions de Minuit publient <em>La M\u00e9moire courte<\/em>, r\u00e9ponse de Jean Cassou \u00e0 la <em>Lettre aux directeurs de la R\u00e9sistance<\/em> de Jean Paulhan, \u00e9dit\u00e9es par ces m\u00eames \u00e9ditions deux ans plus t\u00f4t.<\/p>\n<p style=\"text-align: justify;\">1954-1965\u202f: Jean Cassou organise au Palais de Tokyo de grandes expositions\u202f: en 1960, \u00ab\u00a0Les Sources du xx<sup>e<\/sup> si\u00e8cle\u00a0\u00bb dont le sous-titre, \u00ab\u00a0Les Arts en Europe de 1884 \u00e0 1914\u00a0\u00bb, souligne l\u2019ampleur.<\/p>\n<p style=\"text-align: justify;\">1964\u202f: Il est \u00e9lu membre de l\u2019Acad\u00e9mie royale de Belgique, au fauteuil pr\u00e9c\u00e9demment occup\u00e9 par Jean Cocteau.<\/p>\n<p style=\"text-align: justify;\">1965-1970\u202f: Il devient directeur d\u2019\u00e9tudes \u00e0 l\u2019\u00c9cole pratique des hautes \u00e9tudes.<\/p>\n<p style=\"text-align: justify;\">1971-1983\u202f: Tout en continuant \u00e0 participer au d\u00e9bat public sur l\u2019art moderne, Jean Cassou cumule d\u00e9corations et hommages officiels (Grand Prix national des lettres en 1971, plaque de grand-officier de la L\u00e9gion d\u2019Honneur en 1982, Grand Prix de la Soci\u00e9t\u00e9 des gens de lettres et m\u00e9daille d\u2019or du M\u00e9rite espagnol des Beaux-Arts en 1983).<\/p>\n<p style=\"text-align: justify;\">1986\u202f: Mort de Jean Cassou, le 16 janvier.<\/p>\n<hr \/>\n<p style=\"text-align: justify;\"><strong><a id=\"biblio \"><\/a>Rep\u00e8res bibliographiques<\/strong><\/p>\n<p style=\"text-align: justify;\">On trouvera une importante bibliographie de l\u2019\u0153uvre de Jean Cassou, \u00e9tablie par Madeleine Colomb et Sandra Persuy, dans le catalogue de l\u2019exposition qui s\u2019est tenue \u00e0 la Biblioth\u00e8que nationale entre mars et juin 1995\u00a0: Florence De Lussy (dir.), <em>Jean Cassou. Un mus\u00e9e imagin\u00e9<\/em>, Paris, Biblioth\u00e8que nationale de France\/Centre Georges-Pompidou, 1995.<\/p>\n<p style=\"text-align: justify;\"><strong>\u0152uvres disponibles de Jean Cassou<\/strong><\/p>\n<p style=\"text-align: justify;\">Cervant\u00e8s, <em>Nouvelles exemplaires<\/em>, traduction et \u00e9dition de Jean Cassou, Paris, Gallimard, 1981.<\/p>\n<p style=\"text-align: justify;\"><em>Les Inconnus dans la cave<\/em>, Paris, Gallimard, 1984.<\/p>\n<p style=\"text-align: justify;\"><em>Les Massacres de Paris<\/em>, Paris, Gallimard, 1935.<\/p>\n<p style=\"text-align: justify;\"><em>Musique mise en paroles<\/em>, Mortemart, Rougerie, 2015.<\/p>\n<p style=\"text-align: justify;\"><em>Trente<\/em><em>&#8211;<\/em><em>trois sonnets compos\u00e9s au secret<\/em>, Paris, \u00c9ditions de Minuit, 1944\u00a0; nouvelle \u00e9dition pr\u00e9sent\u00e9e par Florence de Lussy, Paris, Gallimard, 1995.<\/p>\n<p style=\"text-align: justify;\"><em>Une vie pour la Libert\u00e9<\/em>, Paris, Robert Laffont, 1981.<\/p>\n<p style=\"text-align: justify;\"><em>Le Voisinage des cavernes<\/em>, Paris, Albin Michel, 1971.<\/p>\n<p style=\"text-align: justify;\"><strong>Vichy, l\u2019Occupation, la R\u00e9sistance<\/strong><\/p>\n<p style=\"text-align: justify;\">Az\u00e9ma (Jean-Pierre), <em>De Munich \u00e0 la Lib\u00e9ration<\/em>, Paris, Seuil, 1979.<\/p>\n<p style=\"text-align: justify;\">Baruch (Marc Olivier), <em>Le R\u00e9gime de Vichy\u00a0: 1940<\/em><em>&#8211;<\/em><em>1944<\/em>, Paris, Tallandier, 2017.<\/p>\n<p style=\"text-align: justify;\">Burrin (Philippe), <em>La France \u00e0 l\u2019heure allemande<\/em>, Paris, Seuil, 1995.<\/p>\n<p style=\"text-align: justify;\">Douzou (Laurent), <em>La R\u00e9sistance fran\u00e7aise, une histoire p\u00e9rilleuse<\/em>, Paris, Seuil, 2003.<\/p>\n<p style=\"text-align: justify;\">Laborie (Pierre), <em>Les Fran\u00e7ais des ann\u00e9es troubles\u00a0: de la guerre d\u2019Espagne \u00e0 la Lib\u00e9ration<\/em>, Paris, Descl\u00e9e, 2001.<\/p>\n<p style=\"text-align: justify;\">Marcot (Fran\u00e7ois), avec la collaboration de Bruno Leroux et Christine Levisse-Touz\u00e9, <em>Dictionnaire historique de la R\u00e9sistance<\/em>, Paris, Robert Laffont, 2006.<\/p>\n<p style=\"text-align: justify;\">Wieviorka (Olivier), <em>Histoire de la R\u00e9sistance : 1940<\/em><em>&#8211;<\/em><em>1944<\/em>, Paris, Perrin, 2013.<\/p>\n<p style=\"text-align: justify;\"><strong>Les Enjeux artistiques et litt\u00e9raires sous l\u2019Occupation et la Lib\u00e9ration<\/strong><\/p>\n<p style=\"text-align: justify;\">Bertrand-Dorl\u00e9ac (Laurence), <em>L<\/em>\u202f<em>\u2019Art de la d\u00e9faite. 1940<\/em><em>&#8211;<\/em><em>1944<\/em>, Paris, Seuil, 1993.<\/p>\n<p style=\"text-align: justify;\">Bertrand-Dorl\u00e9ac (Laurence) et Munck (Jacqueline), <em>L<\/em><em>\u202f<\/em><em>\u2019<\/em><em>Art en guerre\u00a0: France 1938<\/em><em>&#8211;<\/em><em>1947<\/em>, Paris, Paris-Mus\u00e9es, 2012.<\/p>\n<p style=\"text-align: justify;\">Sapiro (Gis\u00e8le), <em>La Guerre des \u00e9crivains. 1940<\/em><em>&#8211;<\/em><em>1953<\/em>, Paris, Fayard, 1999.<\/p>\n<p style=\"text-align: justify;\">Simonin (Anne), <em>Les \u00c9ditions de Minuit. 1942<\/em><em>&#8211;<\/em><em>1955. Le devoir d\u2019insoumission<\/em>, Paris, Imec \u00c9ditions, 1994.<\/p>\n<p style=\"text-align: justify;\">Simonin (Anne), \u00ab\u00a0La <em>Lettre aux directeurs de la R\u00e9sistance<\/em> de Jean Paulhan ; pour une rh\u00e9torique de l\u2019engagement\u00a0\u00bb, in Antoine de Baecque (dir.), <em>Les \u00c9crivains face \u00e0 l\u2019histoire<\/em>, Paris, BPI, 1998.<\/p>\n<p style=\"text-align: justify;\"><strong>T\u00e9moignages et analyses sur la R\u00e9sistance<\/strong><\/p>\n<p style=\"text-align: justify;\">d\u2019Aragon (Charles), <em>La R\u00e9sistance sans h\u00e9ro\u00efsme<\/em>, Paris, Seuil, 1977.<\/p>\n<p style=\"text-align: justify;\">Bourdet (Claude), <em>L<\/em>\u202f<em>\u2019Aventure incertaine<\/em>, Paris, Stock, 1975.<\/p>\n<p style=\"text-align: justify;\">Cordier (Daniel), <em>Alias Caracalla<\/em>, Paris, Gallimard, 2009.<\/p>\n<p style=\"text-align: justify;\">Jank\u00e9l\u00e9vitch (Vladimir), <em>L<\/em>\u202f<em>\u2019Esprit de r\u00e9sistance\u00a0: textes in\u00e9dits 1943<\/em><em>&#8211;<\/em><em>1983<\/em>, Paris, Albin Michel, 2015.<\/p>\n<p style=\"text-align: justify;\">Vild\u00e9 (Boris), <em>Journal et lettres de prison<\/em>, pr\u00e9sent\u00e9s par Fran\u00e7ois B\u00e9darida et Dominique Veillon, Paris, Allia, 1997.<\/p>\n<p style=\"text-align: justify;\"><strong>Po\u00e9sie et R\u00e9sistance<\/strong><\/p>\n<p style=\"text-align: justify;\">***, <em>L<\/em>\u202f<em>\u2019Honneur des po\u00e8tes<\/em>, Paris, \u00c9ditions de Minuit, 1943.<\/p>\n<p style=\"text-align: justify;\">Aragon (Louis), <em>La Diane fran\u00e7aise<\/em>, Paris, Seghers, 1993.<\/p>\n<p style=\"text-align: justify;\">\u00c9luard (Paul), <em>Au rendez<\/em><em>&#8211;<\/em><em>vous allemand<\/em>, Paris, \u00c9ditions de Minuit, 1945.<\/p>\n<p style=\"text-align: justify;\">Seghers (Pierre), <em>La R\u00e9sistance et ses po\u00e8tes<\/em>, Paris, Seghers, 1970.<\/p>\n","protected":false},"excerpt":{"rendered":"<p>Jean Cassou aux \u00e9ditions Sillage : La M\u00e9moire courte 1897\u202f: Naissance de Jean Cassou, le 9 juillet, \u00e0 Bilbao, d\u2019un p\u00e8re b\u00e9arnais \u00e9migr\u00e9 au Mexique et d\u2019une m\u00e8re andalouse. 1917-1919\u202f: Il collabore \u00e0 des revues litt\u00e9raires d\u2019avant-garde\u00a0\u2013 dont certaines qu\u2019il a cr\u00e9\u00e9es (Le Scarab\u00e9e, Les Lettres parisiennes)\u00a0\u2013 et s\u2019int\u00e9resse \u00e0 l\u2019art moderne. Il devient secr\u00e9taire [&hellip;]<\/p>\n","protected":false},"author":1,"featured_media":0,"parent":0,"menu_order":0,"comment_status":"closed","ping_status":"closed","template":"","meta":{"footnotes":""},"class_list":["post-1709","page","type-page","status-publish","hentry"],"_links":{"self":[{"href":"https:\/\/editions-sillage.fr\/index.php?rest_route=\/wp\/v2\/pages\/1709","targetHints":{"allow":["GET"]}}],"collection":[{"href":"https:\/\/editions-sillage.fr\/index.php?rest_route=\/wp\/v2\/pages"}],"about":[{"href":"https:\/\/editions-sillage.fr\/index.php?rest_route=\/wp\/v2\/types\/page"}],"author":[{"embeddable":true,"href":"https:\/\/editions-sillage.fr\/index.php?rest_route=\/wp\/v2\/users\/1"}],"replies":[{"embeddable":true,"href":"https:\/\/editions-sillage.fr\/index.php?rest_route=%2Fwp%2Fv2%2Fcomments&post=1709"}],"version-history":[{"count":4,"href":"https:\/\/editions-sillage.fr\/index.php?rest_route=\/wp\/v2\/pages\/1709\/revisions"}],"predecessor-version":[{"id":1803,"href":"https:\/\/editions-sillage.fr\/index.php?rest_route=\/wp\/v2\/pages\/1709\/revisions\/1803"}],"wp:attachment":[{"href":"https:\/\/editions-sillage.fr\/index.php?rest_route=%2Fwp%2Fv2%2Fmedia&parent=1709"}],"curies":[{"name":"wp","href":"https:\/\/api.w.org\/{rel}","templated":true}]}}